{"id":11857,"date":"2025-05-13T15:59:56","date_gmt":"2025-05-13T15:59:56","guid":{"rendered":"https:\/\/fotorosta.cz\/?page_id=11857"},"modified":"2025-05-13T15:59:56","modified_gmt":"2025-05-13T15:59:56","slug":"odhaleni-noveho-pomniku-na-cupech","status":"publish","type":"page","link":"https:\/\/fotorosta.cz\/?page_id=11857","title":{"rendered":"Odhalen\u00ed nov\u00e9ho pomn\u00edku na &#8222;\u010cupech&#8220;"},"content":{"rendered":"\n<!-- default-view.php -->\n<div\n\tclass=\"ngg-galleryoverview default-view  ngg-ajax-pagination-none\"\n\tid=\"ngg-gallery-5f8809419dcc0f630d77936d34a7baae-1\">\n\n\t\t<!-- Thumbnails -->\n\t\t\t\t<div id=\"ngg-image-0\" class=\"ngg-gallery-thumbnail-box \" >\n\t\t\t\t        <div class=\"ngg-gallery-thumbnail\">\n            <a href=\"https:\/\/fotorosta.cz\/wp-content\/gallery\/pomnik-2025\/103-Pietni-akt.JPG\"\n               title=\"\"\n               data-src=\"https:\/\/fotorosta.cz\/wp-content\/gallery\/pomnik-2025\/103-Pietni-akt.JPG\"\n               data-thumbnail=\"https:\/\/fotorosta.cz\/wp-content\/gallery\/pomnik-2025\/thumbs\/thumbs_103-Pietni-akt.JPG\"\n               data-image-id=\"55280\"\n               data-title=\"103-Pietni-akt\"\n               data-description=\"\"\n               data-image-slug=\"103-pietni-akt\"\n               class=\"shutterset_5f8809419dcc0f630d77936d34a7baae\">\n                <img\n                    title=\"103-Pietni-akt\"\n                    alt=\"103-Pietni-akt\"\n                    src=\"https:\/\/fotorosta.cz\/wp-content\/gallery\/pomnik-2025\/thumbs\/thumbs_103-Pietni-akt.JPG\"\n                    width=\"100\"\n                    height=\"75\"\n                    style=\"max-width:100%;\"\n                \/>\n            <\/a>\n        <\/div>\n\t\t\t\t\t\t\t<\/div> \n\t\t\t\n\t\t\t\t<div id=\"ngg-image-1\" class=\"ngg-gallery-thumbnail-box \" >\n\t\t\t\t        <div class=\"ngg-gallery-thumbnail\">\n            <a href=\"https:\/\/fotorosta.cz\/wp-content\/gallery\/pomnik-2025\/105-Pietni-akt.JPG\"\n               title=\"\"\n               data-src=\"https:\/\/fotorosta.cz\/wp-content\/gallery\/pomnik-2025\/105-Pietni-akt.JPG\"\n               data-thumbnail=\"https:\/\/fotorosta.cz\/wp-content\/gallery\/pomnik-2025\/thumbs\/thumbs_105-Pietni-akt.JPG\"\n               data-image-id=\"55281\"\n               data-title=\"105-Pietni-akt\"\n               data-description=\"\"\n               data-image-slug=\"105-pietni-akt\"\n               class=\"shutterset_5f8809419dcc0f630d77936d34a7baae\">\n                <img\n                    title=\"105-Pietni-akt\"\n                    alt=\"105-Pietni-akt\"\n                    src=\"https:\/\/fotorosta.cz\/wp-content\/gallery\/pomnik-2025\/thumbs\/thumbs_105-Pietni-akt.JPG\"\n                    width=\"100\"\n                    height=\"75\"\n                    style=\"max-width:100%;\"\n                \/>\n            <\/a>\n        <\/div>\n\t\t\t\t\t\t\t<\/div> \n\t\t\t\n\t\t\t\t<div id=\"ngg-image-2\" class=\"ngg-gallery-thumbnail-box \" >\n\t\t\t\t        <div class=\"ngg-gallery-thumbnail\">\n            <a href=\"https:\/\/fotorosta.cz\/wp-content\/gallery\/pomnik-2025\/101-Pietni-akt.JPG\"\n               title=\"\"\n               data-src=\"https:\/\/fotorosta.cz\/wp-content\/gallery\/pomnik-2025\/101-Pietni-akt.JPG\"\n               data-thumbnail=\"https:\/\/fotorosta.cz\/wp-content\/gallery\/pomnik-2025\/thumbs\/thumbs_101-Pietni-akt.JPG\"\n               data-image-id=\"55282\"\n               data-title=\"101-Pietni-akt\"\n               data-description=\"\"\n               data-image-slug=\"101-pietni-akt\"\n               class=\"shutterset_5f8809419dcc0f630d77936d34a7baae\">\n                <img\n                    title=\"101-Pietni-akt\"\n                    alt=\"101-Pietni-akt\"\n                    src=\"https:\/\/fotorosta.cz\/wp-content\/gallery\/pomnik-2025\/thumbs\/thumbs_101-Pietni-akt.JPG\"\n                    width=\"100\"\n                    height=\"75\"\n                    style=\"max-width:100%;\"\n                \/>\n            <\/a>\n        <\/div>\n\t\t\t\t\t\t\t<\/div> \n\t\t\t\n\t\t\t\t<div id=\"ngg-image-3\" class=\"ngg-gallery-thumbnail-box \" >\n\t\t\t\t        <div class=\"ngg-gallery-thumbnail\">\n            <a href=\"https:\/\/fotorosta.cz\/wp-content\/gallery\/pomnik-2025\/102-Pietni-akt.JPG\"\n               title=\"\"\n               data-src=\"https:\/\/fotorosta.cz\/wp-content\/gallery\/pomnik-2025\/102-Pietni-akt.JPG\"\n               data-thumbnail=\"https:\/\/fotorosta.cz\/wp-content\/gallery\/pomnik-2025\/thumbs\/thumbs_102-Pietni-akt.JPG\"\n               data-image-id=\"55283\"\n               data-title=\"102-Pietni-akt\"\n               data-description=\"\"\n               data-image-slug=\"102-pietni-akt\"\n               class=\"shutterset_5f8809419dcc0f630d77936d34a7baae\">\n                <img\n                    title=\"102-Pietni-akt\"\n                    alt=\"102-Pietni-akt\"\n                    src=\"https:\/\/fotorosta.cz\/wp-content\/gallery\/pomnik-2025\/thumbs\/thumbs_102-Pietni-akt.JPG\"\n                    width=\"100\"\n                    height=\"75\"\n                    style=\"max-width:100%;\"\n                \/>\n            <\/a>\n        <\/div>\n\t\t\t\t\t\t\t<\/div> \n\t\t\t\n\t\t\t\t<div id=\"ngg-image-4\" class=\"ngg-gallery-thumbnail-box \" >\n\t\t\t\t        <div class=\"ngg-gallery-thumbnail\">\n            <a href=\"https:\/\/fotorosta.cz\/wp-content\/gallery\/pomnik-2025\/100-Pietni-akt.JPG\"\n               title=\"\"\n               data-src=\"https:\/\/fotorosta.cz\/wp-content\/gallery\/pomnik-2025\/100-Pietni-akt.JPG\"\n               data-thumbnail=\"https:\/\/fotorosta.cz\/wp-content\/gallery\/pomnik-2025\/thumbs\/thumbs_100-Pietni-akt.JPG\"\n               data-image-id=\"55284\"\n               data-title=\"100-Pietni-akt\"\n               data-description=\"\"\n               data-image-slug=\"100-pietni-akt\"\n               class=\"shutterset_5f8809419dcc0f630d77936d34a7baae\">\n                <img\n                    title=\"100-Pietni-akt\"\n                    alt=\"100-Pietni-akt\"\n                    src=\"https:\/\/fotorosta.cz\/wp-content\/gallery\/pomnik-2025\/thumbs\/thumbs_100-Pietni-akt.JPG\"\n                    width=\"100\"\n                    height=\"75\"\n                    style=\"max-width:100%;\"\n                \/>\n            <\/a>\n        <\/div>\n\t\t\t\t\t\t\t<\/div> \n\t\t\t\n\t\t\t\t<div id=\"ngg-image-5\" class=\"ngg-gallery-thumbnail-box \" >\n\t\t\t\t        <div class=\"ngg-gallery-thumbnail\">\n            <a href=\"https:\/\/fotorosta.cz\/wp-content\/gallery\/pomnik-2025\/104-Pietni-akt.JPG\"\n               title=\"\"\n               data-src=\"https:\/\/fotorosta.cz\/wp-content\/gallery\/pomnik-2025\/104-Pietni-akt.JPG\"\n               data-thumbnail=\"https:\/\/fotorosta.cz\/wp-content\/gallery\/pomnik-2025\/thumbs\/thumbs_104-Pietni-akt.JPG\"\n               data-image-id=\"55285\"\n               data-title=\"104-Pietni-akt\"\n               data-description=\"\"\n               data-image-slug=\"104-pietni-akt\"\n               class=\"shutterset_5f8809419dcc0f630d77936d34a7baae\">\n                <img\n                    title=\"104-Pietni-akt\"\n                    alt=\"104-Pietni-akt\"\n                    src=\"https:\/\/fotorosta.cz\/wp-content\/gallery\/pomnik-2025\/thumbs\/thumbs_104-Pietni-akt.JPG\"\n                    width=\"100\"\n                    height=\"75\"\n                    style=\"max-width:100%;\"\n                \/>\n            <\/a>\n        <\/div>\n\t\t\t\t\t\t\t<\/div> \n\t\t\t\n\t\t\t\t<div id=\"ngg-image-6\" class=\"ngg-gallery-thumbnail-box \" >\n\t\t\t\t        <div class=\"ngg-gallery-thumbnail\">\n            <a href=\"https:\/\/fotorosta.cz\/wp-content\/gallery\/pomnik-2025\/106-Pietni-akt.JPG\"\n               title=\"\"\n               data-src=\"https:\/\/fotorosta.cz\/wp-content\/gallery\/pomnik-2025\/106-Pietni-akt.JPG\"\n               data-thumbnail=\"https:\/\/fotorosta.cz\/wp-content\/gallery\/pomnik-2025\/thumbs\/thumbs_106-Pietni-akt.JPG\"\n               data-image-id=\"55286\"\n               data-title=\"106-Pietni-akt\"\n               data-description=\"\"\n               data-image-slug=\"106-pietni-akt\"\n               class=\"shutterset_5f8809419dcc0f630d77936d34a7baae\">\n                <img\n                    title=\"106-Pietni-akt\"\n                    alt=\"106-Pietni-akt\"\n                    src=\"https:\/\/fotorosta.cz\/wp-content\/gallery\/pomnik-2025\/thumbs\/thumbs_106-Pietni-akt.JPG\"\n                    width=\"100\"\n                    height=\"75\"\n                    style=\"max-width:100%;\"\n                \/>\n            <\/a>\n        <\/div>\n\t\t\t\t\t\t\t<\/div> \n\t\t\t\n\t\t\t\t<div id=\"ngg-image-7\" class=\"ngg-gallery-thumbnail-box \" >\n\t\t\t\t        <div class=\"ngg-gallery-thumbnail\">\n            <a href=\"https:\/\/fotorosta.cz\/wp-content\/gallery\/pomnik-2025\/107-Pietni-akt.JPG\"\n               title=\"\"\n               data-src=\"https:\/\/fotorosta.cz\/wp-content\/gallery\/pomnik-2025\/107-Pietni-akt.JPG\"\n               data-thumbnail=\"https:\/\/fotorosta.cz\/wp-content\/gallery\/pomnik-2025\/thumbs\/thumbs_107-Pietni-akt.JPG\"\n               data-image-id=\"55287\"\n               data-title=\"107-Pietni-akt\"\n               data-description=\"\"\n               data-image-slug=\"107-pietni-akt\"\n               class=\"shutterset_5f8809419dcc0f630d77936d34a7baae\">\n                <img\n                    title=\"107-Pietni-akt\"\n                    alt=\"107-Pietni-akt\"\n                    src=\"https:\/\/fotorosta.cz\/wp-content\/gallery\/pomnik-2025\/thumbs\/thumbs_107-Pietni-akt.JPG\"\n                    width=\"100\"\n                    height=\"75\"\n                    style=\"max-width:100%;\"\n                \/>\n            <\/a>\n        <\/div>\n\t\t\t\t\t\t\t<\/div> \n\t\t\t\n\t\t\t\t<div id=\"ngg-image-8\" class=\"ngg-gallery-thumbnail-box \" >\n\t\t\t\t        <div class=\"ngg-gallery-thumbnail\">\n            <a href=\"https:\/\/fotorosta.cz\/wp-content\/gallery\/pomnik-2025\/108-Pietni-akt.JPG\"\n               title=\"\"\n               data-src=\"https:\/\/fotorosta.cz\/wp-content\/gallery\/pomnik-2025\/108-Pietni-akt.JPG\"\n               data-thumbnail=\"https:\/\/fotorosta.cz\/wp-content\/gallery\/pomnik-2025\/thumbs\/thumbs_108-Pietni-akt.JPG\"\n               data-image-id=\"55290\"\n               data-title=\"108-Pietni-akt\"\n               data-description=\"\"\n               data-image-slug=\"108-pietni-akt\"\n               class=\"shutterset_5f8809419dcc0f630d77936d34a7baae\">\n                <img\n                    title=\"108-Pietni-akt\"\n                    alt=\"108-Pietni-akt\"\n                    src=\"https:\/\/fotorosta.cz\/wp-content\/gallery\/pomnik-2025\/thumbs\/thumbs_108-Pietni-akt.JPG\"\n                    width=\"100\"\n                    height=\"75\"\n                    style=\"max-width:100%;\"\n                \/>\n            <\/a>\n        <\/div>\n\t\t\t\t\t\t\t<\/div> \n\t\t\t\n\t\t\t\t<div id=\"ngg-image-9\" class=\"ngg-gallery-thumbnail-box \" >\n\t\t\t\t        <div class=\"ngg-gallery-thumbnail\">\n            <a href=\"https:\/\/fotorosta.cz\/wp-content\/gallery\/pomnik-2025\/110-Pietni-akt.JPG\"\n               title=\"\"\n               data-src=\"https:\/\/fotorosta.cz\/wp-content\/gallery\/pomnik-2025\/110-Pietni-akt.JPG\"\n               data-thumbnail=\"https:\/\/fotorosta.cz\/wp-content\/gallery\/pomnik-2025\/thumbs\/thumbs_110-Pietni-akt.JPG\"\n               data-image-id=\"55288\"\n               data-title=\"110-Pietni-akt\"\n               data-description=\"\"\n               data-image-slug=\"110-pietni-akt\"\n               class=\"shutterset_5f8809419dcc0f630d77936d34a7baae\">\n                <img\n                    title=\"110-Pietni-akt\"\n                    alt=\"110-Pietni-akt\"\n                    src=\"https:\/\/fotorosta.cz\/wp-content\/gallery\/pomnik-2025\/thumbs\/thumbs_110-Pietni-akt.JPG\"\n                    width=\"100\"\n                    height=\"75\"\n                    style=\"max-width:100%;\"\n                \/>\n            <\/a>\n        <\/div>\n\t\t\t\t\t\t\t<\/div> \n\t\t\t\n\t\t\t\t<div id=\"ngg-image-10\" class=\"ngg-gallery-thumbnail-box \" >\n\t\t\t\t        <div class=\"ngg-gallery-thumbnail\">\n            <a href=\"https:\/\/fotorosta.cz\/wp-content\/gallery\/pomnik-2025\/109-Pietni-akt.JPG\"\n               title=\"\"\n               data-src=\"https:\/\/fotorosta.cz\/wp-content\/gallery\/pomnik-2025\/109-Pietni-akt.JPG\"\n               data-thumbnail=\"https:\/\/fotorosta.cz\/wp-content\/gallery\/pomnik-2025\/thumbs\/thumbs_109-Pietni-akt.JPG\"\n               data-image-id=\"55289\"\n               data-title=\"109-Pietni-akt\"\n               data-description=\"\"\n               data-image-slug=\"109-pietni-akt\"\n               class=\"shutterset_5f8809419dcc0f630d77936d34a7baae\">\n                <img\n                    title=\"109-Pietni-akt\"\n                    alt=\"109-Pietni-akt\"\n                    src=\"https:\/\/fotorosta.cz\/wp-content\/gallery\/pomnik-2025\/thumbs\/thumbs_109-Pietni-akt.JPG\"\n                    width=\"100\"\n                    height=\"75\"\n                    style=\"max-width:100%;\"\n                \/>\n            <\/a>\n        <\/div>\n\t\t\t\t\t\t\t<\/div> \n\t\t\t\n\t\t\t\t<div id=\"ngg-image-11\" class=\"ngg-gallery-thumbnail-box \" >\n\t\t\t\t        <div class=\"ngg-gallery-thumbnail\">\n            <a href=\"https:\/\/fotorosta.cz\/wp-content\/gallery\/pomnik-2025\/112-Pietni-akt.JPG\"\n               title=\"\"\n               data-src=\"https:\/\/fotorosta.cz\/wp-content\/gallery\/pomnik-2025\/112-Pietni-akt.JPG\"\n               data-thumbnail=\"https:\/\/fotorosta.cz\/wp-content\/gallery\/pomnik-2025\/thumbs\/thumbs_112-Pietni-akt.JPG\"\n               data-image-id=\"55291\"\n               data-title=\"112-Pietni-akt\"\n               data-description=\"\"\n               data-image-slug=\"112-pietni-akt\"\n               class=\"shutterset_5f8809419dcc0f630d77936d34a7baae\">\n                <img\n                    title=\"112-Pietni-akt\"\n                    alt=\"112-Pietni-akt\"\n                    src=\"https:\/\/fotorosta.cz\/wp-content\/gallery\/pomnik-2025\/thumbs\/thumbs_112-Pietni-akt.JPG\"\n                    width=\"100\"\n                    height=\"75\"\n                    style=\"max-width:100%;\"\n                \/>\n            <\/a>\n        <\/div>\n\t\t\t\t\t\t\t<\/div> \n\t\t\t\n\t\t\t\t<div id=\"ngg-image-12\" class=\"ngg-gallery-thumbnail-box \" >\n\t\t\t\t        <div class=\"ngg-gallery-thumbnail\">\n            <a href=\"https:\/\/fotorosta.cz\/wp-content\/gallery\/pomnik-2025\/111-Pietni-akt.JPG\"\n               title=\"\"\n               data-src=\"https:\/\/fotorosta.cz\/wp-content\/gallery\/pomnik-2025\/111-Pietni-akt.JPG\"\n               data-thumbnail=\"https:\/\/fotorosta.cz\/wp-content\/gallery\/pomnik-2025\/thumbs\/thumbs_111-Pietni-akt.JPG\"\n               data-image-id=\"55292\"\n               data-title=\"111-Pietni-akt\"\n               data-description=\"\"\n               data-image-slug=\"111-pietni-akt\"\n               class=\"shutterset_5f8809419dcc0f630d77936d34a7baae\">\n                <img\n                    title=\"111-Pietni-akt\"\n                    alt=\"111-Pietni-akt\"\n                    src=\"https:\/\/fotorosta.cz\/wp-content\/gallery\/pomnik-2025\/thumbs\/thumbs_111-Pietni-akt.JPG\"\n                    width=\"100\"\n                    height=\"75\"\n                    style=\"max-width:100%;\"\n                \/>\n            <\/a>\n        <\/div>\n\t\t\t\t\t\t\t<\/div> \n\t\t\t\n\t\t\t\t<div id=\"ngg-image-13\" class=\"ngg-gallery-thumbnail-box \" >\n\t\t\t\t        <div class=\"ngg-gallery-thumbnail\">\n            <a href=\"https:\/\/fotorosta.cz\/wp-content\/gallery\/pomnik-2025\/113-Pietni-akt.JPG\"\n               title=\"\"\n               data-src=\"https:\/\/fotorosta.cz\/wp-content\/gallery\/pomnik-2025\/113-Pietni-akt.JPG\"\n               data-thumbnail=\"https:\/\/fotorosta.cz\/wp-content\/gallery\/pomnik-2025\/thumbs\/thumbs_113-Pietni-akt.JPG\"\n               data-image-id=\"55293\"\n               data-title=\"113-Pietni-akt\"\n               data-description=\"\"\n               data-image-slug=\"113-pietni-akt\"\n               class=\"shutterset_5f8809419dcc0f630d77936d34a7baae\">\n                <img\n                    title=\"113-Pietni-akt\"\n                    alt=\"113-Pietni-akt\"\n                    src=\"https:\/\/fotorosta.cz\/wp-content\/gallery\/pomnik-2025\/thumbs\/thumbs_113-Pietni-akt.JPG\"\n                    width=\"100\"\n                    height=\"75\"\n                    style=\"max-width:100%;\"\n                \/>\n            <\/a>\n        <\/div>\n\t\t\t\t\t\t\t<\/div> \n\t\t\t\n\t\t\t\t<div id=\"ngg-image-14\" class=\"ngg-gallery-thumbnail-box \" >\n\t\t\t\t        <div class=\"ngg-gallery-thumbnail\">\n            <a href=\"https:\/\/fotorosta.cz\/wp-content\/gallery\/pomnik-2025\/114-Pietni-akt.JPG\"\n               title=\"\"\n               data-src=\"https:\/\/fotorosta.cz\/wp-content\/gallery\/pomnik-2025\/114-Pietni-akt.JPG\"\n               data-thumbnail=\"https:\/\/fotorosta.cz\/wp-content\/gallery\/pomnik-2025\/thumbs\/thumbs_114-Pietni-akt.JPG\"\n               data-image-id=\"55294\"\n               data-title=\"114-Pietni-akt\"\n               data-description=\"\"\n               data-image-slug=\"114-pietni-akt\"\n               class=\"shutterset_5f8809419dcc0f630d77936d34a7baae\">\n                <img\n                    title=\"114-Pietni-akt\"\n                    alt=\"114-Pietni-akt\"\n                    src=\"https:\/\/fotorosta.cz\/wp-content\/gallery\/pomnik-2025\/thumbs\/thumbs_114-Pietni-akt.JPG\"\n                    width=\"100\"\n                    height=\"75\"\n                    style=\"max-width:100%;\"\n                \/>\n            <\/a>\n        <\/div>\n\t\t\t\t\t\t\t<\/div> \n\t\t\t\n\t\t\t\t<div id=\"ngg-image-15\" class=\"ngg-gallery-thumbnail-box \" >\n\t\t\t\t        <div class=\"ngg-gallery-thumbnail\">\n            <a href=\"https:\/\/fotorosta.cz\/wp-content\/gallery\/pomnik-2025\/117-Pietni-akt.JPG\"\n               title=\"\"\n               data-src=\"https:\/\/fotorosta.cz\/wp-content\/gallery\/pomnik-2025\/117-Pietni-akt.JPG\"\n               data-thumbnail=\"https:\/\/fotorosta.cz\/wp-content\/gallery\/pomnik-2025\/thumbs\/thumbs_117-Pietni-akt.JPG\"\n               data-image-id=\"55296\"\n               data-title=\"117-Pietni-akt\"\n               data-description=\"\"\n               data-image-slug=\"117-pietni-akt\"\n               class=\"shutterset_5f8809419dcc0f630d77936d34a7baae\">\n                <img\n                    title=\"117-Pietni-akt\"\n                    alt=\"117-Pietni-akt\"\n                    src=\"https:\/\/fotorosta.cz\/wp-content\/gallery\/pomnik-2025\/thumbs\/thumbs_117-Pietni-akt.JPG\"\n                    width=\"100\"\n                    height=\"75\"\n                    style=\"max-width:100%;\"\n                \/>\n            <\/a>\n        <\/div>\n\t\t\t\t\t\t\t<\/div> \n\t\t\t\n\t\t\t\t<div id=\"ngg-image-16\" class=\"ngg-gallery-thumbnail-box \" >\n\t\t\t\t        <div class=\"ngg-gallery-thumbnail\">\n            <a href=\"https:\/\/fotorosta.cz\/wp-content\/gallery\/pomnik-2025\/115-Pietni-akt.JPG\"\n               title=\"\"\n               data-src=\"https:\/\/fotorosta.cz\/wp-content\/gallery\/pomnik-2025\/115-Pietni-akt.JPG\"\n               data-thumbnail=\"https:\/\/fotorosta.cz\/wp-content\/gallery\/pomnik-2025\/thumbs\/thumbs_115-Pietni-akt.JPG\"\n               data-image-id=\"55298\"\n               data-title=\"115-Pietni-akt\"\n               data-description=\"\"\n               data-image-slug=\"115-pietni-akt\"\n               class=\"shutterset_5f8809419dcc0f630d77936d34a7baae\">\n                <img\n                    title=\"115-Pietni-akt\"\n                    alt=\"115-Pietni-akt\"\n                    src=\"https:\/\/fotorosta.cz\/wp-content\/gallery\/pomnik-2025\/thumbs\/thumbs_115-Pietni-akt.JPG\"\n                    width=\"100\"\n                    height=\"75\"\n                    style=\"max-width:100%;\"\n                \/>\n            <\/a>\n        <\/div>\n\t\t\t\t\t\t\t<\/div> \n\t\t\t\n\t\t\t\t<div id=\"ngg-image-17\" class=\"ngg-gallery-thumbnail-box \" >\n\t\t\t\t        <div class=\"ngg-gallery-thumbnail\">\n            <a href=\"https:\/\/fotorosta.cz\/wp-content\/gallery\/pomnik-2025\/119-Pietni-akt.JPG\"\n               title=\"\"\n               data-src=\"https:\/\/fotorosta.cz\/wp-content\/gallery\/pomnik-2025\/119-Pietni-akt.JPG\"\n               data-thumbnail=\"https:\/\/fotorosta.cz\/wp-content\/gallery\/pomnik-2025\/thumbs\/thumbs_119-Pietni-akt.JPG\"\n               data-image-id=\"55299\"\n               data-title=\"119-Pietni-akt\"\n               data-description=\"\"\n               data-image-slug=\"119-pietni-akt\"\n               class=\"shutterset_5f8809419dcc0f630d77936d34a7baae\">\n                <img\n                    title=\"119-Pietni-akt\"\n                    alt=\"119-Pietni-akt\"\n                    src=\"https:\/\/fotorosta.cz\/wp-content\/gallery\/pomnik-2025\/thumbs\/thumbs_119-Pietni-akt.JPG\"\n                    width=\"100\"\n                    height=\"75\"\n                    style=\"max-width:100%;\"\n                \/>\n            <\/a>\n        <\/div>\n\t\t\t\t\t\t\t<\/div> \n\t\t\t\n\t\t\t\t<div id=\"ngg-image-18\" class=\"ngg-gallery-thumbnail-box \" >\n\t\t\t\t        <div class=\"ngg-gallery-thumbnail\">\n            <a href=\"https:\/\/fotorosta.cz\/wp-content\/gallery\/pomnik-2025\/116-Pietni-akt.JPG\"\n               title=\"\"\n               data-src=\"https:\/\/fotorosta.cz\/wp-content\/gallery\/pomnik-2025\/116-Pietni-akt.JPG\"\n               data-thumbnail=\"https:\/\/fotorosta.cz\/wp-content\/gallery\/pomnik-2025\/thumbs\/thumbs_116-Pietni-akt.JPG\"\n               data-image-id=\"55295\"\n               data-title=\"116-Pietni-akt\"\n               data-description=\"\"\n               data-image-slug=\"116-pietni-akt\"\n               class=\"shutterset_5f8809419dcc0f630d77936d34a7baae\">\n                <img\n                    title=\"116-Pietni-akt\"\n                    alt=\"116-Pietni-akt\"\n                    src=\"https:\/\/fotorosta.cz\/wp-content\/gallery\/pomnik-2025\/thumbs\/thumbs_116-Pietni-akt.JPG\"\n                    width=\"100\"\n                    height=\"75\"\n                    style=\"max-width:100%;\"\n                \/>\n            <\/a>\n        <\/div>\n\t\t\t\t\t\t\t<\/div> \n\t\t\t\n\t\t\t\t<div id=\"ngg-image-19\" class=\"ngg-gallery-thumbnail-box \" >\n\t\t\t\t        <div class=\"ngg-gallery-thumbnail\">\n            <a href=\"https:\/\/fotorosta.cz\/wp-content\/gallery\/pomnik-2025\/118-Pietni-akt.JPG\"\n               title=\"\"\n               data-src=\"https:\/\/fotorosta.cz\/wp-content\/gallery\/pomnik-2025\/118-Pietni-akt.JPG\"\n               data-thumbnail=\"https:\/\/fotorosta.cz\/wp-content\/gallery\/pomnik-2025\/thumbs\/thumbs_118-Pietni-akt.JPG\"\n               data-image-id=\"55297\"\n               data-title=\"118-Pietni-akt\"\n               data-description=\"\"\n               data-image-slug=\"118-pietni-akt\"\n               class=\"shutterset_5f8809419dcc0f630d77936d34a7baae\">\n                <img\n                    title=\"118-Pietni-akt\"\n                    alt=\"118-Pietni-akt\"\n                    src=\"https:\/\/fotorosta.cz\/wp-content\/gallery\/pomnik-2025\/thumbs\/thumbs_118-Pietni-akt.JPG\"\n                    width=\"100\"\n                    height=\"75\"\n                    style=\"max-width:100%;\"\n                \/>\n            <\/a>\n        <\/div>\n\t\t\t\t\t\t\t<\/div> \n\t\t\t\n\t\t\t\t<div id=\"ngg-image-20\" class=\"ngg-gallery-thumbnail-box \" >\n\t\t\t\t        <div class=\"ngg-gallery-thumbnail\">\n            <a href=\"https:\/\/fotorosta.cz\/wp-content\/gallery\/pomnik-2025\/120-Pietni-akt.JPG\"\n               title=\"\"\n               data-src=\"https:\/\/fotorosta.cz\/wp-content\/gallery\/pomnik-2025\/120-Pietni-akt.JPG\"\n               data-thumbnail=\"https:\/\/fotorosta.cz\/wp-content\/gallery\/pomnik-2025\/thumbs\/thumbs_120-Pietni-akt.JPG\"\n               data-image-id=\"55300\"\n               data-title=\"120-Pietni-akt\"\n               data-description=\"\"\n               data-image-slug=\"120-pietni-akt\"\n               class=\"shutterset_5f8809419dcc0f630d77936d34a7baae\">\n                <img\n                    title=\"120-Pietni-akt\"\n                    alt=\"120-Pietni-akt\"\n                    src=\"https:\/\/fotorosta.cz\/wp-content\/gallery\/pomnik-2025\/thumbs\/thumbs_120-Pietni-akt.JPG\"\n                    width=\"100\"\n                    height=\"75\"\n                    style=\"max-width:100%;\"\n                \/>\n            <\/a>\n        <\/div>\n\t\t\t\t\t\t\t<\/div> \n\t\t\t\n\t\t\t\t<div id=\"ngg-image-21\" class=\"ngg-gallery-thumbnail-box \" >\n\t\t\t\t        <div class=\"ngg-gallery-thumbnail\">\n            <a href=\"https:\/\/fotorosta.cz\/wp-content\/gallery\/pomnik-2025\/121-Pietni-akt.JPG\"\n               title=\"\"\n               data-src=\"https:\/\/fotorosta.cz\/wp-content\/gallery\/pomnik-2025\/121-Pietni-akt.JPG\"\n               data-thumbnail=\"https:\/\/fotorosta.cz\/wp-content\/gallery\/pomnik-2025\/thumbs\/thumbs_121-Pietni-akt.JPG\"\n               data-image-id=\"55301\"\n               data-title=\"121-Pietni-akt\"\n               data-description=\"\"\n               data-image-slug=\"121-pietni-akt\"\n               class=\"shutterset_5f8809419dcc0f630d77936d34a7baae\">\n                <img\n                    title=\"121-Pietni-akt\"\n                    alt=\"121-Pietni-akt\"\n                    src=\"https:\/\/fotorosta.cz\/wp-content\/gallery\/pomnik-2025\/thumbs\/thumbs_121-Pietni-akt.JPG\"\n                    width=\"100\"\n                    height=\"75\"\n                    style=\"max-width:100%;\"\n                \/>\n            <\/a>\n        <\/div>\n\t\t\t\t\t\t\t<\/div> \n\t\t\t\n\t\t\t\t<div id=\"ngg-image-22\" class=\"ngg-gallery-thumbnail-box \" >\n\t\t\t\t        <div class=\"ngg-gallery-thumbnail\">\n            <a href=\"https:\/\/fotorosta.cz\/wp-content\/gallery\/pomnik-2025\/122-Pietni-akt.JPG\"\n               title=\"\"\n               data-src=\"https:\/\/fotorosta.cz\/wp-content\/gallery\/pomnik-2025\/122-Pietni-akt.JPG\"\n               data-thumbnail=\"https:\/\/fotorosta.cz\/wp-content\/gallery\/pomnik-2025\/thumbs\/thumbs_122-Pietni-akt.JPG\"\n               data-image-id=\"55302\"\n               data-title=\"122-Pietni-akt\"\n               data-description=\"\"\n               data-image-slug=\"122-pietni-akt\"\n               class=\"shutterset_5f8809419dcc0f630d77936d34a7baae\">\n                <img\n                    title=\"122-Pietni-akt\"\n                    alt=\"122-Pietni-akt\"\n                    src=\"https:\/\/fotorosta.cz\/wp-content\/gallery\/pomnik-2025\/thumbs\/thumbs_122-Pietni-akt.JPG\"\n                    width=\"100\"\n                    height=\"75\"\n                    style=\"max-width:100%;\"\n                \/>\n            <\/a>\n        <\/div>\n\t\t\t\t\t\t\t<\/div> \n\t\t\t\n\t\t\t\t<div id=\"ngg-image-23\" class=\"ngg-gallery-thumbnail-box \" >\n\t\t\t\t        <div class=\"ngg-gallery-thumbnail\">\n            <a href=\"https:\/\/fotorosta.cz\/wp-content\/gallery\/pomnik-2025\/123-Pietni-akt.JPG\"\n               title=\"\"\n               data-src=\"https:\/\/fotorosta.cz\/wp-content\/gallery\/pomnik-2025\/123-Pietni-akt.JPG\"\n               data-thumbnail=\"https:\/\/fotorosta.cz\/wp-content\/gallery\/pomnik-2025\/thumbs\/thumbs_123-Pietni-akt.JPG\"\n               data-image-id=\"55303\"\n               data-title=\"123-Pietni-akt\"\n               data-description=\"\"\n               data-image-slug=\"123-pietni-akt\"\n               class=\"shutterset_5f8809419dcc0f630d77936d34a7baae\">\n                <img\n                    title=\"123-Pietni-akt\"\n                    alt=\"123-Pietni-akt\"\n                    src=\"https:\/\/fotorosta.cz\/wp-content\/gallery\/pomnik-2025\/thumbs\/thumbs_123-Pietni-akt.JPG\"\n                    width=\"100\"\n                    height=\"75\"\n                    style=\"max-width:100%;\"\n                \/>\n            <\/a>\n        <\/div>\n\t\t\t\t\t\t\t<\/div> \n\t\t\t\n\t\t\t\t<div id=\"ngg-image-24\" class=\"ngg-gallery-thumbnail-box \" >\n\t\t\t\t        <div class=\"ngg-gallery-thumbnail\">\n            <a href=\"https:\/\/fotorosta.cz\/wp-content\/gallery\/pomnik-2025\/124-Pietni-akt.JPG\"\n               title=\"\"\n               data-src=\"https:\/\/fotorosta.cz\/wp-content\/gallery\/pomnik-2025\/124-Pietni-akt.JPG\"\n               data-thumbnail=\"https:\/\/fotorosta.cz\/wp-content\/gallery\/pomnik-2025\/thumbs\/thumbs_124-Pietni-akt.JPG\"\n               data-image-id=\"55304\"\n               data-title=\"124-Pietni-akt\"\n               data-description=\"\"\n               data-image-slug=\"124-pietni-akt\"\n               class=\"shutterset_5f8809419dcc0f630d77936d34a7baae\">\n                <img\n                    title=\"124-Pietni-akt\"\n                    alt=\"124-Pietni-akt\"\n                    src=\"https:\/\/fotorosta.cz\/wp-content\/gallery\/pomnik-2025\/thumbs\/thumbs_124-Pietni-akt.JPG\"\n                    width=\"100\"\n                    height=\"75\"\n                    style=\"max-width:100%;\"\n                \/>\n            <\/a>\n        <\/div>\n\t\t\t\t\t\t\t<\/div> \n\t\t\t\n\t\t\t\t<div id=\"ngg-image-25\" class=\"ngg-gallery-thumbnail-box \" >\n\t\t\t\t        <div class=\"ngg-gallery-thumbnail\">\n            <a href=\"https:\/\/fotorosta.cz\/wp-content\/gallery\/pomnik-2025\/125-Pietni-akt.JPG\"\n               title=\"\"\n               data-src=\"https:\/\/fotorosta.cz\/wp-content\/gallery\/pomnik-2025\/125-Pietni-akt.JPG\"\n               data-thumbnail=\"https:\/\/fotorosta.cz\/wp-content\/gallery\/pomnik-2025\/thumbs\/thumbs_125-Pietni-akt.JPG\"\n               data-image-id=\"55305\"\n               data-title=\"125-Pietni-akt\"\n               data-description=\"\"\n               data-image-slug=\"125-pietni-akt\"\n               class=\"shutterset_5f8809419dcc0f630d77936d34a7baae\">\n                <img\n                    title=\"125-Pietni-akt\"\n                    alt=\"125-Pietni-akt\"\n                    src=\"https:\/\/fotorosta.cz\/wp-content\/gallery\/pomnik-2025\/thumbs\/thumbs_125-Pietni-akt.JPG\"\n                    width=\"100\"\n                    height=\"75\"\n                    style=\"max-width:100%;\"\n                \/>\n            <\/a>\n        <\/div>\n\t\t\t\t\t\t\t<\/div> \n\t\t\t\n\t\t\t\t<div id=\"ngg-image-26\" class=\"ngg-gallery-thumbnail-box \" >\n\t\t\t\t        <div class=\"ngg-gallery-thumbnail\">\n            <a href=\"https:\/\/fotorosta.cz\/wp-content\/gallery\/pomnik-2025\/127-Pietni-akt.JPG\"\n               title=\"\"\n               data-src=\"https:\/\/fotorosta.cz\/wp-content\/gallery\/pomnik-2025\/127-Pietni-akt.JPG\"\n               data-thumbnail=\"https:\/\/fotorosta.cz\/wp-content\/gallery\/pomnik-2025\/thumbs\/thumbs_127-Pietni-akt.JPG\"\n               data-image-id=\"55307\"\n               data-title=\"127-Pietni-akt\"\n               data-description=\"\"\n               data-image-slug=\"127-pietni-akt\"\n               class=\"shutterset_5f8809419dcc0f630d77936d34a7baae\">\n                <img\n                    title=\"127-Pietni-akt\"\n                    alt=\"127-Pietni-akt\"\n                    src=\"https:\/\/fotorosta.cz\/wp-content\/gallery\/pomnik-2025\/thumbs\/thumbs_127-Pietni-akt.JPG\"\n                    width=\"100\"\n                    height=\"75\"\n                    style=\"max-width:100%;\"\n                \/>\n            <\/a>\n        <\/div>\n\t\t\t\t\t\t\t<\/div> \n\t\t\t\n\t\t\t\t<div id=\"ngg-image-27\" class=\"ngg-gallery-thumbnail-box \" >\n\t\t\t\t        <div class=\"ngg-gallery-thumbnail\">\n            <a href=\"https:\/\/fotorosta.cz\/wp-content\/gallery\/pomnik-2025\/128-Pietni-akt.JPG\"\n               title=\"\"\n               data-src=\"https:\/\/fotorosta.cz\/wp-content\/gallery\/pomnik-2025\/128-Pietni-akt.JPG\"\n               data-thumbnail=\"https:\/\/fotorosta.cz\/wp-content\/gallery\/pomnik-2025\/thumbs\/thumbs_128-Pietni-akt.JPG\"\n               data-image-id=\"55308\"\n               data-title=\"128-Pietni-akt\"\n               data-description=\"\"\n               data-image-slug=\"128-pietni-akt\"\n               class=\"shutterset_5f8809419dcc0f630d77936d34a7baae\">\n                <img\n                    title=\"128-Pietni-akt\"\n                    alt=\"128-Pietni-akt\"\n                    src=\"https:\/\/fotorosta.cz\/wp-content\/gallery\/pomnik-2025\/thumbs\/thumbs_128-Pietni-akt.JPG\"\n                    width=\"100\"\n                    height=\"75\"\n                    style=\"max-width:100%;\"\n                \/>\n            <\/a>\n        <\/div>\n\t\t\t\t\t\t\t<\/div> \n\t\t\t\n\t\t\t\t<div id=\"ngg-image-28\" class=\"ngg-gallery-thumbnail-box \" >\n\t\t\t\t        <div class=\"ngg-gallery-thumbnail\">\n            <a href=\"https:\/\/fotorosta.cz\/wp-content\/gallery\/pomnik-2025\/126-Pietni-akt.JPG\"\n               title=\"\"\n               data-src=\"https:\/\/fotorosta.cz\/wp-content\/gallery\/pomnik-2025\/126-Pietni-akt.JPG\"\n               data-thumbnail=\"https:\/\/fotorosta.cz\/wp-content\/gallery\/pomnik-2025\/thumbs\/thumbs_126-Pietni-akt.JPG\"\n               data-image-id=\"55306\"\n               data-title=\"126-Pietni-akt\"\n               data-description=\"\"\n               data-image-slug=\"126-pietni-akt\"\n               class=\"shutterset_5f8809419dcc0f630d77936d34a7baae\">\n                <img\n                    title=\"126-Pietni-akt\"\n                    alt=\"126-Pietni-akt\"\n                    src=\"https:\/\/fotorosta.cz\/wp-content\/gallery\/pomnik-2025\/thumbs\/thumbs_126-Pietni-akt.JPG\"\n                    width=\"100\"\n                    height=\"75\"\n                    style=\"max-width:100%;\"\n                \/>\n            <\/a>\n        <\/div>\n\t\t\t\t\t\t\t<\/div> \n\t\t\t\n\t\t\t\t<div id=\"ngg-image-29\" class=\"ngg-gallery-thumbnail-box \" >\n\t\t\t\t        <div class=\"ngg-gallery-thumbnail\">\n            <a href=\"https:\/\/fotorosta.cz\/wp-content\/gallery\/pomnik-2025\/129-Pietni-akt.JPG\"\n               title=\"\"\n               data-src=\"https:\/\/fotorosta.cz\/wp-content\/gallery\/pomnik-2025\/129-Pietni-akt.JPG\"\n               data-thumbnail=\"https:\/\/fotorosta.cz\/wp-content\/gallery\/pomnik-2025\/thumbs\/thumbs_129-Pietni-akt.JPG\"\n               data-image-id=\"55309\"\n               data-title=\"129-Pietni-akt\"\n               data-description=\"\"\n               data-image-slug=\"129-pietni-akt\"\n               class=\"shutterset_5f8809419dcc0f630d77936d34a7baae\">\n                <img\n                    title=\"129-Pietni-akt\"\n                    alt=\"129-Pietni-akt\"\n                    src=\"https:\/\/fotorosta.cz\/wp-content\/gallery\/pomnik-2025\/thumbs\/thumbs_129-Pietni-akt.JPG\"\n                    width=\"100\"\n                    height=\"75\"\n                    style=\"max-width:100%;\"\n                \/>\n            <\/a>\n        <\/div>\n\t\t\t\t\t\t\t<\/div> \n\t\t\t\n\t\t\t\t<div id=\"ngg-image-30\" class=\"ngg-gallery-thumbnail-box \" >\n\t\t\t\t        <div class=\"ngg-gallery-thumbnail\">\n            <a href=\"https:\/\/fotorosta.cz\/wp-content\/gallery\/pomnik-2025\/130-Pietni-akt.JPG\"\n               title=\"\"\n               data-src=\"https:\/\/fotorosta.cz\/wp-content\/gallery\/pomnik-2025\/130-Pietni-akt.JPG\"\n               data-thumbnail=\"https:\/\/fotorosta.cz\/wp-content\/gallery\/pomnik-2025\/thumbs\/thumbs_130-Pietni-akt.JPG\"\n               data-image-id=\"55310\"\n               data-title=\"130-Pietni-akt\"\n               data-description=\"\"\n               data-image-slug=\"130-pietni-akt\"\n               class=\"shutterset_5f8809419dcc0f630d77936d34a7baae\">\n                <img\n                    title=\"130-Pietni-akt\"\n                    alt=\"130-Pietni-akt\"\n                    src=\"https:\/\/fotorosta.cz\/wp-content\/gallery\/pomnik-2025\/thumbs\/thumbs_130-Pietni-akt.JPG\"\n                    width=\"100\"\n                    height=\"75\"\n                    style=\"max-width:100%;\"\n                \/>\n            <\/a>\n        <\/div>\n\t\t\t\t\t\t\t<\/div> \n\t\t\t\n\t\t\t\t<div id=\"ngg-image-31\" class=\"ngg-gallery-thumbnail-box \" >\n\t\t\t\t        <div class=\"ngg-gallery-thumbnail\">\n            <a href=\"https:\/\/fotorosta.cz\/wp-content\/gallery\/pomnik-2025\/131-Pietni-akt.JPG\"\n               title=\"\"\n               data-src=\"https:\/\/fotorosta.cz\/wp-content\/gallery\/pomnik-2025\/131-Pietni-akt.JPG\"\n               data-thumbnail=\"https:\/\/fotorosta.cz\/wp-content\/gallery\/pomnik-2025\/thumbs\/thumbs_131-Pietni-akt.JPG\"\n               data-image-id=\"55311\"\n               data-title=\"131-Pietni-akt\"\n               data-description=\"\"\n               data-image-slug=\"131-pietni-akt\"\n               class=\"shutterset_5f8809419dcc0f630d77936d34a7baae\">\n                <img\n                    title=\"131-Pietni-akt\"\n                    alt=\"131-Pietni-akt\"\n                    src=\"https:\/\/fotorosta.cz\/wp-content\/gallery\/pomnik-2025\/thumbs\/thumbs_131-Pietni-akt.JPG\"\n                    width=\"100\"\n                    height=\"75\"\n                    style=\"max-width:100%;\"\n                \/>\n            <\/a>\n        <\/div>\n\t\t\t\t\t\t\t<\/div> \n\t\t\t\n\t\t\t\t<div id=\"ngg-image-32\" class=\"ngg-gallery-thumbnail-box \" >\n\t\t\t\t        <div class=\"ngg-gallery-thumbnail\">\n            <a href=\"https:\/\/fotorosta.cz\/wp-content\/gallery\/pomnik-2025\/132-Pietni-akt.JPG\"\n               title=\"\"\n               data-src=\"https:\/\/fotorosta.cz\/wp-content\/gallery\/pomnik-2025\/132-Pietni-akt.JPG\"\n               data-thumbnail=\"https:\/\/fotorosta.cz\/wp-content\/gallery\/pomnik-2025\/thumbs\/thumbs_132-Pietni-akt.JPG\"\n               data-image-id=\"55312\"\n               data-title=\"132-Pietni-akt\"\n               data-description=\"\"\n               data-image-slug=\"132-pietni-akt\"\n               class=\"shutterset_5f8809419dcc0f630d77936d34a7baae\">\n                <img\n                    title=\"132-Pietni-akt\"\n                    alt=\"132-Pietni-akt\"\n                    src=\"https:\/\/fotorosta.cz\/wp-content\/gallery\/pomnik-2025\/thumbs\/thumbs_132-Pietni-akt.JPG\"\n                    width=\"100\"\n                    height=\"75\"\n                    style=\"max-width:100%;\"\n                \/>\n            <\/a>\n        <\/div>\n\t\t\t\t\t\t\t<\/div> \n\t\t\t\n\t\t\t\t<div id=\"ngg-image-33\" class=\"ngg-gallery-thumbnail-box \" >\n\t\t\t\t        <div class=\"ngg-gallery-thumbnail\">\n            <a href=\"https:\/\/fotorosta.cz\/wp-content\/gallery\/pomnik-2025\/133-Pietni-akt.JPG\"\n               title=\"\"\n               data-src=\"https:\/\/fotorosta.cz\/wp-content\/gallery\/pomnik-2025\/133-Pietni-akt.JPG\"\n               data-thumbnail=\"https:\/\/fotorosta.cz\/wp-content\/gallery\/pomnik-2025\/thumbs\/thumbs_133-Pietni-akt.JPG\"\n               data-image-id=\"55313\"\n               data-title=\"133-Pietni-akt\"\n               data-description=\"\"\n               data-image-slug=\"133-pietni-akt\"\n               class=\"shutterset_5f8809419dcc0f630d77936d34a7baae\">\n                <img\n                    title=\"133-Pietni-akt\"\n                    alt=\"133-Pietni-akt\"\n                    src=\"https:\/\/fotorosta.cz\/wp-content\/gallery\/pomnik-2025\/thumbs\/thumbs_133-Pietni-akt.JPG\"\n                    width=\"100\"\n                    height=\"75\"\n                    style=\"max-width:100%;\"\n                \/>\n            <\/a>\n        <\/div>\n\t\t\t\t\t\t\t<\/div> \n\t\t\t\n\t\t\t\t<div id=\"ngg-image-34\" class=\"ngg-gallery-thumbnail-box \" >\n\t\t\t\t        <div class=\"ngg-gallery-thumbnail\">\n            <a href=\"https:\/\/fotorosta.cz\/wp-content\/gallery\/pomnik-2025\/134-Pietni-akt.JPG\"\n               title=\"\"\n               data-src=\"https:\/\/fotorosta.cz\/wp-content\/gallery\/pomnik-2025\/134-Pietni-akt.JPG\"\n               data-thumbnail=\"https:\/\/fotorosta.cz\/wp-content\/gallery\/pomnik-2025\/thumbs\/thumbs_134-Pietni-akt.JPG\"\n               data-image-id=\"55314\"\n               data-title=\"134-Pietni-akt\"\n               data-description=\"\"\n               data-image-slug=\"134-pietni-akt\"\n               class=\"shutterset_5f8809419dcc0f630d77936d34a7baae\">\n                <img\n                    title=\"134-Pietni-akt\"\n                    alt=\"134-Pietni-akt\"\n                    src=\"https:\/\/fotorosta.cz\/wp-content\/gallery\/pomnik-2025\/thumbs\/thumbs_134-Pietni-akt.JPG\"\n                    width=\"100\"\n                    height=\"75\"\n                    style=\"max-width:100%;\"\n                \/>\n            <\/a>\n        <\/div>\n\t\t\t\t\t\t\t<\/div> \n\t\t\t\n\t\t\t\t<div id=\"ngg-image-35\" class=\"ngg-gallery-thumbnail-box \" >\n\t\t\t\t        <div class=\"ngg-gallery-thumbnail\">\n            <a href=\"https:\/\/fotorosta.cz\/wp-content\/gallery\/pomnik-2025\/135-Pietni-akt.JPG\"\n               title=\"\"\n               data-src=\"https:\/\/fotorosta.cz\/wp-content\/gallery\/pomnik-2025\/135-Pietni-akt.JPG\"\n               data-thumbnail=\"https:\/\/fotorosta.cz\/wp-content\/gallery\/pomnik-2025\/thumbs\/thumbs_135-Pietni-akt.JPG\"\n               data-image-id=\"55315\"\n               data-title=\"135-Pietni-akt\"\n               data-description=\"\"\n               data-image-slug=\"135-pietni-akt\"\n               class=\"shutterset_5f8809419dcc0f630d77936d34a7baae\">\n                <img\n                    title=\"135-Pietni-akt\"\n                    alt=\"135-Pietni-akt\"\n                    src=\"https:\/\/fotorosta.cz\/wp-content\/gallery\/pomnik-2025\/thumbs\/thumbs_135-Pietni-akt.JPG\"\n                    width=\"100\"\n                    height=\"75\"\n                    style=\"max-width:100%;\"\n                \/>\n            <\/a>\n        <\/div>\n\t\t\t\t\t\t\t<\/div> \n\t\t\t\n\t\t\t\t<div id=\"ngg-image-36\" class=\"ngg-gallery-thumbnail-box \" >\n\t\t\t\t        <div class=\"ngg-gallery-thumbnail\">\n            <a href=\"https:\/\/fotorosta.cz\/wp-content\/gallery\/pomnik-2025\/136-Pietni-akt.JPG\"\n               title=\"\"\n               data-src=\"https:\/\/fotorosta.cz\/wp-content\/gallery\/pomnik-2025\/136-Pietni-akt.JPG\"\n               data-thumbnail=\"https:\/\/fotorosta.cz\/wp-content\/gallery\/pomnik-2025\/thumbs\/thumbs_136-Pietni-akt.JPG\"\n               data-image-id=\"55317\"\n               data-title=\"136-Pietni-akt\"\n               data-description=\"\"\n               data-image-slug=\"136-pietni-akt\"\n               class=\"shutterset_5f8809419dcc0f630d77936d34a7baae\">\n                <img\n                    title=\"136-Pietni-akt\"\n                    alt=\"136-Pietni-akt\"\n                    src=\"https:\/\/fotorosta.cz\/wp-content\/gallery\/pomnik-2025\/thumbs\/thumbs_136-Pietni-akt.JPG\"\n                    width=\"100\"\n                    height=\"75\"\n                    style=\"max-width:100%;\"\n                \/>\n            <\/a>\n        <\/div>\n\t\t\t\t\t\t\t<\/div> \n\t\t\t\n\t\t\t\t<div id=\"ngg-image-37\" class=\"ngg-gallery-thumbnail-box \" >\n\t\t\t\t        <div class=\"ngg-gallery-thumbnail\">\n            <a href=\"https:\/\/fotorosta.cz\/wp-content\/gallery\/pomnik-2025\/145-Pietni-akt.JPG\"\n               title=\"\"\n               data-src=\"https:\/\/fotorosta.cz\/wp-content\/gallery\/pomnik-2025\/145-Pietni-akt.JPG\"\n               data-thumbnail=\"https:\/\/fotorosta.cz\/wp-content\/gallery\/pomnik-2025\/thumbs\/thumbs_145-Pietni-akt.JPG\"\n               data-image-id=\"55325\"\n               data-title=\"145-Pietni-akt\"\n               data-description=\"\"\n               data-image-slug=\"145-pietni-akt\"\n               class=\"shutterset_5f8809419dcc0f630d77936d34a7baae\">\n                <img\n                    title=\"145-Pietni-akt\"\n                    alt=\"145-Pietni-akt\"\n                    src=\"https:\/\/fotorosta.cz\/wp-content\/gallery\/pomnik-2025\/thumbs\/thumbs_145-Pietni-akt.JPG\"\n                    width=\"100\"\n                    height=\"75\"\n                    style=\"max-width:100%;\"\n                \/>\n            <\/a>\n        <\/div>\n\t\t\t\t\t\t\t<\/div> \n\t\t\t\n\t\t\t\t<div id=\"ngg-image-38\" class=\"ngg-gallery-thumbnail-box \" >\n\t\t\t\t        <div class=\"ngg-gallery-thumbnail\">\n            <a href=\"https:\/\/fotorosta.cz\/wp-content\/gallery\/pomnik-2025\/137-Pietni-akt.JPG\"\n               title=\"\"\n               data-src=\"https:\/\/fotorosta.cz\/wp-content\/gallery\/pomnik-2025\/137-Pietni-akt.JPG\"\n               data-thumbnail=\"https:\/\/fotorosta.cz\/wp-content\/gallery\/pomnik-2025\/thumbs\/thumbs_137-Pietni-akt.JPG\"\n               data-image-id=\"55316\"\n               data-title=\"137-Pietni-akt\"\n               data-description=\"\"\n               data-image-slug=\"137-pietni-akt\"\n               class=\"shutterset_5f8809419dcc0f630d77936d34a7baae\">\n                <img\n                    title=\"137-Pietni-akt\"\n                    alt=\"137-Pietni-akt\"\n                    src=\"https:\/\/fotorosta.cz\/wp-content\/gallery\/pomnik-2025\/thumbs\/thumbs_137-Pietni-akt.JPG\"\n                    width=\"100\"\n                    height=\"75\"\n                    style=\"max-width:100%;\"\n                \/>\n            <\/a>\n        <\/div>\n\t\t\t\t\t\t\t<\/div> \n\t\t\t\n\t\t\t\t<div id=\"ngg-image-39\" class=\"ngg-gallery-thumbnail-box \" >\n\t\t\t\t        <div class=\"ngg-gallery-thumbnail\">\n            <a href=\"https:\/\/fotorosta.cz\/wp-content\/gallery\/pomnik-2025\/138-Pietni-akt.JPG\"\n               title=\"\"\n               data-src=\"https:\/\/fotorosta.cz\/wp-content\/gallery\/pomnik-2025\/138-Pietni-akt.JPG\"\n               data-thumbnail=\"https:\/\/fotorosta.cz\/wp-content\/gallery\/pomnik-2025\/thumbs\/thumbs_138-Pietni-akt.JPG\"\n               data-image-id=\"55318\"\n               data-title=\"138-Pietni-akt\"\n               data-description=\"\"\n               data-image-slug=\"138-pietni-akt\"\n               class=\"shutterset_5f8809419dcc0f630d77936d34a7baae\">\n                <img\n                    title=\"138-Pietni-akt\"\n                    alt=\"138-Pietni-akt\"\n                    src=\"https:\/\/fotorosta.cz\/wp-content\/gallery\/pomnik-2025\/thumbs\/thumbs_138-Pietni-akt.JPG\"\n                    width=\"100\"\n                    height=\"75\"\n                    style=\"max-width:100%;\"\n                \/>\n            <\/a>\n        <\/div>\n\t\t\t\t\t\t\t<\/div> \n\t\t\t\n\t\t\t\t<div id=\"ngg-image-40\" class=\"ngg-gallery-thumbnail-box \" >\n\t\t\t\t        <div class=\"ngg-gallery-thumbnail\">\n            <a href=\"https:\/\/fotorosta.cz\/wp-content\/gallery\/pomnik-2025\/139-Pietni-akt.JPG\"\n               title=\"\"\n               data-src=\"https:\/\/fotorosta.cz\/wp-content\/gallery\/pomnik-2025\/139-Pietni-akt.JPG\"\n               data-thumbnail=\"https:\/\/fotorosta.cz\/wp-content\/gallery\/pomnik-2025\/thumbs\/thumbs_139-Pietni-akt.JPG\"\n               data-image-id=\"55319\"\n               data-title=\"139-Pietni-akt\"\n               data-description=\"\"\n               data-image-slug=\"139-pietni-akt\"\n               class=\"shutterset_5f8809419dcc0f630d77936d34a7baae\">\n                <img\n                    title=\"139-Pietni-akt\"\n                    alt=\"139-Pietni-akt\"\n                    src=\"https:\/\/fotorosta.cz\/wp-content\/gallery\/pomnik-2025\/thumbs\/thumbs_139-Pietni-akt.JPG\"\n                    width=\"100\"\n                    height=\"75\"\n                    style=\"max-width:100%;\"\n                \/>\n            <\/a>\n        <\/div>\n\t\t\t\t\t\t\t<\/div> \n\t\t\t\n\t\t\t\t<div id=\"ngg-image-41\" class=\"ngg-gallery-thumbnail-box \" >\n\t\t\t\t        <div class=\"ngg-gallery-thumbnail\">\n            <a href=\"https:\/\/fotorosta.cz\/wp-content\/gallery\/pomnik-2025\/140-Pietni-akt.JPG\"\n               title=\"\"\n               data-src=\"https:\/\/fotorosta.cz\/wp-content\/gallery\/pomnik-2025\/140-Pietni-akt.JPG\"\n               data-thumbnail=\"https:\/\/fotorosta.cz\/wp-content\/gallery\/pomnik-2025\/thumbs\/thumbs_140-Pietni-akt.JPG\"\n               data-image-id=\"55320\"\n               data-title=\"140-Pietni-akt\"\n               data-description=\"\"\n               data-image-slug=\"140-pietni-akt\"\n               class=\"shutterset_5f8809419dcc0f630d77936d34a7baae\">\n                <img\n                    title=\"140-Pietni-akt\"\n                    alt=\"140-Pietni-akt\"\n                    src=\"https:\/\/fotorosta.cz\/wp-content\/gallery\/pomnik-2025\/thumbs\/thumbs_140-Pietni-akt.JPG\"\n                    width=\"100\"\n                    height=\"75\"\n                    style=\"max-width:100%;\"\n                \/>\n            <\/a>\n        <\/div>\n\t\t\t\t\t\t\t<\/div> \n\t\t\t\n\t\t\t\t<div id=\"ngg-image-42\" class=\"ngg-gallery-thumbnail-box \" >\n\t\t\t\t        <div class=\"ngg-gallery-thumbnail\">\n            <a href=\"https:\/\/fotorosta.cz\/wp-content\/gallery\/pomnik-2025\/141-Pietni-akt.JPG\"\n               title=\"\"\n               data-src=\"https:\/\/fotorosta.cz\/wp-content\/gallery\/pomnik-2025\/141-Pietni-akt.JPG\"\n               data-thumbnail=\"https:\/\/fotorosta.cz\/wp-content\/gallery\/pomnik-2025\/thumbs\/thumbs_141-Pietni-akt.JPG\"\n               data-image-id=\"55321\"\n               data-title=\"141-Pietni-akt\"\n               data-description=\"\"\n               data-image-slug=\"141-pietni-akt\"\n               class=\"shutterset_5f8809419dcc0f630d77936d34a7baae\">\n                <img\n                    title=\"141-Pietni-akt\"\n                    alt=\"141-Pietni-akt\"\n                    src=\"https:\/\/fotorosta.cz\/wp-content\/gallery\/pomnik-2025\/thumbs\/thumbs_141-Pietni-akt.JPG\"\n                    width=\"100\"\n                    height=\"75\"\n                    style=\"max-width:100%;\"\n                \/>\n            <\/a>\n        <\/div>\n\t\t\t\t\t\t\t<\/div> \n\t\t\t\n\t\t\t\t<div id=\"ngg-image-43\" class=\"ngg-gallery-thumbnail-box \" >\n\t\t\t\t        <div class=\"ngg-gallery-thumbnail\">\n            <a href=\"https:\/\/fotorosta.cz\/wp-content\/gallery\/pomnik-2025\/142-Pietni-akt.JPG\"\n               title=\"\"\n               data-src=\"https:\/\/fotorosta.cz\/wp-content\/gallery\/pomnik-2025\/142-Pietni-akt.JPG\"\n               data-thumbnail=\"https:\/\/fotorosta.cz\/wp-content\/gallery\/pomnik-2025\/thumbs\/thumbs_142-Pietni-akt.JPG\"\n               data-image-id=\"55322\"\n               data-title=\"142-Pietni-akt\"\n               data-description=\"\"\n               data-image-slug=\"142-pietni-akt\"\n               class=\"shutterset_5f8809419dcc0f630d77936d34a7baae\">\n                <img\n                    title=\"142-Pietni-akt\"\n                    alt=\"142-Pietni-akt\"\n                    src=\"https:\/\/fotorosta.cz\/wp-content\/gallery\/pomnik-2025\/thumbs\/thumbs_142-Pietni-akt.JPG\"\n                    width=\"100\"\n                    height=\"75\"\n                    style=\"max-width:100%;\"\n                \/>\n            <\/a>\n        <\/div>\n\t\t\t\t\t\t\t<\/div> \n\t\t\t\n\t\t\t\t<div id=\"ngg-image-44\" class=\"ngg-gallery-thumbnail-box \" >\n\t\t\t\t        <div class=\"ngg-gallery-thumbnail\">\n            <a href=\"https:\/\/fotorosta.cz\/wp-content\/gallery\/pomnik-2025\/149-Pietni-akt.JPG\"\n               title=\"\"\n               data-src=\"https:\/\/fotorosta.cz\/wp-content\/gallery\/pomnik-2025\/149-Pietni-akt.JPG\"\n               data-thumbnail=\"https:\/\/fotorosta.cz\/wp-content\/gallery\/pomnik-2025\/thumbs\/thumbs_149-Pietni-akt.JPG\"\n               data-image-id=\"55330\"\n               data-title=\"149-Pietni-akt\"\n               data-description=\"\"\n               data-image-slug=\"149-pietni-akt\"\n               class=\"shutterset_5f8809419dcc0f630d77936d34a7baae\">\n                <img\n                    title=\"149-Pietni-akt\"\n                    alt=\"149-Pietni-akt\"\n                    src=\"https:\/\/fotorosta.cz\/wp-content\/gallery\/pomnik-2025\/thumbs\/thumbs_149-Pietni-akt.JPG\"\n                    width=\"100\"\n                    height=\"75\"\n                    style=\"max-width:100%;\"\n                \/>\n            <\/a>\n        <\/div>\n\t\t\t\t\t\t\t<\/div> \n\t\t\t\n\t\t\t\t<div id=\"ngg-image-45\" class=\"ngg-gallery-thumbnail-box \" >\n\t\t\t\t        <div class=\"ngg-gallery-thumbnail\">\n            <a href=\"https:\/\/fotorosta.cz\/wp-content\/gallery\/pomnik-2025\/153-Pietni-akt.JPG\"\n               title=\"\"\n               data-src=\"https:\/\/fotorosta.cz\/wp-content\/gallery\/pomnik-2025\/153-Pietni-akt.JPG\"\n               data-thumbnail=\"https:\/\/fotorosta.cz\/wp-content\/gallery\/pomnik-2025\/thumbs\/thumbs_153-Pietni-akt.JPG\"\n               data-image-id=\"55333\"\n               data-title=\"153-Pietni-akt\"\n               data-description=\"\"\n               data-image-slug=\"153-pietni-akt\"\n               class=\"shutterset_5f8809419dcc0f630d77936d34a7baae\">\n                <img\n                    title=\"153-Pietni-akt\"\n                    alt=\"153-Pietni-akt\"\n                    src=\"https:\/\/fotorosta.cz\/wp-content\/gallery\/pomnik-2025\/thumbs\/thumbs_153-Pietni-akt.JPG\"\n                    width=\"100\"\n                    height=\"75\"\n                    style=\"max-width:100%;\"\n                \/>\n            <\/a>\n        <\/div>\n\t\t\t\t\t\t\t<\/div> \n\t\t\t\n\t\t\t\t<div id=\"ngg-image-46\" class=\"ngg-gallery-thumbnail-box \" >\n\t\t\t\t        <div class=\"ngg-gallery-thumbnail\">\n            <a href=\"https:\/\/fotorosta.cz\/wp-content\/gallery\/pomnik-2025\/152-Pietni-akt.JPG\"\n               title=\"\"\n               data-src=\"https:\/\/fotorosta.cz\/wp-content\/gallery\/pomnik-2025\/152-Pietni-akt.JPG\"\n               data-thumbnail=\"https:\/\/fotorosta.cz\/wp-content\/gallery\/pomnik-2025\/thumbs\/thumbs_152-Pietni-akt.JPG\"\n               data-image-id=\"55334\"\n               data-title=\"152-Pietni-akt\"\n               data-description=\"\"\n               data-image-slug=\"152-pietni-akt\"\n               class=\"shutterset_5f8809419dcc0f630d77936d34a7baae\">\n                <img\n                    title=\"152-Pietni-akt\"\n                    alt=\"152-Pietni-akt\"\n                    src=\"https:\/\/fotorosta.cz\/wp-content\/gallery\/pomnik-2025\/thumbs\/thumbs_152-Pietni-akt.JPG\"\n                    width=\"100\"\n                    height=\"75\"\n                    style=\"max-width:100%;\"\n                \/>\n            <\/a>\n        <\/div>\n\t\t\t\t\t\t\t<\/div> \n\t\t\t\n\t\t\t\t<div id=\"ngg-image-47\" class=\"ngg-gallery-thumbnail-box \" >\n\t\t\t\t        <div class=\"ngg-gallery-thumbnail\">\n            <a href=\"https:\/\/fotorosta.cz\/wp-content\/gallery\/pomnik-2025\/143-Pietni-akt.JPG\"\n               title=\"\"\n               data-src=\"https:\/\/fotorosta.cz\/wp-content\/gallery\/pomnik-2025\/143-Pietni-akt.JPG\"\n               data-thumbnail=\"https:\/\/fotorosta.cz\/wp-content\/gallery\/pomnik-2025\/thumbs\/thumbs_143-Pietni-akt.JPG\"\n               data-image-id=\"55323\"\n               data-title=\"143-Pietni-akt\"\n               data-description=\"\"\n               data-image-slug=\"143-pietni-akt\"\n               class=\"shutterset_5f8809419dcc0f630d77936d34a7baae\">\n                <img\n                    title=\"143-Pietni-akt\"\n                    alt=\"143-Pietni-akt\"\n                    src=\"https:\/\/fotorosta.cz\/wp-content\/gallery\/pomnik-2025\/thumbs\/thumbs_143-Pietni-akt.JPG\"\n                    width=\"100\"\n                    height=\"75\"\n                    style=\"max-width:100%;\"\n                \/>\n            <\/a>\n        <\/div>\n\t\t\t\t\t\t\t<\/div> \n\t\t\t\n\t\t\t\t<div id=\"ngg-image-48\" class=\"ngg-gallery-thumbnail-box \" >\n\t\t\t\t        <div class=\"ngg-gallery-thumbnail\">\n            <a href=\"https:\/\/fotorosta.cz\/wp-content\/gallery\/pomnik-2025\/146-Pietni-akt.JPG\"\n               title=\"\"\n               data-src=\"https:\/\/fotorosta.cz\/wp-content\/gallery\/pomnik-2025\/146-Pietni-akt.JPG\"\n               data-thumbnail=\"https:\/\/fotorosta.cz\/wp-content\/gallery\/pomnik-2025\/thumbs\/thumbs_146-Pietni-akt.JPG\"\n               data-image-id=\"55324\"\n               data-title=\"146-Pietni-akt\"\n               data-description=\"\"\n               data-image-slug=\"146-pietni-akt\"\n               class=\"shutterset_5f8809419dcc0f630d77936d34a7baae\">\n                <img\n                    title=\"146-Pietni-akt\"\n                    alt=\"146-Pietni-akt\"\n                    src=\"https:\/\/fotorosta.cz\/wp-content\/gallery\/pomnik-2025\/thumbs\/thumbs_146-Pietni-akt.JPG\"\n                    width=\"100\"\n                    height=\"75\"\n                    style=\"max-width:100%;\"\n                \/>\n            <\/a>\n        <\/div>\n\t\t\t\t\t\t\t<\/div> \n\t\t\t\n\t\t\t\t<div id=\"ngg-image-49\" class=\"ngg-gallery-thumbnail-box \" >\n\t\t\t\t        <div class=\"ngg-gallery-thumbnail\">\n            <a href=\"https:\/\/fotorosta.cz\/wp-content\/gallery\/pomnik-2025\/144-Pietni-akt.JPG\"\n               title=\"\"\n               data-src=\"https:\/\/fotorosta.cz\/wp-content\/gallery\/pomnik-2025\/144-Pietni-akt.JPG\"\n               data-thumbnail=\"https:\/\/fotorosta.cz\/wp-content\/gallery\/pomnik-2025\/thumbs\/thumbs_144-Pietni-akt.JPG\"\n               data-image-id=\"55326\"\n               data-title=\"144-Pietni-akt\"\n               data-description=\"\"\n               data-image-slug=\"144-pietni-akt\"\n               class=\"shutterset_5f8809419dcc0f630d77936d34a7baae\">\n                <img\n                    title=\"144-Pietni-akt\"\n                    alt=\"144-Pietni-akt\"\n                    src=\"https:\/\/fotorosta.cz\/wp-content\/gallery\/pomnik-2025\/thumbs\/thumbs_144-Pietni-akt.JPG\"\n                    width=\"100\"\n                    height=\"75\"\n                    style=\"max-width:100%;\"\n                \/>\n            <\/a>\n        <\/div>\n\t\t\t\t\t\t\t<\/div> \n\t\t\t\n\t\t\t\t<div id=\"ngg-image-50\" class=\"ngg-gallery-thumbnail-box \" >\n\t\t\t\t        <div class=\"ngg-gallery-thumbnail\">\n            <a href=\"https:\/\/fotorosta.cz\/wp-content\/gallery\/pomnik-2025\/147-Pietni-akt.JPG\"\n               title=\"\"\n               data-src=\"https:\/\/fotorosta.cz\/wp-content\/gallery\/pomnik-2025\/147-Pietni-akt.JPG\"\n               data-thumbnail=\"https:\/\/fotorosta.cz\/wp-content\/gallery\/pomnik-2025\/thumbs\/thumbs_147-Pietni-akt.JPG\"\n               data-image-id=\"55327\"\n               data-title=\"147-Pietni-akt\"\n               data-description=\"\"\n               data-image-slug=\"147-pietni-akt\"\n               class=\"shutterset_5f8809419dcc0f630d77936d34a7baae\">\n                <img\n                    title=\"147-Pietni-akt\"\n                    alt=\"147-Pietni-akt\"\n                    src=\"https:\/\/fotorosta.cz\/wp-content\/gallery\/pomnik-2025\/thumbs\/thumbs_147-Pietni-akt.JPG\"\n                    width=\"100\"\n                    height=\"75\"\n                    style=\"max-width:100%;\"\n                \/>\n            <\/a>\n        <\/div>\n\t\t\t\t\t\t\t<\/div> \n\t\t\t\n\t\t\t\t<div id=\"ngg-image-51\" class=\"ngg-gallery-thumbnail-box \" >\n\t\t\t\t        <div class=\"ngg-gallery-thumbnail\">\n            <a href=\"https:\/\/fotorosta.cz\/wp-content\/gallery\/pomnik-2025\/148-Pietni-akt.JPG\"\n               title=\"\"\n               data-src=\"https:\/\/fotorosta.cz\/wp-content\/gallery\/pomnik-2025\/148-Pietni-akt.JPG\"\n               data-thumbnail=\"https:\/\/fotorosta.cz\/wp-content\/gallery\/pomnik-2025\/thumbs\/thumbs_148-Pietni-akt.JPG\"\n               data-image-id=\"55328\"\n               data-title=\"148-Pietni-akt\"\n               data-description=\"\"\n               data-image-slug=\"148-pietni-akt\"\n               class=\"shutterset_5f8809419dcc0f630d77936d34a7baae\">\n                <img\n                    title=\"148-Pietni-akt\"\n                    alt=\"148-Pietni-akt\"\n                    src=\"https:\/\/fotorosta.cz\/wp-content\/gallery\/pomnik-2025\/thumbs\/thumbs_148-Pietni-akt.JPG\"\n                    width=\"100\"\n                    height=\"75\"\n                    style=\"max-width:100%;\"\n                \/>\n            <\/a>\n        <\/div>\n\t\t\t\t\t\t\t<\/div> \n\t\t\t\n\t\t\t\t<div id=\"ngg-image-52\" class=\"ngg-gallery-thumbnail-box \" >\n\t\t\t\t        <div class=\"ngg-gallery-thumbnail\">\n            <a href=\"https:\/\/fotorosta.cz\/wp-content\/gallery\/pomnik-2025\/150-Pietni-akt.JPG\"\n               title=\"\"\n               data-src=\"https:\/\/fotorosta.cz\/wp-content\/gallery\/pomnik-2025\/150-Pietni-akt.JPG\"\n               data-thumbnail=\"https:\/\/fotorosta.cz\/wp-content\/gallery\/pomnik-2025\/thumbs\/thumbs_150-Pietni-akt.JPG\"\n               data-image-id=\"55329\"\n               data-title=\"150-Pietni-akt\"\n               data-description=\"\"\n               data-image-slug=\"150-pietni-akt\"\n               class=\"shutterset_5f8809419dcc0f630d77936d34a7baae\">\n                <img\n                    title=\"150-Pietni-akt\"\n                    alt=\"150-Pietni-akt\"\n                    src=\"https:\/\/fotorosta.cz\/wp-content\/gallery\/pomnik-2025\/thumbs\/thumbs_150-Pietni-akt.JPG\"\n                    width=\"100\"\n                    height=\"75\"\n                    style=\"max-width:100%;\"\n                \/>\n            <\/a>\n        <\/div>\n\t\t\t\t\t\t\t<\/div> \n\t\t\t\n\t\t\t\t<div id=\"ngg-image-53\" class=\"ngg-gallery-thumbnail-box \" >\n\t\t\t\t        <div class=\"ngg-gallery-thumbnail\">\n            <a href=\"https:\/\/fotorosta.cz\/wp-content\/gallery\/pomnik-2025\/155-Pietni-akt.JPG\"\n               title=\"\"\n               data-src=\"https:\/\/fotorosta.cz\/wp-content\/gallery\/pomnik-2025\/155-Pietni-akt.JPG\"\n               data-thumbnail=\"https:\/\/fotorosta.cz\/wp-content\/gallery\/pomnik-2025\/thumbs\/thumbs_155-Pietni-akt.JPG\"\n               data-image-id=\"55335\"\n               data-title=\"155-Pietni-akt\"\n               data-description=\"\"\n               data-image-slug=\"155-pietni-akt\"\n               class=\"shutterset_5f8809419dcc0f630d77936d34a7baae\">\n                <img\n                    title=\"155-Pietni-akt\"\n                    alt=\"155-Pietni-akt\"\n                    src=\"https:\/\/fotorosta.cz\/wp-content\/gallery\/pomnik-2025\/thumbs\/thumbs_155-Pietni-akt.JPG\"\n                    width=\"100\"\n                    height=\"75\"\n                    style=\"max-width:100%;\"\n                \/>\n            <\/a>\n        <\/div>\n\t\t\t\t\t\t\t<\/div> \n\t\t\t\n\t\t\t\t<div id=\"ngg-image-54\" class=\"ngg-gallery-thumbnail-box \" >\n\t\t\t\t        <div class=\"ngg-gallery-thumbnail\">\n            <a href=\"https:\/\/fotorosta.cz\/wp-content\/gallery\/pomnik-2025\/156-Pietni-akt.JPG\"\n               title=\"\"\n               data-src=\"https:\/\/fotorosta.cz\/wp-content\/gallery\/pomnik-2025\/156-Pietni-akt.JPG\"\n               data-thumbnail=\"https:\/\/fotorosta.cz\/wp-content\/gallery\/pomnik-2025\/thumbs\/thumbs_156-Pietni-akt.JPG\"\n               data-image-id=\"55336\"\n               data-title=\"156-Pietni-akt\"\n               data-description=\"\"\n               data-image-slug=\"156-pietni-akt\"\n               class=\"shutterset_5f8809419dcc0f630d77936d34a7baae\">\n                <img\n                    title=\"156-Pietni-akt\"\n                    alt=\"156-Pietni-akt\"\n                    src=\"https:\/\/fotorosta.cz\/wp-content\/gallery\/pomnik-2025\/thumbs\/thumbs_156-Pietni-akt.JPG\"\n                    width=\"100\"\n                    height=\"75\"\n                    style=\"max-width:100%;\"\n                \/>\n            <\/a>\n        <\/div>\n\t\t\t\t\t\t\t<\/div> \n\t\t\t\n\t\t\t\t<div id=\"ngg-image-55\" class=\"ngg-gallery-thumbnail-box \" >\n\t\t\t\t        <div class=\"ngg-gallery-thumbnail\">\n            <a href=\"https:\/\/fotorosta.cz\/wp-content\/gallery\/pomnik-2025\/157-Pietni-akt.JPG\"\n               title=\"\"\n               data-src=\"https:\/\/fotorosta.cz\/wp-content\/gallery\/pomnik-2025\/157-Pietni-akt.JPG\"\n               data-thumbnail=\"https:\/\/fotorosta.cz\/wp-content\/gallery\/pomnik-2025\/thumbs\/thumbs_157-Pietni-akt.JPG\"\n               data-image-id=\"55337\"\n               data-title=\"157-Pietni-akt\"\n               data-description=\"\"\n               data-image-slug=\"157-pietni-akt\"\n               class=\"shutterset_5f8809419dcc0f630d77936d34a7baae\">\n                <img\n                    title=\"157-Pietni-akt\"\n                    alt=\"157-Pietni-akt\"\n                    src=\"https:\/\/fotorosta.cz\/wp-content\/gallery\/pomnik-2025\/thumbs\/thumbs_157-Pietni-akt.JPG\"\n                    width=\"100\"\n                    height=\"75\"\n                    style=\"max-width:100%;\"\n                \/>\n            <\/a>\n        <\/div>\n\t\t\t\t\t\t\t<\/div> \n\t\t\t\n\t\t\t\t<div id=\"ngg-image-56\" class=\"ngg-gallery-thumbnail-box \" >\n\t\t\t\t        <div class=\"ngg-gallery-thumbnail\">\n            <a href=\"https:\/\/fotorosta.cz\/wp-content\/gallery\/pomnik-2025\/151-Pietni-akt.JPG\"\n               title=\"\"\n               data-src=\"https:\/\/fotorosta.cz\/wp-content\/gallery\/pomnik-2025\/151-Pietni-akt.JPG\"\n               data-thumbnail=\"https:\/\/fotorosta.cz\/wp-content\/gallery\/pomnik-2025\/thumbs\/thumbs_151-Pietni-akt.JPG\"\n               data-image-id=\"55331\"\n               data-title=\"151-Pietni-akt\"\n               data-description=\"\"\n               data-image-slug=\"151-pietni-akt\"\n               class=\"shutterset_5f8809419dcc0f630d77936d34a7baae\">\n                <img\n                    title=\"151-Pietni-akt\"\n                    alt=\"151-Pietni-akt\"\n                    src=\"https:\/\/fotorosta.cz\/wp-content\/gallery\/pomnik-2025\/thumbs\/thumbs_151-Pietni-akt.JPG\"\n                    width=\"100\"\n                    height=\"75\"\n                    style=\"max-width:100%;\"\n                \/>\n            <\/a>\n        <\/div>\n\t\t\t\t\t\t\t<\/div> \n\t\t\t\n\t\t\t\t<div id=\"ngg-image-57\" class=\"ngg-gallery-thumbnail-box \" >\n\t\t\t\t        <div class=\"ngg-gallery-thumbnail\">\n            <a href=\"https:\/\/fotorosta.cz\/wp-content\/gallery\/pomnik-2025\/154-Pietni-akt.JPG\"\n               title=\"\"\n               data-src=\"https:\/\/fotorosta.cz\/wp-content\/gallery\/pomnik-2025\/154-Pietni-akt.JPG\"\n               data-thumbnail=\"https:\/\/fotorosta.cz\/wp-content\/gallery\/pomnik-2025\/thumbs\/thumbs_154-Pietni-akt.JPG\"\n               data-image-id=\"55332\"\n               data-title=\"154-Pietni-akt\"\n               data-description=\"\"\n               data-image-slug=\"154-pietni-akt\"\n               class=\"shutterset_5f8809419dcc0f630d77936d34a7baae\">\n                <img\n                    title=\"154-Pietni-akt\"\n                    alt=\"154-Pietni-akt\"\n                    src=\"https:\/\/fotorosta.cz\/wp-content\/gallery\/pomnik-2025\/thumbs\/thumbs_154-Pietni-akt.JPG\"\n                    width=\"100\"\n                    height=\"75\"\n                    style=\"max-width:100%;\"\n                \/>\n            <\/a>\n        <\/div>\n\t\t\t\t\t\t\t<\/div> \n\t\t\t\n\t\t\t\t<div id=\"ngg-image-58\" class=\"ngg-gallery-thumbnail-box \" >\n\t\t\t\t        <div class=\"ngg-gallery-thumbnail\">\n            <a href=\"https:\/\/fotorosta.cz\/wp-content\/gallery\/pomnik-2025\/158-Pietni-akt.JPG\"\n               title=\"\"\n               data-src=\"https:\/\/fotorosta.cz\/wp-content\/gallery\/pomnik-2025\/158-Pietni-akt.JPG\"\n               data-thumbnail=\"https:\/\/fotorosta.cz\/wp-content\/gallery\/pomnik-2025\/thumbs\/thumbs_158-Pietni-akt.JPG\"\n               data-image-id=\"55338\"\n               data-title=\"158-Pietni-akt\"\n               data-description=\"\"\n               data-image-slug=\"158-pietni-akt\"\n               class=\"shutterset_5f8809419dcc0f630d77936d34a7baae\">\n                <img\n                    title=\"158-Pietni-akt\"\n                    alt=\"158-Pietni-akt\"\n                    src=\"https:\/\/fotorosta.cz\/wp-content\/gallery\/pomnik-2025\/thumbs\/thumbs_158-Pietni-akt.JPG\"\n                    width=\"100\"\n                    height=\"75\"\n                    style=\"max-width:100%;\"\n                \/>\n            <\/a>\n        <\/div>\n\t\t\t\t\t\t\t<\/div> \n\t\t\t\n\t\t\t\t<div id=\"ngg-image-59\" class=\"ngg-gallery-thumbnail-box \" >\n\t\t\t\t        <div class=\"ngg-gallery-thumbnail\">\n            <a href=\"https:\/\/fotorosta.cz\/wp-content\/gallery\/pomnik-2025\/159-Pietni-akt.JPG\"\n               title=\"\"\n               data-src=\"https:\/\/fotorosta.cz\/wp-content\/gallery\/pomnik-2025\/159-Pietni-akt.JPG\"\n               data-thumbnail=\"https:\/\/fotorosta.cz\/wp-content\/gallery\/pomnik-2025\/thumbs\/thumbs_159-Pietni-akt.JPG\"\n               data-image-id=\"55339\"\n               data-title=\"159-Pietni-akt\"\n               data-description=\"\"\n               data-image-slug=\"159-pietni-akt\"\n               class=\"shutterset_5f8809419dcc0f630d77936d34a7baae\">\n                <img\n                    title=\"159-Pietni-akt\"\n                    alt=\"159-Pietni-akt\"\n                    src=\"https:\/\/fotorosta.cz\/wp-content\/gallery\/pomnik-2025\/thumbs\/thumbs_159-Pietni-akt.JPG\"\n                    width=\"100\"\n                    height=\"75\"\n                    style=\"max-width:100%;\"\n                \/>\n            <\/a>\n        <\/div>\n\t\t\t\t\t\t\t<\/div> \n\t\t\t\n\t\t\t\t<div id=\"ngg-image-60\" class=\"ngg-gallery-thumbnail-box \" >\n\t\t\t\t        <div class=\"ngg-gallery-thumbnail\">\n            <a href=\"https:\/\/fotorosta.cz\/wp-content\/gallery\/pomnik-2025\/160-Pietni-akt.JPG\"\n               title=\"\"\n               data-src=\"https:\/\/fotorosta.cz\/wp-content\/gallery\/pomnik-2025\/160-Pietni-akt.JPG\"\n               data-thumbnail=\"https:\/\/fotorosta.cz\/wp-content\/gallery\/pomnik-2025\/thumbs\/thumbs_160-Pietni-akt.JPG\"\n               data-image-id=\"55340\"\n               data-title=\"160-Pietni-akt\"\n               data-description=\"\"\n               data-image-slug=\"160-pietni-akt\"\n               class=\"shutterset_5f8809419dcc0f630d77936d34a7baae\">\n                <img\n                    title=\"160-Pietni-akt\"\n                    alt=\"160-Pietni-akt\"\n                    src=\"https:\/\/fotorosta.cz\/wp-content\/gallery\/pomnik-2025\/thumbs\/thumbs_160-Pietni-akt.JPG\"\n                    width=\"100\"\n                    height=\"75\"\n                    style=\"max-width:100%;\"\n                \/>\n            <\/a>\n        <\/div>\n\t\t\t\t\t\t\t<\/div> \n\t\t\t\n\t\t\t\t<div id=\"ngg-image-61\" class=\"ngg-gallery-thumbnail-box \" >\n\t\t\t\t        <div class=\"ngg-gallery-thumbnail\">\n            <a href=\"https:\/\/fotorosta.cz\/wp-content\/gallery\/pomnik-2025\/161-Pietni-akt.JPG\"\n               title=\"\"\n               data-src=\"https:\/\/fotorosta.cz\/wp-content\/gallery\/pomnik-2025\/161-Pietni-akt.JPG\"\n               data-thumbnail=\"https:\/\/fotorosta.cz\/wp-content\/gallery\/pomnik-2025\/thumbs\/thumbs_161-Pietni-akt.JPG\"\n               data-image-id=\"55341\"\n               data-title=\"161-Pietni-akt\"\n               data-description=\"\"\n               data-image-slug=\"161-pietni-akt\"\n               class=\"shutterset_5f8809419dcc0f630d77936d34a7baae\">\n                <img\n                    title=\"161-Pietni-akt\"\n                    alt=\"161-Pietni-akt\"\n                    src=\"https:\/\/fotorosta.cz\/wp-content\/gallery\/pomnik-2025\/thumbs\/thumbs_161-Pietni-akt.JPG\"\n                    width=\"100\"\n                    height=\"75\"\n                    style=\"max-width:100%;\"\n                \/>\n            <\/a>\n        <\/div>\n\t\t\t\t\t\t\t<\/div> \n\t\t\t\n\t\t\t\t<div id=\"ngg-image-62\" class=\"ngg-gallery-thumbnail-box \" >\n\t\t\t\t        <div class=\"ngg-gallery-thumbnail\">\n            <a href=\"https:\/\/fotorosta.cz\/wp-content\/gallery\/pomnik-2025\/163-Pietni-akt.JPG\"\n               title=\"\"\n               data-src=\"https:\/\/fotorosta.cz\/wp-content\/gallery\/pomnik-2025\/163-Pietni-akt.JPG\"\n               data-thumbnail=\"https:\/\/fotorosta.cz\/wp-content\/gallery\/pomnik-2025\/thumbs\/thumbs_163-Pietni-akt.JPG\"\n               data-image-id=\"55342\"\n               data-title=\"163-Pietni-akt\"\n               data-description=\"\"\n               data-image-slug=\"163-pietni-akt\"\n               class=\"shutterset_5f8809419dcc0f630d77936d34a7baae\">\n                <img\n                    title=\"163-Pietni-akt\"\n                    alt=\"163-Pietni-akt\"\n                    src=\"https:\/\/fotorosta.cz\/wp-content\/gallery\/pomnik-2025\/thumbs\/thumbs_163-Pietni-akt.JPG\"\n                    width=\"100\"\n                    height=\"75\"\n                    style=\"max-width:100%;\"\n                \/>\n            <\/a>\n        <\/div>\n\t\t\t\t\t\t\t<\/div> \n\t\t\t\n\t\t\t\t<div id=\"ngg-image-63\" class=\"ngg-gallery-thumbnail-box \" >\n\t\t\t\t        <div class=\"ngg-gallery-thumbnail\">\n            <a href=\"https:\/\/fotorosta.cz\/wp-content\/gallery\/pomnik-2025\/162-Pietni-akt.JPG\"\n               title=\"\"\n               data-src=\"https:\/\/fotorosta.cz\/wp-content\/gallery\/pomnik-2025\/162-Pietni-akt.JPG\"\n               data-thumbnail=\"https:\/\/fotorosta.cz\/wp-content\/gallery\/pomnik-2025\/thumbs\/thumbs_162-Pietni-akt.JPG\"\n               data-image-id=\"55343\"\n               data-title=\"162-Pietni-akt\"\n               data-description=\"\"\n               data-image-slug=\"162-pietni-akt\"\n               class=\"shutterset_5f8809419dcc0f630d77936d34a7baae\">\n                <img\n                    title=\"162-Pietni-akt\"\n                    alt=\"162-Pietni-akt\"\n                    src=\"https:\/\/fotorosta.cz\/wp-content\/gallery\/pomnik-2025\/thumbs\/thumbs_162-Pietni-akt.JPG\"\n                    width=\"100\"\n                    height=\"75\"\n                    style=\"max-width:100%;\"\n                \/>\n            <\/a>\n        <\/div>\n\t\t\t\t\t\t\t<\/div> \n\t\t\t\n\t\t\t\t<div id=\"ngg-image-64\" class=\"ngg-gallery-thumbnail-box \" >\n\t\t\t\t        <div class=\"ngg-gallery-thumbnail\">\n            <a href=\"https:\/\/fotorosta.cz\/wp-content\/gallery\/pomnik-2025\/164-Pietni-akt.JPG\"\n               title=\"\"\n               data-src=\"https:\/\/fotorosta.cz\/wp-content\/gallery\/pomnik-2025\/164-Pietni-akt.JPG\"\n               data-thumbnail=\"https:\/\/fotorosta.cz\/wp-content\/gallery\/pomnik-2025\/thumbs\/thumbs_164-Pietni-akt.JPG\"\n               data-image-id=\"55344\"\n               data-title=\"164-Pietni-akt\"\n               data-description=\"\"\n               data-image-slug=\"164-pietni-akt\"\n               class=\"shutterset_5f8809419dcc0f630d77936d34a7baae\">\n                <img\n                    title=\"164-Pietni-akt\"\n                    alt=\"164-Pietni-akt\"\n                    src=\"https:\/\/fotorosta.cz\/wp-content\/gallery\/pomnik-2025\/thumbs\/thumbs_164-Pietni-akt.JPG\"\n                    width=\"100\"\n                    height=\"75\"\n                    style=\"max-width:100%;\"\n                \/>\n            <\/a>\n        <\/div>\n\t\t\t\t\t\t\t<\/div> \n\t\t\t\n\t\t\t\t<div id=\"ngg-image-65\" class=\"ngg-gallery-thumbnail-box \" >\n\t\t\t\t        <div class=\"ngg-gallery-thumbnail\">\n            <a href=\"https:\/\/fotorosta.cz\/wp-content\/gallery\/pomnik-2025\/166-Pietni-akt.JPG\"\n               title=\"\"\n               data-src=\"https:\/\/fotorosta.cz\/wp-content\/gallery\/pomnik-2025\/166-Pietni-akt.JPG\"\n               data-thumbnail=\"https:\/\/fotorosta.cz\/wp-content\/gallery\/pomnik-2025\/thumbs\/thumbs_166-Pietni-akt.JPG\"\n               data-image-id=\"55346\"\n               data-title=\"166-Pietni-akt\"\n               data-description=\"\"\n               data-image-slug=\"166-pietni-akt\"\n               class=\"shutterset_5f8809419dcc0f630d77936d34a7baae\">\n                <img\n                    title=\"166-Pietni-akt\"\n                    alt=\"166-Pietni-akt\"\n                    src=\"https:\/\/fotorosta.cz\/wp-content\/gallery\/pomnik-2025\/thumbs\/thumbs_166-Pietni-akt.JPG\"\n                    width=\"100\"\n                    height=\"75\"\n                    style=\"max-width:100%;\"\n                \/>\n            <\/a>\n        <\/div>\n\t\t\t\t\t\t\t<\/div> \n\t\t\t\n\t\t\t\t<div id=\"ngg-image-66\" class=\"ngg-gallery-thumbnail-box \" >\n\t\t\t\t        <div class=\"ngg-gallery-thumbnail\">\n            <a href=\"https:\/\/fotorosta.cz\/wp-content\/gallery\/pomnik-2025\/167-Pietni-akt.JPG\"\n               title=\"\"\n               data-src=\"https:\/\/fotorosta.cz\/wp-content\/gallery\/pomnik-2025\/167-Pietni-akt.JPG\"\n               data-thumbnail=\"https:\/\/fotorosta.cz\/wp-content\/gallery\/pomnik-2025\/thumbs\/thumbs_167-Pietni-akt.JPG\"\n               data-image-id=\"55345\"\n               data-title=\"167-Pietni-akt\"\n               data-description=\"\"\n               data-image-slug=\"167-pietni-akt\"\n               class=\"shutterset_5f8809419dcc0f630d77936d34a7baae\">\n                <img\n                    title=\"167-Pietni-akt\"\n                    alt=\"167-Pietni-akt\"\n                    src=\"https:\/\/fotorosta.cz\/wp-content\/gallery\/pomnik-2025\/thumbs\/thumbs_167-Pietni-akt.JPG\"\n                    width=\"100\"\n                    height=\"75\"\n                    style=\"max-width:100%;\"\n                \/>\n            <\/a>\n        <\/div>\n\t\t\t\t\t\t\t<\/div> \n\t\t\t\n\t\t\t\t<div id=\"ngg-image-67\" class=\"ngg-gallery-thumbnail-box \" >\n\t\t\t\t        <div class=\"ngg-gallery-thumbnail\">\n            <a href=\"https:\/\/fotorosta.cz\/wp-content\/gallery\/pomnik-2025\/165-Pietni-akt.JPG\"\n               title=\"\"\n               data-src=\"https:\/\/fotorosta.cz\/wp-content\/gallery\/pomnik-2025\/165-Pietni-akt.JPG\"\n               data-thumbnail=\"https:\/\/fotorosta.cz\/wp-content\/gallery\/pomnik-2025\/thumbs\/thumbs_165-Pietni-akt.JPG\"\n               data-image-id=\"55347\"\n               data-title=\"165-Pietni-akt\"\n               data-description=\"\"\n               data-image-slug=\"165-pietni-akt\"\n               class=\"shutterset_5f8809419dcc0f630d77936d34a7baae\">\n                <img\n                    title=\"165-Pietni-akt\"\n                    alt=\"165-Pietni-akt\"\n                    src=\"https:\/\/fotorosta.cz\/wp-content\/gallery\/pomnik-2025\/thumbs\/thumbs_165-Pietni-akt.JPG\"\n                    width=\"100\"\n                    height=\"75\"\n                    style=\"max-width:100%;\"\n                \/>\n            <\/a>\n        <\/div>\n\t\t\t\t\t\t\t<\/div> \n\t\t\t\n\t\t\t\t<div id=\"ngg-image-68\" class=\"ngg-gallery-thumbnail-box \" >\n\t\t\t\t        <div class=\"ngg-gallery-thumbnail\">\n            <a href=\"https:\/\/fotorosta.cz\/wp-content\/gallery\/pomnik-2025\/168-Pietni-akt.JPG\"\n               title=\"\"\n               data-src=\"https:\/\/fotorosta.cz\/wp-content\/gallery\/pomnik-2025\/168-Pietni-akt.JPG\"\n               data-thumbnail=\"https:\/\/fotorosta.cz\/wp-content\/gallery\/pomnik-2025\/thumbs\/thumbs_168-Pietni-akt.JPG\"\n               data-image-id=\"55348\"\n               data-title=\"168-Pietni-akt\"\n               data-description=\"\"\n               data-image-slug=\"168-pietni-akt\"\n               class=\"shutterset_5f8809419dcc0f630d77936d34a7baae\">\n                <img\n                    title=\"168-Pietni-akt\"\n                    alt=\"168-Pietni-akt\"\n                    src=\"https:\/\/fotorosta.cz\/wp-content\/gallery\/pomnik-2025\/thumbs\/thumbs_168-Pietni-akt.JPG\"\n                    width=\"100\"\n                    height=\"75\"\n                    style=\"max-width:100%;\"\n                \/>\n            <\/a>\n        <\/div>\n\t\t\t\t\t\t\t<\/div> \n\t\t\t\n\t\t\t\t<div id=\"ngg-image-69\" class=\"ngg-gallery-thumbnail-box \" >\n\t\t\t\t        <div class=\"ngg-gallery-thumbnail\">\n            <a href=\"https:\/\/fotorosta.cz\/wp-content\/gallery\/pomnik-2025\/169-Pietni-akt.JPG\"\n               title=\"\"\n               data-src=\"https:\/\/fotorosta.cz\/wp-content\/gallery\/pomnik-2025\/169-Pietni-akt.JPG\"\n               data-thumbnail=\"https:\/\/fotorosta.cz\/wp-content\/gallery\/pomnik-2025\/thumbs\/thumbs_169-Pietni-akt.JPG\"\n               data-image-id=\"55349\"\n               data-title=\"169-Pietni-akt\"\n               data-description=\"\"\n               data-image-slug=\"169-pietni-akt\"\n               class=\"shutterset_5f8809419dcc0f630d77936d34a7baae\">\n                <img\n                    title=\"169-Pietni-akt\"\n                    alt=\"169-Pietni-akt\"\n                    src=\"https:\/\/fotorosta.cz\/wp-content\/gallery\/pomnik-2025\/thumbs\/thumbs_169-Pietni-akt.JPG\"\n                    width=\"100\"\n                    height=\"75\"\n                    style=\"max-width:100%;\"\n                \/>\n            <\/a>\n        <\/div>\n\t\t\t\t\t\t\t<\/div> \n\t\t\t\n\t\t\t\t<div id=\"ngg-image-70\" class=\"ngg-gallery-thumbnail-box \" >\n\t\t\t\t        <div class=\"ngg-gallery-thumbnail\">\n            <a href=\"https:\/\/fotorosta.cz\/wp-content\/gallery\/pomnik-2025\/171-Pietni-akt.JPG\"\n               title=\"\"\n               data-src=\"https:\/\/fotorosta.cz\/wp-content\/gallery\/pomnik-2025\/171-Pietni-akt.JPG\"\n               data-thumbnail=\"https:\/\/fotorosta.cz\/wp-content\/gallery\/pomnik-2025\/thumbs\/thumbs_171-Pietni-akt.JPG\"\n               data-image-id=\"55350\"\n               data-title=\"171-Pietni-akt\"\n               data-description=\"\"\n               data-image-slug=\"171-pietni-akt\"\n               class=\"shutterset_5f8809419dcc0f630d77936d34a7baae\">\n                <img\n                    title=\"171-Pietni-akt\"\n                    alt=\"171-Pietni-akt\"\n                    src=\"https:\/\/fotorosta.cz\/wp-content\/gallery\/pomnik-2025\/thumbs\/thumbs_171-Pietni-akt.JPG\"\n                    width=\"100\"\n                    height=\"75\"\n                    style=\"max-width:100%;\"\n                \/>\n            <\/a>\n        <\/div>\n\t\t\t\t\t\t\t<\/div> \n\t\t\t\n\t\t\t\t<div id=\"ngg-image-71\" class=\"ngg-gallery-thumbnail-box \" >\n\t\t\t\t        <div class=\"ngg-gallery-thumbnail\">\n            <a href=\"https:\/\/fotorosta.cz\/wp-content\/gallery\/pomnik-2025\/172-Pietni-akt.JPG\"\n               title=\"\"\n               data-src=\"https:\/\/fotorosta.cz\/wp-content\/gallery\/pomnik-2025\/172-Pietni-akt.JPG\"\n               data-thumbnail=\"https:\/\/fotorosta.cz\/wp-content\/gallery\/pomnik-2025\/thumbs\/thumbs_172-Pietni-akt.JPG\"\n               data-image-id=\"55351\"\n               data-title=\"172-Pietni-akt\"\n               data-description=\"\"\n               data-image-slug=\"172-pietni-akt\"\n               class=\"shutterset_5f8809419dcc0f630d77936d34a7baae\">\n                <img\n                    title=\"172-Pietni-akt\"\n                    alt=\"172-Pietni-akt\"\n                    src=\"https:\/\/fotorosta.cz\/wp-content\/gallery\/pomnik-2025\/thumbs\/thumbs_172-Pietni-akt.JPG\"\n                    width=\"100\"\n                    height=\"75\"\n                    style=\"max-width:100%;\"\n                \/>\n            <\/a>\n        <\/div>\n\t\t\t\t\t\t\t<\/div> \n\t\t\t\n\t\t\t\t<div id=\"ngg-image-72\" class=\"ngg-gallery-thumbnail-box \" >\n\t\t\t\t        <div class=\"ngg-gallery-thumbnail\">\n            <a href=\"https:\/\/fotorosta.cz\/wp-content\/gallery\/pomnik-2025\/174-Pietni-akt.JPG\"\n               title=\"\"\n               data-src=\"https:\/\/fotorosta.cz\/wp-content\/gallery\/pomnik-2025\/174-Pietni-akt.JPG\"\n               data-thumbnail=\"https:\/\/fotorosta.cz\/wp-content\/gallery\/pomnik-2025\/thumbs\/thumbs_174-Pietni-akt.JPG\"\n               data-image-id=\"55354\"\n               data-title=\"174-Pietni-akt\"\n               data-description=\"\"\n               data-image-slug=\"174-pietni-akt\"\n               class=\"shutterset_5f8809419dcc0f630d77936d34a7baae\">\n                <img\n                    title=\"174-Pietni-akt\"\n                    alt=\"174-Pietni-akt\"\n                    src=\"https:\/\/fotorosta.cz\/wp-content\/gallery\/pomnik-2025\/thumbs\/thumbs_174-Pietni-akt.JPG\"\n                    width=\"100\"\n                    height=\"75\"\n                    style=\"max-width:100%;\"\n                \/>\n            <\/a>\n        <\/div>\n\t\t\t\t\t\t\t<\/div> \n\t\t\t\n\t\t\t\t<div id=\"ngg-image-73\" class=\"ngg-gallery-thumbnail-box \" >\n\t\t\t\t        <div class=\"ngg-gallery-thumbnail\">\n            <a href=\"https:\/\/fotorosta.cz\/wp-content\/gallery\/pomnik-2025\/175-Pietni-akt.JPG\"\n               title=\"\"\n               data-src=\"https:\/\/fotorosta.cz\/wp-content\/gallery\/pomnik-2025\/175-Pietni-akt.JPG\"\n               data-thumbnail=\"https:\/\/fotorosta.cz\/wp-content\/gallery\/pomnik-2025\/thumbs\/thumbs_175-Pietni-akt.JPG\"\n               data-image-id=\"55355\"\n               data-title=\"175-Pietni-akt\"\n               data-description=\"\"\n               data-image-slug=\"175-pietni-akt\"\n               class=\"shutterset_5f8809419dcc0f630d77936d34a7baae\">\n                <img\n                    title=\"175-Pietni-akt\"\n                    alt=\"175-Pietni-akt\"\n                    src=\"https:\/\/fotorosta.cz\/wp-content\/gallery\/pomnik-2025\/thumbs\/thumbs_175-Pietni-akt.JPG\"\n                    width=\"100\"\n                    height=\"75\"\n                    style=\"max-width:100%;\"\n                \/>\n            <\/a>\n        <\/div>\n\t\t\t\t\t\t\t<\/div> \n\t\t\t\n\t\t\t\t<div id=\"ngg-image-74\" class=\"ngg-gallery-thumbnail-box \" >\n\t\t\t\t        <div class=\"ngg-gallery-thumbnail\">\n            <a href=\"https:\/\/fotorosta.cz\/wp-content\/gallery\/pomnik-2025\/176-Pietni-akt.JPG\"\n               title=\"\"\n               data-src=\"https:\/\/fotorosta.cz\/wp-content\/gallery\/pomnik-2025\/176-Pietni-akt.JPG\"\n               data-thumbnail=\"https:\/\/fotorosta.cz\/wp-content\/gallery\/pomnik-2025\/thumbs\/thumbs_176-Pietni-akt.JPG\"\n               data-image-id=\"55356\"\n               data-title=\"176-Pietni-akt\"\n               data-description=\"\"\n               data-image-slug=\"176-pietni-akt\"\n               class=\"shutterset_5f8809419dcc0f630d77936d34a7baae\">\n                <img\n                    title=\"176-Pietni-akt\"\n                    alt=\"176-Pietni-akt\"\n                    src=\"https:\/\/fotorosta.cz\/wp-content\/gallery\/pomnik-2025\/thumbs\/thumbs_176-Pietni-akt.JPG\"\n                    width=\"100\"\n                    height=\"75\"\n                    style=\"max-width:100%;\"\n                \/>\n            <\/a>\n        <\/div>\n\t\t\t\t\t\t\t<\/div> \n\t\t\t\n\t\t\t\t<div id=\"ngg-image-75\" class=\"ngg-gallery-thumbnail-box \" >\n\t\t\t\t        <div class=\"ngg-gallery-thumbnail\">\n            <a href=\"https:\/\/fotorosta.cz\/wp-content\/gallery\/pomnik-2025\/179-Pietni-akt.JPG\"\n               title=\"\"\n               data-src=\"https:\/\/fotorosta.cz\/wp-content\/gallery\/pomnik-2025\/179-Pietni-akt.JPG\"\n               data-thumbnail=\"https:\/\/fotorosta.cz\/wp-content\/gallery\/pomnik-2025\/thumbs\/thumbs_179-Pietni-akt.JPG\"\n               data-image-id=\"55357\"\n               data-title=\"179-Pietni-akt\"\n               data-description=\"\"\n               data-image-slug=\"179-pietni-akt\"\n               class=\"shutterset_5f8809419dcc0f630d77936d34a7baae\">\n                <img\n                    title=\"179-Pietni-akt\"\n                    alt=\"179-Pietni-akt\"\n                    src=\"https:\/\/fotorosta.cz\/wp-content\/gallery\/pomnik-2025\/thumbs\/thumbs_179-Pietni-akt.JPG\"\n                    width=\"100\"\n                    height=\"75\"\n                    style=\"max-width:100%;\"\n                \/>\n            <\/a>\n        <\/div>\n\t\t\t\t\t\t\t<\/div> \n\t\t\t\n\t\t\t\t<div id=\"ngg-image-76\" class=\"ngg-gallery-thumbnail-box \" >\n\t\t\t\t        <div class=\"ngg-gallery-thumbnail\">\n            <a href=\"https:\/\/fotorosta.cz\/wp-content\/gallery\/pomnik-2025\/170-Pietni-akt.JPG\"\n               title=\"\"\n               data-src=\"https:\/\/fotorosta.cz\/wp-content\/gallery\/pomnik-2025\/170-Pietni-akt.JPG\"\n               data-thumbnail=\"https:\/\/fotorosta.cz\/wp-content\/gallery\/pomnik-2025\/thumbs\/thumbs_170-Pietni-akt.JPG\"\n               data-image-id=\"55352\"\n               data-title=\"170-Pietni-akt\"\n               data-description=\"\"\n               data-image-slug=\"170-pietni-akt\"\n               class=\"shutterset_5f8809419dcc0f630d77936d34a7baae\">\n                <img\n                    title=\"170-Pietni-akt\"\n                    alt=\"170-Pietni-akt\"\n                    src=\"https:\/\/fotorosta.cz\/wp-content\/gallery\/pomnik-2025\/thumbs\/thumbs_170-Pietni-akt.JPG\"\n                    width=\"100\"\n                    height=\"75\"\n                    style=\"max-width:100%;\"\n                \/>\n            <\/a>\n        <\/div>\n\t\t\t\t\t\t\t<\/div> \n\t\t\t\n\t\t\t\t<div id=\"ngg-image-77\" class=\"ngg-gallery-thumbnail-box \" >\n\t\t\t\t        <div class=\"ngg-gallery-thumbnail\">\n            <a href=\"https:\/\/fotorosta.cz\/wp-content\/gallery\/pomnik-2025\/173-Pietni-akt.JPG\"\n               title=\"\"\n               data-src=\"https:\/\/fotorosta.cz\/wp-content\/gallery\/pomnik-2025\/173-Pietni-akt.JPG\"\n               data-thumbnail=\"https:\/\/fotorosta.cz\/wp-content\/gallery\/pomnik-2025\/thumbs\/thumbs_173-Pietni-akt.JPG\"\n               data-image-id=\"55353\"\n               data-title=\"173-Pietni-akt\"\n               data-description=\"\"\n               data-image-slug=\"173-pietni-akt\"\n               class=\"shutterset_5f8809419dcc0f630d77936d34a7baae\">\n                <img\n                    title=\"173-Pietni-akt\"\n                    alt=\"173-Pietni-akt\"\n                    src=\"https:\/\/fotorosta.cz\/wp-content\/gallery\/pomnik-2025\/thumbs\/thumbs_173-Pietni-akt.JPG\"\n                    width=\"100\"\n                    height=\"75\"\n                    style=\"max-width:100%;\"\n                \/>\n            <\/a>\n        <\/div>\n\t\t\t\t\t\t\t<\/div> \n\t\t\t\n\t\t\t\t<div id=\"ngg-image-78\" class=\"ngg-gallery-thumbnail-box \" >\n\t\t\t\t        <div class=\"ngg-gallery-thumbnail\">\n            <a href=\"https:\/\/fotorosta.cz\/wp-content\/gallery\/pomnik-2025\/177-Pietni-akt.JPG\"\n               title=\"\"\n               data-src=\"https:\/\/fotorosta.cz\/wp-content\/gallery\/pomnik-2025\/177-Pietni-akt.JPG\"\n               data-thumbnail=\"https:\/\/fotorosta.cz\/wp-content\/gallery\/pomnik-2025\/thumbs\/thumbs_177-Pietni-akt.JPG\"\n               data-image-id=\"55358\"\n               data-title=\"177-Pietni-akt\"\n               data-description=\"\"\n               data-image-slug=\"177-pietni-akt\"\n               class=\"shutterset_5f8809419dcc0f630d77936d34a7baae\">\n                <img\n                    title=\"177-Pietni-akt\"\n                    alt=\"177-Pietni-akt\"\n                    src=\"https:\/\/fotorosta.cz\/wp-content\/gallery\/pomnik-2025\/thumbs\/thumbs_177-Pietni-akt.JPG\"\n                    width=\"100\"\n                    height=\"75\"\n                    style=\"max-width:100%;\"\n                \/>\n            <\/a>\n        <\/div>\n\t\t\t\t\t\t\t<\/div> \n\t\t\t\n\t\t\t\t<div id=\"ngg-image-79\" class=\"ngg-gallery-thumbnail-box \" >\n\t\t\t\t        <div class=\"ngg-gallery-thumbnail\">\n            <a href=\"https:\/\/fotorosta.cz\/wp-content\/gallery\/pomnik-2025\/178-Pietni-akt.JPG\"\n               title=\"\"\n               data-src=\"https:\/\/fotorosta.cz\/wp-content\/gallery\/pomnik-2025\/178-Pietni-akt.JPG\"\n               data-thumbnail=\"https:\/\/fotorosta.cz\/wp-content\/gallery\/pomnik-2025\/thumbs\/thumbs_178-Pietni-akt.JPG\"\n               data-image-id=\"55359\"\n               data-title=\"178-Pietni-akt\"\n               data-description=\"\"\n               data-image-slug=\"178-pietni-akt\"\n               class=\"shutterset_5f8809419dcc0f630d77936d34a7baae\">\n                <img\n                    title=\"178-Pietni-akt\"\n                    alt=\"178-Pietni-akt\"\n                    src=\"https:\/\/fotorosta.cz\/wp-content\/gallery\/pomnik-2025\/thumbs\/thumbs_178-Pietni-akt.JPG\"\n                    width=\"100\"\n                    height=\"75\"\n                    style=\"max-width:100%;\"\n                \/>\n            <\/a>\n        <\/div>\n\t\t\t\t\t\t\t<\/div> \n\t\t\t\n\t\t\t\t<div id=\"ngg-image-80\" class=\"ngg-gallery-thumbnail-box \" >\n\t\t\t\t        <div class=\"ngg-gallery-thumbnail\">\n            <a href=\"https:\/\/fotorosta.cz\/wp-content\/gallery\/pomnik-2025\/180-Pietni-akt.JPG\"\n               title=\"\"\n               data-src=\"https:\/\/fotorosta.cz\/wp-content\/gallery\/pomnik-2025\/180-Pietni-akt.JPG\"\n               data-thumbnail=\"https:\/\/fotorosta.cz\/wp-content\/gallery\/pomnik-2025\/thumbs\/thumbs_180-Pietni-akt.JPG\"\n               data-image-id=\"55360\"\n               data-title=\"180-Pietni-akt\"\n               data-description=\"\"\n               data-image-slug=\"180-pietni-akt\"\n               class=\"shutterset_5f8809419dcc0f630d77936d34a7baae\">\n                <img\n                    title=\"180-Pietni-akt\"\n                    alt=\"180-Pietni-akt\"\n                    src=\"https:\/\/fotorosta.cz\/wp-content\/gallery\/pomnik-2025\/thumbs\/thumbs_180-Pietni-akt.JPG\"\n                    width=\"100\"\n                    height=\"75\"\n                    style=\"max-width:100%;\"\n                \/>\n            <\/a>\n        <\/div>\n\t\t\t\t\t\t\t<\/div> \n\t\t\t\n\t\t\t\t<div id=\"ngg-image-81\" class=\"ngg-gallery-thumbnail-box \" >\n\t\t\t\t        <div class=\"ngg-gallery-thumbnail\">\n            <a href=\"https:\/\/fotorosta.cz\/wp-content\/gallery\/pomnik-2025\/181-Pietni-akt.JPG\"\n               title=\"\"\n               data-src=\"https:\/\/fotorosta.cz\/wp-content\/gallery\/pomnik-2025\/181-Pietni-akt.JPG\"\n               data-thumbnail=\"https:\/\/fotorosta.cz\/wp-content\/gallery\/pomnik-2025\/thumbs\/thumbs_181-Pietni-akt.JPG\"\n               data-image-id=\"55361\"\n               data-title=\"181-Pietni-akt\"\n               data-description=\"\"\n               data-image-slug=\"181-pietni-akt\"\n               class=\"shutterset_5f8809419dcc0f630d77936d34a7baae\">\n                <img\n                    title=\"181-Pietni-akt\"\n                    alt=\"181-Pietni-akt\"\n                    src=\"https:\/\/fotorosta.cz\/wp-content\/gallery\/pomnik-2025\/thumbs\/thumbs_181-Pietni-akt.JPG\"\n                    width=\"100\"\n                    height=\"75\"\n                    style=\"max-width:100%;\"\n                \/>\n            <\/a>\n        <\/div>\n\t\t\t\t\t\t\t<\/div> \n\t\t\t\n\t\t\t\t<div id=\"ngg-image-82\" class=\"ngg-gallery-thumbnail-box \" >\n\t\t\t\t        <div class=\"ngg-gallery-thumbnail\">\n            <a href=\"https:\/\/fotorosta.cz\/wp-content\/gallery\/pomnik-2025\/182-Pietni-akt.JPG\"\n               title=\"\"\n               data-src=\"https:\/\/fotorosta.cz\/wp-content\/gallery\/pomnik-2025\/182-Pietni-akt.JPG\"\n               data-thumbnail=\"https:\/\/fotorosta.cz\/wp-content\/gallery\/pomnik-2025\/thumbs\/thumbs_182-Pietni-akt.JPG\"\n               data-image-id=\"55362\"\n               data-title=\"182-Pietni-akt\"\n               data-description=\"\"\n               data-image-slug=\"182-pietni-akt\"\n               class=\"shutterset_5f8809419dcc0f630d77936d34a7baae\">\n                <img\n                    title=\"182-Pietni-akt\"\n                    alt=\"182-Pietni-akt\"\n                    src=\"https:\/\/fotorosta.cz\/wp-content\/gallery\/pomnik-2025\/thumbs\/thumbs_182-Pietni-akt.JPG\"\n                    width=\"100\"\n                    height=\"75\"\n                    style=\"max-width:100%;\"\n                \/>\n            <\/a>\n        <\/div>\n\t\t\t\t\t\t\t<\/div> \n\t\t\t\n\t\t\t\t<div id=\"ngg-image-83\" class=\"ngg-gallery-thumbnail-box \" >\n\t\t\t\t        <div class=\"ngg-gallery-thumbnail\">\n            <a href=\"https:\/\/fotorosta.cz\/wp-content\/gallery\/pomnik-2025\/183-Pietni-akt.JPG\"\n               title=\"\"\n               data-src=\"https:\/\/fotorosta.cz\/wp-content\/gallery\/pomnik-2025\/183-Pietni-akt.JPG\"\n               data-thumbnail=\"https:\/\/fotorosta.cz\/wp-content\/gallery\/pomnik-2025\/thumbs\/thumbs_183-Pietni-akt.JPG\"\n               data-image-id=\"55363\"\n               data-title=\"183-Pietni-akt\"\n               data-description=\"\"\n               data-image-slug=\"183-pietni-akt\"\n               class=\"shutterset_5f8809419dcc0f630d77936d34a7baae\">\n                <img\n                    title=\"183-Pietni-akt\"\n                    alt=\"183-Pietni-akt\"\n                    src=\"https:\/\/fotorosta.cz\/wp-content\/gallery\/pomnik-2025\/thumbs\/thumbs_183-Pietni-akt.JPG\"\n                    width=\"100\"\n                    height=\"75\"\n                    style=\"max-width:100%;\"\n                \/>\n            <\/a>\n        <\/div>\n\t\t\t\t\t\t\t<\/div> \n\t\t\t\n\t\t\t\t<div id=\"ngg-image-84\" class=\"ngg-gallery-thumbnail-box \" >\n\t\t\t\t        <div class=\"ngg-gallery-thumbnail\">\n            <a href=\"https:\/\/fotorosta.cz\/wp-content\/gallery\/pomnik-2025\/184-Pietni-akt.JPG\"\n               title=\"\"\n               data-src=\"https:\/\/fotorosta.cz\/wp-content\/gallery\/pomnik-2025\/184-Pietni-akt.JPG\"\n               data-thumbnail=\"https:\/\/fotorosta.cz\/wp-content\/gallery\/pomnik-2025\/thumbs\/thumbs_184-Pietni-akt.JPG\"\n               data-image-id=\"55364\"\n               data-title=\"184-Pietni-akt\"\n               data-description=\"\"\n               data-image-slug=\"184-pietni-akt\"\n               class=\"shutterset_5f8809419dcc0f630d77936d34a7baae\">\n                <img\n                    title=\"184-Pietni-akt\"\n                    alt=\"184-Pietni-akt\"\n                    src=\"https:\/\/fotorosta.cz\/wp-content\/gallery\/pomnik-2025\/thumbs\/thumbs_184-Pietni-akt.JPG\"\n                    width=\"100\"\n                    height=\"75\"\n                    style=\"max-width:100%;\"\n                \/>\n            <\/a>\n        <\/div>\n\t\t\t\t\t\t\t<\/div> \n\t\t\t\n\t\t\t\t<div id=\"ngg-image-85\" class=\"ngg-gallery-thumbnail-box \" >\n\t\t\t\t        <div class=\"ngg-gallery-thumbnail\">\n            <a href=\"https:\/\/fotorosta.cz\/wp-content\/gallery\/pomnik-2025\/185-Pietni-akt.JPG\"\n               title=\"\"\n               data-src=\"https:\/\/fotorosta.cz\/wp-content\/gallery\/pomnik-2025\/185-Pietni-akt.JPG\"\n               data-thumbnail=\"https:\/\/fotorosta.cz\/wp-content\/gallery\/pomnik-2025\/thumbs\/thumbs_185-Pietni-akt.JPG\"\n               data-image-id=\"55365\"\n               data-title=\"185-Pietni-akt\"\n               data-description=\"\"\n               data-image-slug=\"185-pietni-akt\"\n               class=\"shutterset_5f8809419dcc0f630d77936d34a7baae\">\n                <img\n                    title=\"185-Pietni-akt\"\n                    alt=\"185-Pietni-akt\"\n                    src=\"https:\/\/fotorosta.cz\/wp-content\/gallery\/pomnik-2025\/thumbs\/thumbs_185-Pietni-akt.JPG\"\n                    width=\"100\"\n                    height=\"75\"\n                    style=\"max-width:100%;\"\n                \/>\n            <\/a>\n        <\/div>\n\t\t\t\t\t\t\t<\/div> \n\t\t\t\n\t\t\t\t<div id=\"ngg-image-86\" class=\"ngg-gallery-thumbnail-box \" >\n\t\t\t\t        <div class=\"ngg-gallery-thumbnail\">\n            <a href=\"https:\/\/fotorosta.cz\/wp-content\/gallery\/pomnik-2025\/187-Pietni-akt.JPG\"\n               title=\"\"\n               data-src=\"https:\/\/fotorosta.cz\/wp-content\/gallery\/pomnik-2025\/187-Pietni-akt.JPG\"\n               data-thumbnail=\"https:\/\/fotorosta.cz\/wp-content\/gallery\/pomnik-2025\/thumbs\/thumbs_187-Pietni-akt.JPG\"\n               data-image-id=\"55366\"\n               data-title=\"187-Pietni-akt\"\n               data-description=\"\"\n               data-image-slug=\"187-pietni-akt\"\n               class=\"shutterset_5f8809419dcc0f630d77936d34a7baae\">\n                <img\n                    title=\"187-Pietni-akt\"\n                    alt=\"187-Pietni-akt\"\n                    src=\"https:\/\/fotorosta.cz\/wp-content\/gallery\/pomnik-2025\/thumbs\/thumbs_187-Pietni-akt.JPG\"\n                    width=\"100\"\n                    height=\"75\"\n                    style=\"max-width:100%;\"\n                \/>\n            <\/a>\n        <\/div>\n\t\t\t\t\t\t\t<\/div> \n\t\t\t\n\t\t\t\t<div id=\"ngg-image-87\" class=\"ngg-gallery-thumbnail-box \" >\n\t\t\t\t        <div class=\"ngg-gallery-thumbnail\">\n            <a href=\"https:\/\/fotorosta.cz\/wp-content\/gallery\/pomnik-2025\/186-Pietni-akt.JPG\"\n               title=\"\"\n               data-src=\"https:\/\/fotorosta.cz\/wp-content\/gallery\/pomnik-2025\/186-Pietni-akt.JPG\"\n               data-thumbnail=\"https:\/\/fotorosta.cz\/wp-content\/gallery\/pomnik-2025\/thumbs\/thumbs_186-Pietni-akt.JPG\"\n               data-image-id=\"55367\"\n               data-title=\"186-Pietni-akt\"\n               data-description=\"\"\n               data-image-slug=\"186-pietni-akt\"\n               class=\"shutterset_5f8809419dcc0f630d77936d34a7baae\">\n                <img\n                    title=\"186-Pietni-akt\"\n                    alt=\"186-Pietni-akt\"\n                    src=\"https:\/\/fotorosta.cz\/wp-content\/gallery\/pomnik-2025\/thumbs\/thumbs_186-Pietni-akt.JPG\"\n                    width=\"100\"\n                    height=\"75\"\n                    style=\"max-width:100%;\"\n                \/>\n            <\/a>\n        <\/div>\n\t\t\t\t\t\t\t<\/div> \n\t\t\t\n\t\t\t\t<div id=\"ngg-image-88\" class=\"ngg-gallery-thumbnail-box \" >\n\t\t\t\t        <div class=\"ngg-gallery-thumbnail\">\n            <a href=\"https:\/\/fotorosta.cz\/wp-content\/gallery\/pomnik-2025\/188-Pietni-akt.JPG\"\n               title=\"\"\n               data-src=\"https:\/\/fotorosta.cz\/wp-content\/gallery\/pomnik-2025\/188-Pietni-akt.JPG\"\n               data-thumbnail=\"https:\/\/fotorosta.cz\/wp-content\/gallery\/pomnik-2025\/thumbs\/thumbs_188-Pietni-akt.JPG\"\n               data-image-id=\"55368\"\n               data-title=\"188-Pietni-akt\"\n               data-description=\"\"\n               data-image-slug=\"188-pietni-akt\"\n               class=\"shutterset_5f8809419dcc0f630d77936d34a7baae\">\n                <img\n                    title=\"188-Pietni-akt\"\n                    alt=\"188-Pietni-akt\"\n                    src=\"https:\/\/fotorosta.cz\/wp-content\/gallery\/pomnik-2025\/thumbs\/thumbs_188-Pietni-akt.JPG\"\n                    width=\"100\"\n                    height=\"75\"\n                    style=\"max-width:100%;\"\n                \/>\n            <\/a>\n        <\/div>\n\t\t\t\t\t\t\t<\/div> \n\t\t\t\n\t\t\t\t<div id=\"ngg-image-89\" class=\"ngg-gallery-thumbnail-box \" >\n\t\t\t\t        <div class=\"ngg-gallery-thumbnail\">\n            <a href=\"https:\/\/fotorosta.cz\/wp-content\/gallery\/pomnik-2025\/189-Pietni-akt.JPG\"\n               title=\"\"\n               data-src=\"https:\/\/fotorosta.cz\/wp-content\/gallery\/pomnik-2025\/189-Pietni-akt.JPG\"\n               data-thumbnail=\"https:\/\/fotorosta.cz\/wp-content\/gallery\/pomnik-2025\/thumbs\/thumbs_189-Pietni-akt.JPG\"\n               data-image-id=\"55369\"\n               data-title=\"189-Pietni-akt\"\n               data-description=\"\"\n               data-image-slug=\"189-pietni-akt\"\n               class=\"shutterset_5f8809419dcc0f630d77936d34a7baae\">\n                <img\n                    title=\"189-Pietni-akt\"\n                    alt=\"189-Pietni-akt\"\n                    src=\"https:\/\/fotorosta.cz\/wp-content\/gallery\/pomnik-2025\/thumbs\/thumbs_189-Pietni-akt.JPG\"\n                    width=\"100\"\n                    height=\"75\"\n                    style=\"max-width:100%;\"\n                \/>\n            <\/a>\n        <\/div>\n\t\t\t\t\t\t\t<\/div> \n\t\t\t\n\t\t\t\t<div id=\"ngg-image-90\" class=\"ngg-gallery-thumbnail-box \" >\n\t\t\t\t        <div class=\"ngg-gallery-thumbnail\">\n            <a href=\"https:\/\/fotorosta.cz\/wp-content\/gallery\/pomnik-2025\/190-Pietni-akt.JPG\"\n               title=\"\"\n               data-src=\"https:\/\/fotorosta.cz\/wp-content\/gallery\/pomnik-2025\/190-Pietni-akt.JPG\"\n               data-thumbnail=\"https:\/\/fotorosta.cz\/wp-content\/gallery\/pomnik-2025\/thumbs\/thumbs_190-Pietni-akt.JPG\"\n               data-image-id=\"55370\"\n               data-title=\"190-Pietni-akt\"\n               data-description=\"\"\n               data-image-slug=\"190-pietni-akt\"\n               class=\"shutterset_5f8809419dcc0f630d77936d34a7baae\">\n                <img\n                    title=\"190-Pietni-akt\"\n                    alt=\"190-Pietni-akt\"\n                    src=\"https:\/\/fotorosta.cz\/wp-content\/gallery\/pomnik-2025\/thumbs\/thumbs_190-Pietni-akt.JPG\"\n                    width=\"100\"\n                    height=\"75\"\n                    style=\"max-width:100%;\"\n                \/>\n            <\/a>\n        <\/div>\n\t\t\t\t\t\t\t<\/div> \n\t\t\t\n\t\t\t\t<div id=\"ngg-image-91\" class=\"ngg-gallery-thumbnail-box \" >\n\t\t\t\t        <div class=\"ngg-gallery-thumbnail\">\n            <a href=\"https:\/\/fotorosta.cz\/wp-content\/gallery\/pomnik-2025\/191-Pietni-akt.JPG\"\n               title=\"\"\n               data-src=\"https:\/\/fotorosta.cz\/wp-content\/gallery\/pomnik-2025\/191-Pietni-akt.JPG\"\n               data-thumbnail=\"https:\/\/fotorosta.cz\/wp-content\/gallery\/pomnik-2025\/thumbs\/thumbs_191-Pietni-akt.JPG\"\n               data-image-id=\"55371\"\n               data-title=\"191-Pietni-akt\"\n               data-description=\"\"\n               data-image-slug=\"191-pietni-akt\"\n               class=\"shutterset_5f8809419dcc0f630d77936d34a7baae\">\n                <img\n                    title=\"191-Pietni-akt\"\n                    alt=\"191-Pietni-akt\"\n                    src=\"https:\/\/fotorosta.cz\/wp-content\/gallery\/pomnik-2025\/thumbs\/thumbs_191-Pietni-akt.JPG\"\n                    width=\"100\"\n                    height=\"75\"\n                    style=\"max-width:100%;\"\n                \/>\n            <\/a>\n        <\/div>\n\t\t\t\t\t\t\t<\/div> \n\t\t\t\n\t\t\t\t<div id=\"ngg-image-92\" class=\"ngg-gallery-thumbnail-box \" >\n\t\t\t\t        <div class=\"ngg-gallery-thumbnail\">\n            <a href=\"https:\/\/fotorosta.cz\/wp-content\/gallery\/pomnik-2025\/193-Pietni-akt.JPG\"\n               title=\"\"\n               data-src=\"https:\/\/fotorosta.cz\/wp-content\/gallery\/pomnik-2025\/193-Pietni-akt.JPG\"\n               data-thumbnail=\"https:\/\/fotorosta.cz\/wp-content\/gallery\/pomnik-2025\/thumbs\/thumbs_193-Pietni-akt.JPG\"\n               data-image-id=\"55372\"\n               data-title=\"193-Pietni-akt\"\n               data-description=\"\"\n               data-image-slug=\"193-pietni-akt\"\n               class=\"shutterset_5f8809419dcc0f630d77936d34a7baae\">\n                <img\n                    title=\"193-Pietni-akt\"\n                    alt=\"193-Pietni-akt\"\n                    src=\"https:\/\/fotorosta.cz\/wp-content\/gallery\/pomnik-2025\/thumbs\/thumbs_193-Pietni-akt.JPG\"\n                    width=\"100\"\n                    height=\"75\"\n                    style=\"max-width:100%;\"\n                \/>\n            <\/a>\n        <\/div>\n\t\t\t\t\t\t\t<\/div> \n\t\t\t\n\t\t\t\t<div id=\"ngg-image-93\" class=\"ngg-gallery-thumbnail-box \" >\n\t\t\t\t        <div class=\"ngg-gallery-thumbnail\">\n            <a href=\"https:\/\/fotorosta.cz\/wp-content\/gallery\/pomnik-2025\/194-Pietni-akt.JPG\"\n               title=\"\"\n               data-src=\"https:\/\/fotorosta.cz\/wp-content\/gallery\/pomnik-2025\/194-Pietni-akt.JPG\"\n               data-thumbnail=\"https:\/\/fotorosta.cz\/wp-content\/gallery\/pomnik-2025\/thumbs\/thumbs_194-Pietni-akt.JPG\"\n               data-image-id=\"55373\"\n               data-title=\"194-Pietni-akt\"\n               data-description=\"\"\n               data-image-slug=\"194-pietni-akt\"\n               class=\"shutterset_5f8809419dcc0f630d77936d34a7baae\">\n                <img\n                    title=\"194-Pietni-akt\"\n                    alt=\"194-Pietni-akt\"\n                    src=\"https:\/\/fotorosta.cz\/wp-content\/gallery\/pomnik-2025\/thumbs\/thumbs_194-Pietni-akt.JPG\"\n                    width=\"100\"\n                    height=\"75\"\n                    style=\"max-width:100%;\"\n                \/>\n            <\/a>\n        <\/div>\n\t\t\t\t\t\t\t<\/div> \n\t\t\t\n\t\t\t\t<div id=\"ngg-image-94\" class=\"ngg-gallery-thumbnail-box \" >\n\t\t\t\t        <div class=\"ngg-gallery-thumbnail\">\n            <a href=\"https:\/\/fotorosta.cz\/wp-content\/gallery\/pomnik-2025\/192-Pietni-akt.JPG\"\n               title=\"\"\n               data-src=\"https:\/\/fotorosta.cz\/wp-content\/gallery\/pomnik-2025\/192-Pietni-akt.JPG\"\n               data-thumbnail=\"https:\/\/fotorosta.cz\/wp-content\/gallery\/pomnik-2025\/thumbs\/thumbs_192-Pietni-akt.JPG\"\n               data-image-id=\"55374\"\n               data-title=\"192-Pietni-akt\"\n               data-description=\"\"\n               data-image-slug=\"192-pietni-akt\"\n               class=\"shutterset_5f8809419dcc0f630d77936d34a7baae\">\n                <img\n                    title=\"192-Pietni-akt\"\n                    alt=\"192-Pietni-akt\"\n                    src=\"https:\/\/fotorosta.cz\/wp-content\/gallery\/pomnik-2025\/thumbs\/thumbs_192-Pietni-akt.JPG\"\n                    width=\"100\"\n                    height=\"75\"\n                    style=\"max-width:100%;\"\n                \/>\n            <\/a>\n        <\/div>\n\t\t\t\t\t\t\t<\/div> \n\t\t\t\n\t\t\t\t<div id=\"ngg-image-95\" class=\"ngg-gallery-thumbnail-box \" >\n\t\t\t\t        <div class=\"ngg-gallery-thumbnail\">\n            <a href=\"https:\/\/fotorosta.cz\/wp-content\/gallery\/pomnik-2025\/195-Pietni-akt.JPG\"\n               title=\"\"\n               data-src=\"https:\/\/fotorosta.cz\/wp-content\/gallery\/pomnik-2025\/195-Pietni-akt.JPG\"\n               data-thumbnail=\"https:\/\/fotorosta.cz\/wp-content\/gallery\/pomnik-2025\/thumbs\/thumbs_195-Pietni-akt.JPG\"\n               data-image-id=\"55375\"\n               data-title=\"195-Pietni-akt\"\n               data-description=\"\"\n               data-image-slug=\"195-pietni-akt\"\n               class=\"shutterset_5f8809419dcc0f630d77936d34a7baae\">\n                <img\n                    title=\"195-Pietni-akt\"\n                    alt=\"195-Pietni-akt\"\n                    src=\"https:\/\/fotorosta.cz\/wp-content\/gallery\/pomnik-2025\/thumbs\/thumbs_195-Pietni-akt.JPG\"\n                    width=\"100\"\n                    height=\"75\"\n                    style=\"max-width:100%;\"\n                \/>\n            <\/a>\n        <\/div>\n\t\t\t\t\t\t\t<\/div> \n\t\t\t\n\t\t\t\t<div id=\"ngg-image-96\" class=\"ngg-gallery-thumbnail-box \" >\n\t\t\t\t        <div class=\"ngg-gallery-thumbnail\">\n            <a href=\"https:\/\/fotorosta.cz\/wp-content\/gallery\/pomnik-2025\/196-Pietni-akt.JPG\"\n               title=\"\"\n               data-src=\"https:\/\/fotorosta.cz\/wp-content\/gallery\/pomnik-2025\/196-Pietni-akt.JPG\"\n               data-thumbnail=\"https:\/\/fotorosta.cz\/wp-content\/gallery\/pomnik-2025\/thumbs\/thumbs_196-Pietni-akt.JPG\"\n               data-image-id=\"55376\"\n               data-title=\"196-Pietni-akt\"\n               data-description=\"\"\n               data-image-slug=\"196-pietni-akt\"\n               class=\"shutterset_5f8809419dcc0f630d77936d34a7baae\">\n                <img\n                    title=\"196-Pietni-akt\"\n                    alt=\"196-Pietni-akt\"\n                    src=\"https:\/\/fotorosta.cz\/wp-content\/gallery\/pomnik-2025\/thumbs\/thumbs_196-Pietni-akt.JPG\"\n                    width=\"100\"\n                    height=\"75\"\n                    style=\"max-width:100%;\"\n                \/>\n            <\/a>\n        <\/div>\n\t\t\t\t\t\t\t<\/div> \n\t\t\t\n\t\t\t\t<div id=\"ngg-image-97\" class=\"ngg-gallery-thumbnail-box \" >\n\t\t\t\t        <div class=\"ngg-gallery-thumbnail\">\n            <a href=\"https:\/\/fotorosta.cz\/wp-content\/gallery\/pomnik-2025\/197-Pietni-akt.JPG\"\n               title=\"\"\n               data-src=\"https:\/\/fotorosta.cz\/wp-content\/gallery\/pomnik-2025\/197-Pietni-akt.JPG\"\n               data-thumbnail=\"https:\/\/fotorosta.cz\/wp-content\/gallery\/pomnik-2025\/thumbs\/thumbs_197-Pietni-akt.JPG\"\n               data-image-id=\"55377\"\n               data-title=\"197-Pietni-akt\"\n               data-description=\"\"\n               data-image-slug=\"197-pietni-akt\"\n               class=\"shutterset_5f8809419dcc0f630d77936d34a7baae\">\n                <img\n                    title=\"197-Pietni-akt\"\n                    alt=\"197-Pietni-akt\"\n                    src=\"https:\/\/fotorosta.cz\/wp-content\/gallery\/pomnik-2025\/thumbs\/thumbs_197-Pietni-akt.JPG\"\n                    width=\"100\"\n                    height=\"75\"\n                    style=\"max-width:100%;\"\n                \/>\n            <\/a>\n        <\/div>\n\t\t\t\t\t\t\t<\/div> \n\t\t\t\n\t\t\t\t<div id=\"ngg-image-98\" class=\"ngg-gallery-thumbnail-box \" >\n\t\t\t\t        <div class=\"ngg-gallery-thumbnail\">\n            <a href=\"https:\/\/fotorosta.cz\/wp-content\/gallery\/pomnik-2025\/198-Pietni-akt.JPG\"\n               title=\"\"\n               data-src=\"https:\/\/fotorosta.cz\/wp-content\/gallery\/pomnik-2025\/198-Pietni-akt.JPG\"\n               data-thumbnail=\"https:\/\/fotorosta.cz\/wp-content\/gallery\/pomnik-2025\/thumbs\/thumbs_198-Pietni-akt.JPG\"\n               data-image-id=\"55378\"\n               data-title=\"198-Pietni-akt\"\n               data-description=\"\"\n               data-image-slug=\"198-pietni-akt\"\n               class=\"shutterset_5f8809419dcc0f630d77936d34a7baae\">\n                <img\n                    title=\"198-Pietni-akt\"\n                    alt=\"198-Pietni-akt\"\n                    src=\"https:\/\/fotorosta.cz\/wp-content\/gallery\/pomnik-2025\/thumbs\/thumbs_198-Pietni-akt.JPG\"\n                    width=\"100\"\n                    height=\"75\"\n                    style=\"max-width:100%;\"\n                \/>\n            <\/a>\n        <\/div>\n\t\t\t\t\t\t\t<\/div> \n\t\t\t\n\t\t\t\t<div id=\"ngg-image-99\" class=\"ngg-gallery-thumbnail-box \" >\n\t\t\t\t        <div class=\"ngg-gallery-thumbnail\">\n            <a href=\"https:\/\/fotorosta.cz\/wp-content\/gallery\/pomnik-2025\/199-Pietni-akt.JPG\"\n               title=\"\"\n               data-src=\"https:\/\/fotorosta.cz\/wp-content\/gallery\/pomnik-2025\/199-Pietni-akt.JPG\"\n               data-thumbnail=\"https:\/\/fotorosta.cz\/wp-content\/gallery\/pomnik-2025\/thumbs\/thumbs_199-Pietni-akt.JPG\"\n               data-image-id=\"55379\"\n               data-title=\"199-Pietni-akt\"\n               data-description=\"\"\n               data-image-slug=\"199-pietni-akt\"\n               class=\"shutterset_5f8809419dcc0f630d77936d34a7baae\">\n                <img\n                    title=\"199-Pietni-akt\"\n                    alt=\"199-Pietni-akt\"\n                    src=\"https:\/\/fotorosta.cz\/wp-content\/gallery\/pomnik-2025\/thumbs\/thumbs_199-Pietni-akt.JPG\"\n                    width=\"100\"\n                    height=\"75\"\n                    style=\"max-width:100%;\"\n                \/>\n            <\/a>\n        <\/div>\n\t\t\t\t\t\t\t<\/div> \n\t\t\t\n\t\t\t\t<div id=\"ngg-image-100\" class=\"ngg-gallery-thumbnail-box \" >\n\t\t\t\t        <div class=\"ngg-gallery-thumbnail\">\n            <a href=\"https:\/\/fotorosta.cz\/wp-content\/gallery\/pomnik-2025\/200-Pietni-akt.JPG\"\n               title=\"\"\n               data-src=\"https:\/\/fotorosta.cz\/wp-content\/gallery\/pomnik-2025\/200-Pietni-akt.JPG\"\n               data-thumbnail=\"https:\/\/fotorosta.cz\/wp-content\/gallery\/pomnik-2025\/thumbs\/thumbs_200-Pietni-akt.JPG\"\n               data-image-id=\"55380\"\n               data-title=\"200-Pietni-akt\"\n               data-description=\"\"\n               data-image-slug=\"200-pietni-akt\"\n               class=\"shutterset_5f8809419dcc0f630d77936d34a7baae\">\n                <img\n                    title=\"200-Pietni-akt\"\n                    alt=\"200-Pietni-akt\"\n                    src=\"https:\/\/fotorosta.cz\/wp-content\/gallery\/pomnik-2025\/thumbs\/thumbs_200-Pietni-akt.JPG\"\n                    width=\"100\"\n                    height=\"75\"\n                    style=\"max-width:100%;\"\n                \/>\n            <\/a>\n        <\/div>\n\t\t\t\t\t\t\t<\/div> \n\t\t\t\n\t\t\t\t<div id=\"ngg-image-101\" class=\"ngg-gallery-thumbnail-box \" >\n\t\t\t\t        <div class=\"ngg-gallery-thumbnail\">\n            <a href=\"https:\/\/fotorosta.cz\/wp-content\/gallery\/pomnik-2025\/202-Pietni-akt.JPG\"\n               title=\"\"\n               data-src=\"https:\/\/fotorosta.cz\/wp-content\/gallery\/pomnik-2025\/202-Pietni-akt.JPG\"\n               data-thumbnail=\"https:\/\/fotorosta.cz\/wp-content\/gallery\/pomnik-2025\/thumbs\/thumbs_202-Pietni-akt.JPG\"\n               data-image-id=\"55381\"\n               data-title=\"202-Pietni-akt\"\n               data-description=\"\"\n               data-image-slug=\"202-pietni-akt\"\n               class=\"shutterset_5f8809419dcc0f630d77936d34a7baae\">\n                <img\n                    title=\"202-Pietni-akt\"\n                    alt=\"202-Pietni-akt\"\n                    src=\"https:\/\/fotorosta.cz\/wp-content\/gallery\/pomnik-2025\/thumbs\/thumbs_202-Pietni-akt.JPG\"\n                    width=\"100\"\n                    height=\"75\"\n                    style=\"max-width:100%;\"\n                \/>\n            <\/a>\n        <\/div>\n\t\t\t\t\t\t\t<\/div> \n\t\t\t\n\t\t\t\t<div id=\"ngg-image-102\" class=\"ngg-gallery-thumbnail-box \" >\n\t\t\t\t        <div class=\"ngg-gallery-thumbnail\">\n            <a href=\"https:\/\/fotorosta.cz\/wp-content\/gallery\/pomnik-2025\/201-Pietni-akt.JPG\"\n               title=\"\"\n               data-src=\"https:\/\/fotorosta.cz\/wp-content\/gallery\/pomnik-2025\/201-Pietni-akt.JPG\"\n               data-thumbnail=\"https:\/\/fotorosta.cz\/wp-content\/gallery\/pomnik-2025\/thumbs\/thumbs_201-Pietni-akt.JPG\"\n               data-image-id=\"55382\"\n               data-title=\"201-Pietni-akt\"\n               data-description=\"\"\n               data-image-slug=\"201-pietni-akt\"\n               class=\"shutterset_5f8809419dcc0f630d77936d34a7baae\">\n                <img\n                    title=\"201-Pietni-akt\"\n                    alt=\"201-Pietni-akt\"\n                    src=\"https:\/\/fotorosta.cz\/wp-content\/gallery\/pomnik-2025\/thumbs\/thumbs_201-Pietni-akt.JPG\"\n                    width=\"100\"\n                    height=\"75\"\n                    style=\"max-width:100%;\"\n                \/>\n            <\/a>\n        <\/div>\n\t\t\t\t\t\t\t<\/div> \n\t\t\t\n\t\t\t\t<div id=\"ngg-image-103\" class=\"ngg-gallery-thumbnail-box \" >\n\t\t\t\t        <div class=\"ngg-gallery-thumbnail\">\n            <a href=\"https:\/\/fotorosta.cz\/wp-content\/gallery\/pomnik-2025\/203-Pietni-akt.JPG\"\n               title=\"\"\n               data-src=\"https:\/\/fotorosta.cz\/wp-content\/gallery\/pomnik-2025\/203-Pietni-akt.JPG\"\n               data-thumbnail=\"https:\/\/fotorosta.cz\/wp-content\/gallery\/pomnik-2025\/thumbs\/thumbs_203-Pietni-akt.JPG\"\n               data-image-id=\"55383\"\n               data-title=\"203-Pietni-akt\"\n               data-description=\"\"\n               data-image-slug=\"203-pietni-akt\"\n               class=\"shutterset_5f8809419dcc0f630d77936d34a7baae\">\n                <img\n                    title=\"203-Pietni-akt\"\n                    alt=\"203-Pietni-akt\"\n                    src=\"https:\/\/fotorosta.cz\/wp-content\/gallery\/pomnik-2025\/thumbs\/thumbs_203-Pietni-akt.JPG\"\n                    width=\"100\"\n                    height=\"75\"\n                    style=\"max-width:100%;\"\n                \/>\n            <\/a>\n        <\/div>\n\t\t\t\t\t\t\t<\/div> \n\t\t\t\n\t\t\t\t<div id=\"ngg-image-104\" class=\"ngg-gallery-thumbnail-box \" >\n\t\t\t\t        <div class=\"ngg-gallery-thumbnail\">\n            <a href=\"https:\/\/fotorosta.cz\/wp-content\/gallery\/pomnik-2025\/204-Pietni-akt.JPG\"\n               title=\"\"\n               data-src=\"https:\/\/fotorosta.cz\/wp-content\/gallery\/pomnik-2025\/204-Pietni-akt.JPG\"\n               data-thumbnail=\"https:\/\/fotorosta.cz\/wp-content\/gallery\/pomnik-2025\/thumbs\/thumbs_204-Pietni-akt.JPG\"\n               data-image-id=\"55384\"\n               data-title=\"204-Pietni-akt\"\n               data-description=\"\"\n               data-image-slug=\"204-pietni-akt\"\n               class=\"shutterset_5f8809419dcc0f630d77936d34a7baae\">\n                <img\n                    title=\"204-Pietni-akt\"\n                    alt=\"204-Pietni-akt\"\n                    src=\"https:\/\/fotorosta.cz\/wp-content\/gallery\/pomnik-2025\/thumbs\/thumbs_204-Pietni-akt.JPG\"\n                    width=\"100\"\n                    height=\"75\"\n                    style=\"max-width:100%;\"\n                \/>\n            <\/a>\n        <\/div>\n\t\t\t\t\t\t\t<\/div> \n\t\t\t\n\t\t\t\t<div id=\"ngg-image-105\" class=\"ngg-gallery-thumbnail-box \" >\n\t\t\t\t        <div class=\"ngg-gallery-thumbnail\">\n            <a href=\"https:\/\/fotorosta.cz\/wp-content\/gallery\/pomnik-2025\/206-Pietni-akt.JPG\"\n               title=\"\"\n               data-src=\"https:\/\/fotorosta.cz\/wp-content\/gallery\/pomnik-2025\/206-Pietni-akt.JPG\"\n               data-thumbnail=\"https:\/\/fotorosta.cz\/wp-content\/gallery\/pomnik-2025\/thumbs\/thumbs_206-Pietni-akt.JPG\"\n               data-image-id=\"55386\"\n               data-title=\"206-Pietni-akt\"\n               data-description=\"\"\n               data-image-slug=\"206-pietni-akt\"\n               class=\"shutterset_5f8809419dcc0f630d77936d34a7baae\">\n                <img\n                    title=\"206-Pietni-akt\"\n                    alt=\"206-Pietni-akt\"\n                    src=\"https:\/\/fotorosta.cz\/wp-content\/gallery\/pomnik-2025\/thumbs\/thumbs_206-Pietni-akt.JPG\"\n                    width=\"100\"\n                    height=\"75\"\n                    style=\"max-width:100%;\"\n                \/>\n            <\/a>\n        <\/div>\n\t\t\t\t\t\t\t<\/div> \n\t\t\t\n\t\t\t\t<div id=\"ngg-image-106\" class=\"ngg-gallery-thumbnail-box \" >\n\t\t\t\t        <div class=\"ngg-gallery-thumbnail\">\n            <a href=\"https:\/\/fotorosta.cz\/wp-content\/gallery\/pomnik-2025\/208-Pietni-akt.JPG\"\n               title=\"\"\n               data-src=\"https:\/\/fotorosta.cz\/wp-content\/gallery\/pomnik-2025\/208-Pietni-akt.JPG\"\n               data-thumbnail=\"https:\/\/fotorosta.cz\/wp-content\/gallery\/pomnik-2025\/thumbs\/thumbs_208-Pietni-akt.JPG\"\n               data-image-id=\"55385\"\n               data-title=\"208-Pietni-akt\"\n               data-description=\"\"\n               data-image-slug=\"208-pietni-akt\"\n               class=\"shutterset_5f8809419dcc0f630d77936d34a7baae\">\n                <img\n                    title=\"208-Pietni-akt\"\n                    alt=\"208-Pietni-akt\"\n                    src=\"https:\/\/fotorosta.cz\/wp-content\/gallery\/pomnik-2025\/thumbs\/thumbs_208-Pietni-akt.JPG\"\n                    width=\"100\"\n                    height=\"75\"\n                    style=\"max-width:100%;\"\n                \/>\n            <\/a>\n        <\/div>\n\t\t\t\t\t\t\t<\/div> \n\t\t\t\n\t\t\t\t<div id=\"ngg-image-107\" class=\"ngg-gallery-thumbnail-box \" >\n\t\t\t\t        <div class=\"ngg-gallery-thumbnail\">\n            <a href=\"https:\/\/fotorosta.cz\/wp-content\/gallery\/pomnik-2025\/209-Pietni-akt.JPG\"\n               title=\"\"\n               data-src=\"https:\/\/fotorosta.cz\/wp-content\/gallery\/pomnik-2025\/209-Pietni-akt.JPG\"\n               data-thumbnail=\"https:\/\/fotorosta.cz\/wp-content\/gallery\/pomnik-2025\/thumbs\/thumbs_209-Pietni-akt.JPG\"\n               data-image-id=\"55387\"\n               data-title=\"209-Pietni-akt\"\n               data-description=\"\"\n               data-image-slug=\"209-pietni-akt\"\n               class=\"shutterset_5f8809419dcc0f630d77936d34a7baae\">\n                <img\n                    title=\"209-Pietni-akt\"\n                    alt=\"209-Pietni-akt\"\n                    src=\"https:\/\/fotorosta.cz\/wp-content\/gallery\/pomnik-2025\/thumbs\/thumbs_209-Pietni-akt.JPG\"\n                    width=\"100\"\n                    height=\"75\"\n                    style=\"max-width:100%;\"\n                \/>\n            <\/a>\n        <\/div>\n\t\t\t\t\t\t\t<\/div> \n\t\t\t\n\t\t\t\t<div id=\"ngg-image-108\" class=\"ngg-gallery-thumbnail-box \" >\n\t\t\t\t        <div class=\"ngg-gallery-thumbnail\">\n            <a href=\"https:\/\/fotorosta.cz\/wp-content\/gallery\/pomnik-2025\/205-Pietni-akt.JPG\"\n               title=\"\"\n               data-src=\"https:\/\/fotorosta.cz\/wp-content\/gallery\/pomnik-2025\/205-Pietni-akt.JPG\"\n               data-thumbnail=\"https:\/\/fotorosta.cz\/wp-content\/gallery\/pomnik-2025\/thumbs\/thumbs_205-Pietni-akt.JPG\"\n               data-image-id=\"55388\"\n               data-title=\"205-Pietni-akt\"\n               data-description=\"\"\n               data-image-slug=\"205-pietni-akt\"\n               class=\"shutterset_5f8809419dcc0f630d77936d34a7baae\">\n                <img\n                    title=\"205-Pietni-akt\"\n                    alt=\"205-Pietni-akt\"\n                    src=\"https:\/\/fotorosta.cz\/wp-content\/gallery\/pomnik-2025\/thumbs\/thumbs_205-Pietni-akt.JPG\"\n                    width=\"100\"\n                    height=\"75\"\n                    style=\"max-width:100%;\"\n                \/>\n            <\/a>\n        <\/div>\n\t\t\t\t\t\t\t<\/div> \n\t\t\t\n\t\t\t\t<div id=\"ngg-image-109\" class=\"ngg-gallery-thumbnail-box \" >\n\t\t\t\t        <div class=\"ngg-gallery-thumbnail\">\n            <a href=\"https:\/\/fotorosta.cz\/wp-content\/gallery\/pomnik-2025\/207-Pietni-akt.JPG\"\n               title=\"\"\n               data-src=\"https:\/\/fotorosta.cz\/wp-content\/gallery\/pomnik-2025\/207-Pietni-akt.JPG\"\n               data-thumbnail=\"https:\/\/fotorosta.cz\/wp-content\/gallery\/pomnik-2025\/thumbs\/thumbs_207-Pietni-akt.JPG\"\n               data-image-id=\"55389\"\n               data-title=\"207-Pietni-akt\"\n               data-description=\"\"\n               data-image-slug=\"207-pietni-akt\"\n               class=\"shutterset_5f8809419dcc0f630d77936d34a7baae\">\n                <img\n                    title=\"207-Pietni-akt\"\n                    alt=\"207-Pietni-akt\"\n                    src=\"https:\/\/fotorosta.cz\/wp-content\/gallery\/pomnik-2025\/thumbs\/thumbs_207-Pietni-akt.JPG\"\n                    width=\"100\"\n                    height=\"75\"\n                    style=\"max-width:100%;\"\n                \/>\n            <\/a>\n        <\/div>\n\t\t\t\t\t\t\t<\/div> \n\t\t\t\n\t\t\t\t<div id=\"ngg-image-110\" class=\"ngg-gallery-thumbnail-box \" >\n\t\t\t\t        <div class=\"ngg-gallery-thumbnail\">\n            <a href=\"https:\/\/fotorosta.cz\/wp-content\/gallery\/pomnik-2025\/210-Pietni-akt.JPG\"\n               title=\"\"\n               data-src=\"https:\/\/fotorosta.cz\/wp-content\/gallery\/pomnik-2025\/210-Pietni-akt.JPG\"\n               data-thumbnail=\"https:\/\/fotorosta.cz\/wp-content\/gallery\/pomnik-2025\/thumbs\/thumbs_210-Pietni-akt.JPG\"\n               data-image-id=\"55390\"\n               data-title=\"210-Pietni-akt\"\n               data-description=\"\"\n               data-image-slug=\"210-pietni-akt\"\n               class=\"shutterset_5f8809419dcc0f630d77936d34a7baae\">\n                <img\n                    title=\"210-Pietni-akt\"\n                    alt=\"210-Pietni-akt\"\n                    src=\"https:\/\/fotorosta.cz\/wp-content\/gallery\/pomnik-2025\/thumbs\/thumbs_210-Pietni-akt.JPG\"\n                    width=\"100\"\n                    height=\"75\"\n                    style=\"max-width:100%;\"\n                \/>\n            <\/a>\n        <\/div>\n\t\t\t\t\t\t\t<\/div> \n\t\t\t\n\t\t\t\t<div id=\"ngg-image-111\" class=\"ngg-gallery-thumbnail-box \" >\n\t\t\t\t        <div class=\"ngg-gallery-thumbnail\">\n            <a href=\"https:\/\/fotorosta.cz\/wp-content\/gallery\/pomnik-2025\/211-Pietni-akt.JPG\"\n               title=\"\"\n               data-src=\"https:\/\/fotorosta.cz\/wp-content\/gallery\/pomnik-2025\/211-Pietni-akt.JPG\"\n               data-thumbnail=\"https:\/\/fotorosta.cz\/wp-content\/gallery\/pomnik-2025\/thumbs\/thumbs_211-Pietni-akt.JPG\"\n               data-image-id=\"55391\"\n               data-title=\"211-Pietni-akt\"\n               data-description=\"\"\n               data-image-slug=\"211-pietni-akt\"\n               class=\"shutterset_5f8809419dcc0f630d77936d34a7baae\">\n                <img\n                    title=\"211-Pietni-akt\"\n                    alt=\"211-Pietni-akt\"\n                    src=\"https:\/\/fotorosta.cz\/wp-content\/gallery\/pomnik-2025\/thumbs\/thumbs_211-Pietni-akt.JPG\"\n                    width=\"100\"\n                    height=\"75\"\n                    style=\"max-width:100%;\"\n                \/>\n            <\/a>\n        <\/div>\n\t\t\t\t\t\t\t<\/div> \n\t\t\t\n\t\t\t\t<div id=\"ngg-image-112\" class=\"ngg-gallery-thumbnail-box \" >\n\t\t\t\t        <div class=\"ngg-gallery-thumbnail\">\n            <a href=\"https:\/\/fotorosta.cz\/wp-content\/gallery\/pomnik-2025\/229-Pietni-akt.JPG\"\n               title=\"\"\n               data-src=\"https:\/\/fotorosta.cz\/wp-content\/gallery\/pomnik-2025\/229-Pietni-akt.JPG\"\n               data-thumbnail=\"https:\/\/fotorosta.cz\/wp-content\/gallery\/pomnik-2025\/thumbs\/thumbs_229-Pietni-akt.JPG\"\n               data-image-id=\"55408\"\n               data-title=\"229-Pietni-akt\"\n               data-description=\"\"\n               data-image-slug=\"229-pietni-akt\"\n               class=\"shutterset_5f8809419dcc0f630d77936d34a7baae\">\n                <img\n                    title=\"229-Pietni-akt\"\n                    alt=\"229-Pietni-akt\"\n                    src=\"https:\/\/fotorosta.cz\/wp-content\/gallery\/pomnik-2025\/thumbs\/thumbs_229-Pietni-akt.JPG\"\n                    width=\"100\"\n                    height=\"75\"\n                    style=\"max-width:100%;\"\n                \/>\n            <\/a>\n        <\/div>\n\t\t\t\t\t\t\t<\/div> \n\t\t\t\n\t\t\t\t<div id=\"ngg-image-113\" class=\"ngg-gallery-thumbnail-box \" >\n\t\t\t\t        <div class=\"ngg-gallery-thumbnail\">\n            <a href=\"https:\/\/fotorosta.cz\/wp-content\/gallery\/pomnik-2025\/231-Pietni-akt.JPG\"\n               title=\"\"\n               data-src=\"https:\/\/fotorosta.cz\/wp-content\/gallery\/pomnik-2025\/231-Pietni-akt.JPG\"\n               data-thumbnail=\"https:\/\/fotorosta.cz\/wp-content\/gallery\/pomnik-2025\/thumbs\/thumbs_231-Pietni-akt.JPG\"\n               data-image-id=\"55410\"\n               data-title=\"231-Pietni-akt\"\n               data-description=\"\"\n               data-image-slug=\"231-pietni-akt\"\n               class=\"shutterset_5f8809419dcc0f630d77936d34a7baae\">\n                <img\n                    title=\"231-Pietni-akt\"\n                    alt=\"231-Pietni-akt\"\n                    src=\"https:\/\/fotorosta.cz\/wp-content\/gallery\/pomnik-2025\/thumbs\/thumbs_231-Pietni-akt.JPG\"\n                    width=\"100\"\n                    height=\"75\"\n                    style=\"max-width:100%;\"\n                \/>\n            <\/a>\n        <\/div>\n\t\t\t\t\t\t\t<\/div> \n\t\t\t\n\t\t\t\t<div id=\"ngg-image-114\" class=\"ngg-gallery-thumbnail-box \" >\n\t\t\t\t        <div class=\"ngg-gallery-thumbnail\">\n            <a href=\"https:\/\/fotorosta.cz\/wp-content\/gallery\/pomnik-2025\/230-Pietni-akt.JPG\"\n               title=\"\"\n               data-src=\"https:\/\/fotorosta.cz\/wp-content\/gallery\/pomnik-2025\/230-Pietni-akt.JPG\"\n               data-thumbnail=\"https:\/\/fotorosta.cz\/wp-content\/gallery\/pomnik-2025\/thumbs\/thumbs_230-Pietni-akt.JPG\"\n               data-image-id=\"55411\"\n               data-title=\"230-Pietni-akt\"\n               data-description=\"\"\n               data-image-slug=\"230-pietni-akt\"\n               class=\"shutterset_5f8809419dcc0f630d77936d34a7baae\">\n                <img\n                    title=\"230-Pietni-akt\"\n                    alt=\"230-Pietni-akt\"\n                    src=\"https:\/\/fotorosta.cz\/wp-content\/gallery\/pomnik-2025\/thumbs\/thumbs_230-Pietni-akt.JPG\"\n                    width=\"100\"\n                    height=\"75\"\n                    style=\"max-width:100%;\"\n                \/>\n            <\/a>\n        <\/div>\n\t\t\t\t\t\t\t<\/div> \n\t\t\t\n\t\t\t\t<div id=\"ngg-image-115\" class=\"ngg-gallery-thumbnail-box \" >\n\t\t\t\t        <div class=\"ngg-gallery-thumbnail\">\n            <a href=\"https:\/\/fotorosta.cz\/wp-content\/gallery\/pomnik-2025\/212-Pietni-akt.JPG\"\n               title=\"\"\n               data-src=\"https:\/\/fotorosta.cz\/wp-content\/gallery\/pomnik-2025\/212-Pietni-akt.JPG\"\n               data-thumbnail=\"https:\/\/fotorosta.cz\/wp-content\/gallery\/pomnik-2025\/thumbs\/thumbs_212-Pietni-akt.JPG\"\n               data-image-id=\"55392\"\n               data-title=\"212-Pietni-akt\"\n               data-description=\"\"\n               data-image-slug=\"212-pietni-akt\"\n               class=\"shutterset_5f8809419dcc0f630d77936d34a7baae\">\n                <img\n                    title=\"212-Pietni-akt\"\n                    alt=\"212-Pietni-akt\"\n                    src=\"https:\/\/fotorosta.cz\/wp-content\/gallery\/pomnik-2025\/thumbs\/thumbs_212-Pietni-akt.JPG\"\n                    width=\"100\"\n                    height=\"75\"\n                    style=\"max-width:100%;\"\n                \/>\n            <\/a>\n        <\/div>\n\t\t\t\t\t\t\t<\/div> \n\t\t\t\n\t\t\t\t<div id=\"ngg-image-116\" class=\"ngg-gallery-thumbnail-box \" >\n\t\t\t\t        <div class=\"ngg-gallery-thumbnail\">\n            <a href=\"https:\/\/fotorosta.cz\/wp-content\/gallery\/pomnik-2025\/214-Pietni-akt.JPG\"\n               title=\"\"\n               data-src=\"https:\/\/fotorosta.cz\/wp-content\/gallery\/pomnik-2025\/214-Pietni-akt.JPG\"\n               data-thumbnail=\"https:\/\/fotorosta.cz\/wp-content\/gallery\/pomnik-2025\/thumbs\/thumbs_214-Pietni-akt.JPG\"\n               data-image-id=\"55393\"\n               data-title=\"214-Pietni-akt\"\n               data-description=\"\"\n               data-image-slug=\"214-pietni-akt\"\n               class=\"shutterset_5f8809419dcc0f630d77936d34a7baae\">\n                <img\n                    title=\"214-Pietni-akt\"\n                    alt=\"214-Pietni-akt\"\n                    src=\"https:\/\/fotorosta.cz\/wp-content\/gallery\/pomnik-2025\/thumbs\/thumbs_214-Pietni-akt.JPG\"\n                    width=\"100\"\n                    height=\"75\"\n                    style=\"max-width:100%;\"\n                \/>\n            <\/a>\n        <\/div>\n\t\t\t\t\t\t\t<\/div> \n\t\t\t\n\t\t\t\t<div id=\"ngg-image-117\" class=\"ngg-gallery-thumbnail-box \" >\n\t\t\t\t        <div class=\"ngg-gallery-thumbnail\">\n            <a href=\"https:\/\/fotorosta.cz\/wp-content\/gallery\/pomnik-2025\/213-Pietni-akt.JPG\"\n               title=\"\"\n               data-src=\"https:\/\/fotorosta.cz\/wp-content\/gallery\/pomnik-2025\/213-Pietni-akt.JPG\"\n               data-thumbnail=\"https:\/\/fotorosta.cz\/wp-content\/gallery\/pomnik-2025\/thumbs\/thumbs_213-Pietni-akt.JPG\"\n               data-image-id=\"55394\"\n               data-title=\"213-Pietni-akt\"\n               data-description=\"\"\n               data-image-slug=\"213-pietni-akt\"\n               class=\"shutterset_5f8809419dcc0f630d77936d34a7baae\">\n                <img\n                    title=\"213-Pietni-akt\"\n                    alt=\"213-Pietni-akt\"\n                    src=\"https:\/\/fotorosta.cz\/wp-content\/gallery\/pomnik-2025\/thumbs\/thumbs_213-Pietni-akt.JPG\"\n                    width=\"100\"\n                    height=\"75\"\n                    style=\"max-width:100%;\"\n                \/>\n            <\/a>\n        <\/div>\n\t\t\t\t\t\t\t<\/div> \n\t\t\t\n\t\t\t\t<div id=\"ngg-image-118\" class=\"ngg-gallery-thumbnail-box \" >\n\t\t\t\t        <div class=\"ngg-gallery-thumbnail\">\n            <a href=\"https:\/\/fotorosta.cz\/wp-content\/gallery\/pomnik-2025\/215-Pietni-akt.JPG\"\n               title=\"\"\n               data-src=\"https:\/\/fotorosta.cz\/wp-content\/gallery\/pomnik-2025\/215-Pietni-akt.JPG\"\n               data-thumbnail=\"https:\/\/fotorosta.cz\/wp-content\/gallery\/pomnik-2025\/thumbs\/thumbs_215-Pietni-akt.JPG\"\n               data-image-id=\"55395\"\n               data-title=\"215-Pietni-akt\"\n               data-description=\"\"\n               data-image-slug=\"215-pietni-akt\"\n               class=\"shutterset_5f8809419dcc0f630d77936d34a7baae\">\n                <img\n                    title=\"215-Pietni-akt\"\n                    alt=\"215-Pietni-akt\"\n                    src=\"https:\/\/fotorosta.cz\/wp-content\/gallery\/pomnik-2025\/thumbs\/thumbs_215-Pietni-akt.JPG\"\n                    width=\"100\"\n                    height=\"75\"\n                    style=\"max-width:100%;\"\n                \/>\n            <\/a>\n        <\/div>\n\t\t\t\t\t\t\t<\/div> \n\t\t\t\n\t\t\t\t<div id=\"ngg-image-119\" class=\"ngg-gallery-thumbnail-box \" >\n\t\t\t\t        <div class=\"ngg-gallery-thumbnail\">\n            <a href=\"https:\/\/fotorosta.cz\/wp-content\/gallery\/pomnik-2025\/216-Pietni-akt.JPG\"\n               title=\"\"\n               data-src=\"https:\/\/fotorosta.cz\/wp-content\/gallery\/pomnik-2025\/216-Pietni-akt.JPG\"\n               data-thumbnail=\"https:\/\/fotorosta.cz\/wp-content\/gallery\/pomnik-2025\/thumbs\/thumbs_216-Pietni-akt.JPG\"\n               data-image-id=\"55396\"\n               data-title=\"216-Pietni-akt\"\n               data-description=\"\"\n               data-image-slug=\"216-pietni-akt\"\n               class=\"shutterset_5f8809419dcc0f630d77936d34a7baae\">\n                <img\n                    title=\"216-Pietni-akt\"\n                    alt=\"216-Pietni-akt\"\n                    src=\"https:\/\/fotorosta.cz\/wp-content\/gallery\/pomnik-2025\/thumbs\/thumbs_216-Pietni-akt.JPG\"\n                    width=\"100\"\n                    height=\"75\"\n                    style=\"max-width:100%;\"\n                \/>\n            <\/a>\n        <\/div>\n\t\t\t\t\t\t\t<\/div> \n\t\t\t\n\t\t\t\t<div id=\"ngg-image-120\" class=\"ngg-gallery-thumbnail-box \" >\n\t\t\t\t        <div class=\"ngg-gallery-thumbnail\">\n            <a href=\"https:\/\/fotorosta.cz\/wp-content\/gallery\/pomnik-2025\/217-Pietni-akt.JPG\"\n               title=\"\"\n               data-src=\"https:\/\/fotorosta.cz\/wp-content\/gallery\/pomnik-2025\/217-Pietni-akt.JPG\"\n               data-thumbnail=\"https:\/\/fotorosta.cz\/wp-content\/gallery\/pomnik-2025\/thumbs\/thumbs_217-Pietni-akt.JPG\"\n               data-image-id=\"55397\"\n               data-title=\"217-Pietni-akt\"\n               data-description=\"\"\n               data-image-slug=\"217-pietni-akt\"\n               class=\"shutterset_5f8809419dcc0f630d77936d34a7baae\">\n                <img\n                    title=\"217-Pietni-akt\"\n                    alt=\"217-Pietni-akt\"\n                    src=\"https:\/\/fotorosta.cz\/wp-content\/gallery\/pomnik-2025\/thumbs\/thumbs_217-Pietni-akt.JPG\"\n                    width=\"100\"\n                    height=\"75\"\n                    style=\"max-width:100%;\"\n                \/>\n            <\/a>\n        <\/div>\n\t\t\t\t\t\t\t<\/div> \n\t\t\t\n\t\t\t\t<div id=\"ngg-image-121\" class=\"ngg-gallery-thumbnail-box \" >\n\t\t\t\t        <div class=\"ngg-gallery-thumbnail\">\n            <a href=\"https:\/\/fotorosta.cz\/wp-content\/gallery\/pomnik-2025\/236-Pietni-akt.JPG\"\n               title=\"\"\n               data-src=\"https:\/\/fotorosta.cz\/wp-content\/gallery\/pomnik-2025\/236-Pietni-akt.JPG\"\n               data-thumbnail=\"https:\/\/fotorosta.cz\/wp-content\/gallery\/pomnik-2025\/thumbs\/thumbs_236-Pietni-akt.JPG\"\n               data-image-id=\"55416\"\n               data-title=\"236-Pietni-akt\"\n               data-description=\"\"\n               data-image-slug=\"236-pietni-akt\"\n               class=\"shutterset_5f8809419dcc0f630d77936d34a7baae\">\n                <img\n                    title=\"236-Pietni-akt\"\n                    alt=\"236-Pietni-akt\"\n                    src=\"https:\/\/fotorosta.cz\/wp-content\/gallery\/pomnik-2025\/thumbs\/thumbs_236-Pietni-akt.JPG\"\n                    width=\"100\"\n                    height=\"75\"\n                    style=\"max-width:100%;\"\n                \/>\n            <\/a>\n        <\/div>\n\t\t\t\t\t\t\t<\/div> \n\t\t\t\n\t\t\t\t<div id=\"ngg-image-122\" class=\"ngg-gallery-thumbnail-box \" >\n\t\t\t\t        <div class=\"ngg-gallery-thumbnail\">\n            <a href=\"https:\/\/fotorosta.cz\/wp-content\/gallery\/pomnik-2025\/238-Pietni-akt.JPG\"\n               title=\"\"\n               data-src=\"https:\/\/fotorosta.cz\/wp-content\/gallery\/pomnik-2025\/238-Pietni-akt.JPG\"\n               data-thumbnail=\"https:\/\/fotorosta.cz\/wp-content\/gallery\/pomnik-2025\/thumbs\/thumbs_238-Pietni-akt.JPG\"\n               data-image-id=\"55417\"\n               data-title=\"238-Pietni-akt\"\n               data-description=\"\"\n               data-image-slug=\"238-pietni-akt\"\n               class=\"shutterset_5f8809419dcc0f630d77936d34a7baae\">\n                <img\n                    title=\"238-Pietni-akt\"\n                    alt=\"238-Pietni-akt\"\n                    src=\"https:\/\/fotorosta.cz\/wp-content\/gallery\/pomnik-2025\/thumbs\/thumbs_238-Pietni-akt.JPG\"\n                    width=\"100\"\n                    height=\"75\"\n                    style=\"max-width:100%;\"\n                \/>\n            <\/a>\n        <\/div>\n\t\t\t\t\t\t\t<\/div> \n\t\t\t\n\t\t\t\t<div id=\"ngg-image-123\" class=\"ngg-gallery-thumbnail-box \" >\n\t\t\t\t        <div class=\"ngg-gallery-thumbnail\">\n            <a href=\"https:\/\/fotorosta.cz\/wp-content\/gallery\/pomnik-2025\/237-Pietni-akt.JPG\"\n               title=\"\"\n               data-src=\"https:\/\/fotorosta.cz\/wp-content\/gallery\/pomnik-2025\/237-Pietni-akt.JPG\"\n               data-thumbnail=\"https:\/\/fotorosta.cz\/wp-content\/gallery\/pomnik-2025\/thumbs\/thumbs_237-Pietni-akt.JPG\"\n               data-image-id=\"55418\"\n               data-title=\"237-Pietni-akt\"\n               data-description=\"\"\n               data-image-slug=\"237-pietni-akt\"\n               class=\"shutterset_5f8809419dcc0f630d77936d34a7baae\">\n                <img\n                    title=\"237-Pietni-akt\"\n                    alt=\"237-Pietni-akt\"\n                    src=\"https:\/\/fotorosta.cz\/wp-content\/gallery\/pomnik-2025\/thumbs\/thumbs_237-Pietni-akt.JPG\"\n                    width=\"100\"\n                    height=\"75\"\n                    style=\"max-width:100%;\"\n                \/>\n            <\/a>\n        <\/div>\n\t\t\t\t\t\t\t<\/div> \n\t\t\t\n\t\t\t\t<div id=\"ngg-image-124\" class=\"ngg-gallery-thumbnail-box \" >\n\t\t\t\t        <div class=\"ngg-gallery-thumbnail\">\n            <a href=\"https:\/\/fotorosta.cz\/wp-content\/gallery\/pomnik-2025\/218-Pietni-akt.JPG\"\n               title=\"\"\n               data-src=\"https:\/\/fotorosta.cz\/wp-content\/gallery\/pomnik-2025\/218-Pietni-akt.JPG\"\n               data-thumbnail=\"https:\/\/fotorosta.cz\/wp-content\/gallery\/pomnik-2025\/thumbs\/thumbs_218-Pietni-akt.JPG\"\n               data-image-id=\"55398\"\n               data-title=\"218-Pietni-akt\"\n               data-description=\"\"\n               data-image-slug=\"218-pietni-akt\"\n               class=\"shutterset_5f8809419dcc0f630d77936d34a7baae\">\n                <img\n                    title=\"218-Pietni-akt\"\n                    alt=\"218-Pietni-akt\"\n                    src=\"https:\/\/fotorosta.cz\/wp-content\/gallery\/pomnik-2025\/thumbs\/thumbs_218-Pietni-akt.JPG\"\n                    width=\"100\"\n                    height=\"75\"\n                    style=\"max-width:100%;\"\n                \/>\n            <\/a>\n        <\/div>\n\t\t\t\t\t\t\t<\/div> \n\t\t\t\n\t\t\t\t<div id=\"ngg-image-125\" class=\"ngg-gallery-thumbnail-box \" >\n\t\t\t\t        <div class=\"ngg-gallery-thumbnail\">\n            <a href=\"https:\/\/fotorosta.cz\/wp-content\/gallery\/pomnik-2025\/219-Pietni-akt.JPG\"\n               title=\"\"\n               data-src=\"https:\/\/fotorosta.cz\/wp-content\/gallery\/pomnik-2025\/219-Pietni-akt.JPG\"\n               data-thumbnail=\"https:\/\/fotorosta.cz\/wp-content\/gallery\/pomnik-2025\/thumbs\/thumbs_219-Pietni-akt.JPG\"\n               data-image-id=\"55399\"\n               data-title=\"219-Pietni-akt\"\n               data-description=\"\"\n               data-image-slug=\"219-pietni-akt\"\n               class=\"shutterset_5f8809419dcc0f630d77936d34a7baae\">\n                <img\n                    title=\"219-Pietni-akt\"\n                    alt=\"219-Pietni-akt\"\n                    src=\"https:\/\/fotorosta.cz\/wp-content\/gallery\/pomnik-2025\/thumbs\/thumbs_219-Pietni-akt.JPG\"\n                    width=\"100\"\n                    height=\"75\"\n                    style=\"max-width:100%;\"\n                \/>\n            <\/a>\n        <\/div>\n\t\t\t\t\t\t\t<\/div> \n\t\t\t\n\t\t\t\t<div id=\"ngg-image-126\" class=\"ngg-gallery-thumbnail-box \" >\n\t\t\t\t        <div class=\"ngg-gallery-thumbnail\">\n            <a href=\"https:\/\/fotorosta.cz\/wp-content\/gallery\/pomnik-2025\/220-Pietni-akt.JPG\"\n               title=\"\"\n               data-src=\"https:\/\/fotorosta.cz\/wp-content\/gallery\/pomnik-2025\/220-Pietni-akt.JPG\"\n               data-thumbnail=\"https:\/\/fotorosta.cz\/wp-content\/gallery\/pomnik-2025\/thumbs\/thumbs_220-Pietni-akt.JPG\"\n               data-image-id=\"55400\"\n               data-title=\"220-Pietni-akt\"\n               data-description=\"\"\n               data-image-slug=\"220-pietni-akt\"\n               class=\"shutterset_5f8809419dcc0f630d77936d34a7baae\">\n                <img\n                    title=\"220-Pietni-akt\"\n                    alt=\"220-Pietni-akt\"\n                    src=\"https:\/\/fotorosta.cz\/wp-content\/gallery\/pomnik-2025\/thumbs\/thumbs_220-Pietni-akt.JPG\"\n                    width=\"100\"\n                    height=\"75\"\n                    style=\"max-width:100%;\"\n                \/>\n            <\/a>\n        <\/div>\n\t\t\t\t\t\t\t<\/div> \n\t\t\t\n\t\t\t\t<div id=\"ngg-image-127\" class=\"ngg-gallery-thumbnail-box \" >\n\t\t\t\t        <div class=\"ngg-gallery-thumbnail\">\n            <a href=\"https:\/\/fotorosta.cz\/wp-content\/gallery\/pomnik-2025\/221-Pietni-akt.JPG\"\n               title=\"\"\n               data-src=\"https:\/\/fotorosta.cz\/wp-content\/gallery\/pomnik-2025\/221-Pietni-akt.JPG\"\n               data-thumbnail=\"https:\/\/fotorosta.cz\/wp-content\/gallery\/pomnik-2025\/thumbs\/thumbs_221-Pietni-akt.JPG\"\n               data-image-id=\"55401\"\n               data-title=\"221-Pietni-akt\"\n               data-description=\"\"\n               data-image-slug=\"221-pietni-akt\"\n               class=\"shutterset_5f8809419dcc0f630d77936d34a7baae\">\n                <img\n                    title=\"221-Pietni-akt\"\n                    alt=\"221-Pietni-akt\"\n                    src=\"https:\/\/fotorosta.cz\/wp-content\/gallery\/pomnik-2025\/thumbs\/thumbs_221-Pietni-akt.JPG\"\n                    width=\"100\"\n                    height=\"75\"\n                    style=\"max-width:100%;\"\n                \/>\n            <\/a>\n        <\/div>\n\t\t\t\t\t\t\t<\/div> \n\t\t\t\n\t\t\t\t<div id=\"ngg-image-128\" class=\"ngg-gallery-thumbnail-box \" >\n\t\t\t\t        <div class=\"ngg-gallery-thumbnail\">\n            <a href=\"https:\/\/fotorosta.cz\/wp-content\/gallery\/pomnik-2025\/223-Pietni-akt.JPG\"\n               title=\"\"\n               data-src=\"https:\/\/fotorosta.cz\/wp-content\/gallery\/pomnik-2025\/223-Pietni-akt.JPG\"\n               data-thumbnail=\"https:\/\/fotorosta.cz\/wp-content\/gallery\/pomnik-2025\/thumbs\/thumbs_223-Pietni-akt.JPG\"\n               data-image-id=\"55402\"\n               data-title=\"223-Pietni-akt\"\n               data-description=\"\"\n               data-image-slug=\"223-pietni-akt\"\n               class=\"shutterset_5f8809419dcc0f630d77936d34a7baae\">\n                <img\n                    title=\"223-Pietni-akt\"\n                    alt=\"223-Pietni-akt\"\n                    src=\"https:\/\/fotorosta.cz\/wp-content\/gallery\/pomnik-2025\/thumbs\/thumbs_223-Pietni-akt.JPG\"\n                    width=\"100\"\n                    height=\"75\"\n                    style=\"max-width:100%;\"\n                \/>\n            <\/a>\n        <\/div>\n\t\t\t\t\t\t\t<\/div> \n\t\t\t\n\t\t\t\t<div id=\"ngg-image-129\" class=\"ngg-gallery-thumbnail-box \" >\n\t\t\t\t        <div class=\"ngg-gallery-thumbnail\">\n            <a href=\"https:\/\/fotorosta.cz\/wp-content\/gallery\/pomnik-2025\/222-Pietni-akt.JPG\"\n               title=\"\"\n               data-src=\"https:\/\/fotorosta.cz\/wp-content\/gallery\/pomnik-2025\/222-Pietni-akt.JPG\"\n               data-thumbnail=\"https:\/\/fotorosta.cz\/wp-content\/gallery\/pomnik-2025\/thumbs\/thumbs_222-Pietni-akt.JPG\"\n               data-image-id=\"55403\"\n               data-title=\"222-Pietni-akt\"\n               data-description=\"\"\n               data-image-slug=\"222-pietni-akt\"\n               class=\"shutterset_5f8809419dcc0f630d77936d34a7baae\">\n                <img\n                    title=\"222-Pietni-akt\"\n                    alt=\"222-Pietni-akt\"\n                    src=\"https:\/\/fotorosta.cz\/wp-content\/gallery\/pomnik-2025\/thumbs\/thumbs_222-Pietni-akt.JPG\"\n                    width=\"100\"\n                    height=\"75\"\n                    style=\"max-width:100%;\"\n                \/>\n            <\/a>\n        <\/div>\n\t\t\t\t\t\t\t<\/div> \n\t\t\t\n\t\t\t\t<div id=\"ngg-image-130\" class=\"ngg-gallery-thumbnail-box \" >\n\t\t\t\t        <div class=\"ngg-gallery-thumbnail\">\n            <a href=\"https:\/\/fotorosta.cz\/wp-content\/gallery\/pomnik-2025\/239-Pietni-akt.JPG\"\n               title=\"\"\n               data-src=\"https:\/\/fotorosta.cz\/wp-content\/gallery\/pomnik-2025\/239-Pietni-akt.JPG\"\n               data-thumbnail=\"https:\/\/fotorosta.cz\/wp-content\/gallery\/pomnik-2025\/thumbs\/thumbs_239-Pietni-akt.JPG\"\n               data-image-id=\"55419\"\n               data-title=\"239-Pietni-akt\"\n               data-description=\"\"\n               data-image-slug=\"239-pietni-akt\"\n               class=\"shutterset_5f8809419dcc0f630d77936d34a7baae\">\n                <img\n                    title=\"239-Pietni-akt\"\n                    alt=\"239-Pietni-akt\"\n                    src=\"https:\/\/fotorosta.cz\/wp-content\/gallery\/pomnik-2025\/thumbs\/thumbs_239-Pietni-akt.JPG\"\n                    width=\"100\"\n                    height=\"75\"\n                    style=\"max-width:100%;\"\n                \/>\n            <\/a>\n        <\/div>\n\t\t\t\t\t\t\t<\/div> \n\t\t\t\n\t\t\t\t<div id=\"ngg-image-131\" class=\"ngg-gallery-thumbnail-box \" >\n\t\t\t\t        <div class=\"ngg-gallery-thumbnail\">\n            <a href=\"https:\/\/fotorosta.cz\/wp-content\/gallery\/pomnik-2025\/240-Pietni-akt.JPG\"\n               title=\"\"\n               data-src=\"https:\/\/fotorosta.cz\/wp-content\/gallery\/pomnik-2025\/240-Pietni-akt.JPG\"\n               data-thumbnail=\"https:\/\/fotorosta.cz\/wp-content\/gallery\/pomnik-2025\/thumbs\/thumbs_240-Pietni-akt.JPG\"\n               data-image-id=\"55420\"\n               data-title=\"240-Pietni-akt\"\n               data-description=\"\"\n               data-image-slug=\"240-pietni-akt\"\n               class=\"shutterset_5f8809419dcc0f630d77936d34a7baae\">\n                <img\n                    title=\"240-Pietni-akt\"\n                    alt=\"240-Pietni-akt\"\n                    src=\"https:\/\/fotorosta.cz\/wp-content\/gallery\/pomnik-2025\/thumbs\/thumbs_240-Pietni-akt.JPG\"\n                    width=\"100\"\n                    height=\"75\"\n                    style=\"max-width:100%;\"\n                \/>\n            <\/a>\n        <\/div>\n\t\t\t\t\t\t\t<\/div> \n\t\t\t\n\t\t\t\t<div id=\"ngg-image-132\" class=\"ngg-gallery-thumbnail-box \" >\n\t\t\t\t        <div class=\"ngg-gallery-thumbnail\">\n            <a href=\"https:\/\/fotorosta.cz\/wp-content\/gallery\/pomnik-2025\/241-Pietni-akt.JPG\"\n               title=\"\"\n               data-src=\"https:\/\/fotorosta.cz\/wp-content\/gallery\/pomnik-2025\/241-Pietni-akt.JPG\"\n               data-thumbnail=\"https:\/\/fotorosta.cz\/wp-content\/gallery\/pomnik-2025\/thumbs\/thumbs_241-Pietni-akt.JPG\"\n               data-image-id=\"55421\"\n               data-title=\"241-Pietni-akt\"\n               data-description=\"\"\n               data-image-slug=\"241-pietni-akt\"\n               class=\"shutterset_5f8809419dcc0f630d77936d34a7baae\">\n                <img\n                    title=\"241-Pietni-akt\"\n                    alt=\"241-Pietni-akt\"\n                    src=\"https:\/\/fotorosta.cz\/wp-content\/gallery\/pomnik-2025\/thumbs\/thumbs_241-Pietni-akt.JPG\"\n                    width=\"100\"\n                    height=\"75\"\n                    style=\"max-width:100%;\"\n                \/>\n            <\/a>\n        <\/div>\n\t\t\t\t\t\t\t<\/div> \n\t\t\t\n\t\t\t\t<div id=\"ngg-image-133\" class=\"ngg-gallery-thumbnail-box \" >\n\t\t\t\t        <div class=\"ngg-gallery-thumbnail\">\n            <a href=\"https:\/\/fotorosta.cz\/wp-content\/gallery\/pomnik-2025\/242-Pietni-akt.JPG\"\n               title=\"\"\n               data-src=\"https:\/\/fotorosta.cz\/wp-content\/gallery\/pomnik-2025\/242-Pietni-akt.JPG\"\n               data-thumbnail=\"https:\/\/fotorosta.cz\/wp-content\/gallery\/pomnik-2025\/thumbs\/thumbs_242-Pietni-akt.JPG\"\n               data-image-id=\"55422\"\n               data-title=\"242-Pietni-akt\"\n               data-description=\"\"\n               data-image-slug=\"242-pietni-akt\"\n               class=\"shutterset_5f8809419dcc0f630d77936d34a7baae\">\n                <img\n                    title=\"242-Pietni-akt\"\n                    alt=\"242-Pietni-akt\"\n                    src=\"https:\/\/fotorosta.cz\/wp-content\/gallery\/pomnik-2025\/thumbs\/thumbs_242-Pietni-akt.JPG\"\n                    width=\"100\"\n                    height=\"75\"\n                    style=\"max-width:100%;\"\n                \/>\n            <\/a>\n        <\/div>\n\t\t\t\t\t\t\t<\/div> \n\t\t\t\n\t\t\t\t<div id=\"ngg-image-134\" class=\"ngg-gallery-thumbnail-box \" >\n\t\t\t\t        <div class=\"ngg-gallery-thumbnail\">\n            <a href=\"https:\/\/fotorosta.cz\/wp-content\/gallery\/pomnik-2025\/224-Pietni-akt.JPG\"\n               title=\"\"\n               data-src=\"https:\/\/fotorosta.cz\/wp-content\/gallery\/pomnik-2025\/224-Pietni-akt.JPG\"\n               data-thumbnail=\"https:\/\/fotorosta.cz\/wp-content\/gallery\/pomnik-2025\/thumbs\/thumbs_224-Pietni-akt.JPG\"\n               data-image-id=\"55404\"\n               data-title=\"224-Pietni-akt\"\n               data-description=\"\"\n               data-image-slug=\"224-pietni-akt\"\n               class=\"shutterset_5f8809419dcc0f630d77936d34a7baae\">\n                <img\n                    title=\"224-Pietni-akt\"\n                    alt=\"224-Pietni-akt\"\n                    src=\"https:\/\/fotorosta.cz\/wp-content\/gallery\/pomnik-2025\/thumbs\/thumbs_224-Pietni-akt.JPG\"\n                    width=\"100\"\n                    height=\"75\"\n                    style=\"max-width:100%;\"\n                \/>\n            <\/a>\n        <\/div>\n\t\t\t\t\t\t\t<\/div> \n\t\t\t\n\t\t\t\t<div id=\"ngg-image-135\" class=\"ngg-gallery-thumbnail-box \" >\n\t\t\t\t        <div class=\"ngg-gallery-thumbnail\">\n            <a href=\"https:\/\/fotorosta.cz\/wp-content\/gallery\/pomnik-2025\/225-Pietni-akt.JPG\"\n               title=\"\"\n               data-src=\"https:\/\/fotorosta.cz\/wp-content\/gallery\/pomnik-2025\/225-Pietni-akt.JPG\"\n               data-thumbnail=\"https:\/\/fotorosta.cz\/wp-content\/gallery\/pomnik-2025\/thumbs\/thumbs_225-Pietni-akt.JPG\"\n               data-image-id=\"55405\"\n               data-title=\"225-Pietni-akt\"\n               data-description=\"\"\n               data-image-slug=\"225-pietni-akt\"\n               class=\"shutterset_5f8809419dcc0f630d77936d34a7baae\">\n                <img\n                    title=\"225-Pietni-akt\"\n                    alt=\"225-Pietni-akt\"\n                    src=\"https:\/\/fotorosta.cz\/wp-content\/gallery\/pomnik-2025\/thumbs\/thumbs_225-Pietni-akt.JPG\"\n                    width=\"100\"\n                    height=\"75\"\n                    style=\"max-width:100%;\"\n                \/>\n            <\/a>\n        <\/div>\n\t\t\t\t\t\t\t<\/div> \n\t\t\t\n\t\t\t\t<div id=\"ngg-image-136\" class=\"ngg-gallery-thumbnail-box \" >\n\t\t\t\t        <div class=\"ngg-gallery-thumbnail\">\n            <a href=\"https:\/\/fotorosta.cz\/wp-content\/gallery\/pomnik-2025\/226-Pietni-akt.JPG\"\n               title=\"\"\n               data-src=\"https:\/\/fotorosta.cz\/wp-content\/gallery\/pomnik-2025\/226-Pietni-akt.JPG\"\n               data-thumbnail=\"https:\/\/fotorosta.cz\/wp-content\/gallery\/pomnik-2025\/thumbs\/thumbs_226-Pietni-akt.JPG\"\n               data-image-id=\"55406\"\n               data-title=\"226-Pietni-akt\"\n               data-description=\"\"\n               data-image-slug=\"226-pietni-akt\"\n               class=\"shutterset_5f8809419dcc0f630d77936d34a7baae\">\n                <img\n                    title=\"226-Pietni-akt\"\n                    alt=\"226-Pietni-akt\"\n                    src=\"https:\/\/fotorosta.cz\/wp-content\/gallery\/pomnik-2025\/thumbs\/thumbs_226-Pietni-akt.JPG\"\n                    width=\"100\"\n                    height=\"75\"\n                    style=\"max-width:100%;\"\n                \/>\n            <\/a>\n        <\/div>\n\t\t\t\t\t\t\t<\/div> \n\t\t\t\n\t\t\t\t<div id=\"ngg-image-137\" class=\"ngg-gallery-thumbnail-box \" >\n\t\t\t\t        <div class=\"ngg-gallery-thumbnail\">\n            <a href=\"https:\/\/fotorosta.cz\/wp-content\/gallery\/pomnik-2025\/227-Pietni-akt.JPG\"\n               title=\"\"\n               data-src=\"https:\/\/fotorosta.cz\/wp-content\/gallery\/pomnik-2025\/227-Pietni-akt.JPG\"\n               data-thumbnail=\"https:\/\/fotorosta.cz\/wp-content\/gallery\/pomnik-2025\/thumbs\/thumbs_227-Pietni-akt.JPG\"\n               data-image-id=\"55407\"\n               data-title=\"227-Pietni-akt\"\n               data-description=\"\"\n               data-image-slug=\"227-pietni-akt\"\n               class=\"shutterset_5f8809419dcc0f630d77936d34a7baae\">\n                <img\n                    title=\"227-Pietni-akt\"\n                    alt=\"227-Pietni-akt\"\n                    src=\"https:\/\/fotorosta.cz\/wp-content\/gallery\/pomnik-2025\/thumbs\/thumbs_227-Pietni-akt.JPG\"\n                    width=\"100\"\n                    height=\"75\"\n                    style=\"max-width:100%;\"\n                \/>\n            <\/a>\n        <\/div>\n\t\t\t\t\t\t\t<\/div> \n\t\t\t\n\t\t\t\t<div id=\"ngg-image-138\" class=\"ngg-gallery-thumbnail-box \" >\n\t\t\t\t        <div class=\"ngg-gallery-thumbnail\">\n            <a href=\"https:\/\/fotorosta.cz\/wp-content\/gallery\/pomnik-2025\/228-Pietni-akt.JPG\"\n               title=\"\"\n               data-src=\"https:\/\/fotorosta.cz\/wp-content\/gallery\/pomnik-2025\/228-Pietni-akt.JPG\"\n               data-thumbnail=\"https:\/\/fotorosta.cz\/wp-content\/gallery\/pomnik-2025\/thumbs\/thumbs_228-Pietni-akt.JPG\"\n               data-image-id=\"55409\"\n               data-title=\"228-Pietni-akt\"\n               data-description=\"\"\n               data-image-slug=\"228-pietni-akt\"\n               class=\"shutterset_5f8809419dcc0f630d77936d34a7baae\">\n                <img\n                    title=\"228-Pietni-akt\"\n                    alt=\"228-Pietni-akt\"\n                    src=\"https:\/\/fotorosta.cz\/wp-content\/gallery\/pomnik-2025\/thumbs\/thumbs_228-Pietni-akt.JPG\"\n                    width=\"100\"\n                    height=\"75\"\n                    style=\"max-width:100%;\"\n                \/>\n            <\/a>\n        <\/div>\n\t\t\t\t\t\t\t<\/div> \n\t\t\t\n\t\t\t\t<div id=\"ngg-image-139\" class=\"ngg-gallery-thumbnail-box \" >\n\t\t\t\t        <div class=\"ngg-gallery-thumbnail\">\n            <a href=\"https:\/\/fotorosta.cz\/wp-content\/gallery\/pomnik-2025\/232-Pietni-akt.JPG\"\n               title=\"\"\n               data-src=\"https:\/\/fotorosta.cz\/wp-content\/gallery\/pomnik-2025\/232-Pietni-akt.JPG\"\n               data-thumbnail=\"https:\/\/fotorosta.cz\/wp-content\/gallery\/pomnik-2025\/thumbs\/thumbs_232-Pietni-akt.JPG\"\n               data-image-id=\"55412\"\n               data-title=\"232-Pietni-akt\"\n               data-description=\"\"\n               data-image-slug=\"232-pietni-akt\"\n               class=\"shutterset_5f8809419dcc0f630d77936d34a7baae\">\n                <img\n                    title=\"232-Pietni-akt\"\n                    alt=\"232-Pietni-akt\"\n                    src=\"https:\/\/fotorosta.cz\/wp-content\/gallery\/pomnik-2025\/thumbs\/thumbs_232-Pietni-akt.JPG\"\n                    width=\"100\"\n                    height=\"75\"\n                    style=\"max-width:100%;\"\n                \/>\n            <\/a>\n        <\/div>\n\t\t\t\t\t\t\t<\/div> \n\t\t\t\n\t\t\t\t<div id=\"ngg-image-140\" class=\"ngg-gallery-thumbnail-box \" >\n\t\t\t\t        <div class=\"ngg-gallery-thumbnail\">\n            <a href=\"https:\/\/fotorosta.cz\/wp-content\/gallery\/pomnik-2025\/233-Pietni-akt.JPG\"\n               title=\"\"\n               data-src=\"https:\/\/fotorosta.cz\/wp-content\/gallery\/pomnik-2025\/233-Pietni-akt.JPG\"\n               data-thumbnail=\"https:\/\/fotorosta.cz\/wp-content\/gallery\/pomnik-2025\/thumbs\/thumbs_233-Pietni-akt.JPG\"\n               data-image-id=\"55413\"\n               data-title=\"233-Pietni-akt\"\n               data-description=\"\"\n               data-image-slug=\"233-pietni-akt\"\n               class=\"shutterset_5f8809419dcc0f630d77936d34a7baae\">\n                <img\n                    title=\"233-Pietni-akt\"\n                    alt=\"233-Pietni-akt\"\n                    src=\"https:\/\/fotorosta.cz\/wp-content\/gallery\/pomnik-2025\/thumbs\/thumbs_233-Pietni-akt.JPG\"\n                    width=\"100\"\n                    height=\"75\"\n                    style=\"max-width:100%;\"\n                \/>\n            <\/a>\n        <\/div>\n\t\t\t\t\t\t\t<\/div> \n\t\t\t\n\t\t\t\t<div id=\"ngg-image-141\" class=\"ngg-gallery-thumbnail-box \" >\n\t\t\t\t        <div class=\"ngg-gallery-thumbnail\">\n            <a href=\"https:\/\/fotorosta.cz\/wp-content\/gallery\/pomnik-2025\/234-Pietni-akt.JPG\"\n               title=\"\"\n               data-src=\"https:\/\/fotorosta.cz\/wp-content\/gallery\/pomnik-2025\/234-Pietni-akt.JPG\"\n               data-thumbnail=\"https:\/\/fotorosta.cz\/wp-content\/gallery\/pomnik-2025\/thumbs\/thumbs_234-Pietni-akt.JPG\"\n               data-image-id=\"55414\"\n               data-title=\"234-Pietni-akt\"\n               data-description=\"\"\n               data-image-slug=\"234-pietni-akt\"\n               class=\"shutterset_5f8809419dcc0f630d77936d34a7baae\">\n                <img\n                    title=\"234-Pietni-akt\"\n                    alt=\"234-Pietni-akt\"\n                    src=\"https:\/\/fotorosta.cz\/wp-content\/gallery\/pomnik-2025\/thumbs\/thumbs_234-Pietni-akt.JPG\"\n                    width=\"100\"\n                    height=\"75\"\n                    style=\"max-width:100%;\"\n                \/>\n            <\/a>\n        <\/div>\n\t\t\t\t\t\t\t<\/div> \n\t\t\t\n\t\t\t\t<div id=\"ngg-image-142\" class=\"ngg-gallery-thumbnail-box \" >\n\t\t\t\t        <div class=\"ngg-gallery-thumbnail\">\n            <a href=\"https:\/\/fotorosta.cz\/wp-content\/gallery\/pomnik-2025\/235-Pietni-akt.JPG\"\n               title=\"\"\n               data-src=\"https:\/\/fotorosta.cz\/wp-content\/gallery\/pomnik-2025\/235-Pietni-akt.JPG\"\n               data-thumbnail=\"https:\/\/fotorosta.cz\/wp-content\/gallery\/pomnik-2025\/thumbs\/thumbs_235-Pietni-akt.JPG\"\n               data-image-id=\"55415\"\n               data-title=\"235-Pietni-akt\"\n               data-description=\"\"\n               data-image-slug=\"235-pietni-akt\"\n               class=\"shutterset_5f8809419dcc0f630d77936d34a7baae\">\n                <img\n                    title=\"235-Pietni-akt\"\n                    alt=\"235-Pietni-akt\"\n                    src=\"https:\/\/fotorosta.cz\/wp-content\/gallery\/pomnik-2025\/thumbs\/thumbs_235-Pietni-akt.JPG\"\n                    width=\"100\"\n                    height=\"75\"\n                    style=\"max-width:100%;\"\n                \/>\n            <\/a>\n        <\/div>\n\t\t\t\t\t\t\t<\/div> \n\t\t\t\n\t\n\t<br style=\"clear: both\" \/>\n\n\t\t<div class=\"slideshowlink\">\n        <a href='https:\/\/fotorosta.cz\/index.php\/nggallery\/slideshow?page_id=11857'>[Show as slideshow]<\/a>\n\t\t\n\t<\/div>\n\t\n\t\t<div class=\"ngg-clear\"><\/div>\n\t<\/div>\n\n","protected":false},"excerpt":{"rendered":"","protected":false},"author":1,"featured_media":0,"parent":10667,"menu_order":24,"comment_status":"closed","ping_status":"closed","template":"","meta":{"ngg_post_thumbnail":0},"_links":{"self":[{"href":"https:\/\/fotorosta.cz\/index.php?rest_route=\/wp\/v2\/pages\/11857"}],"collection":[{"href":"https:\/\/fotorosta.cz\/index.php?rest_route=\/wp\/v2\/pages"}],"about":[{"href":"https:\/\/fotorosta.cz\/index.php?rest_route=\/wp\/v2\/types\/page"}],"author":[{"embeddable":true,"href":"https:\/\/fotorosta.cz\/index.php?rest_route=\/wp\/v2\/users\/1"}],"replies":[{"embeddable":true,"href":"https:\/\/fotorosta.cz\/index.php?rest_route=%2Fwp%2Fv2%2Fcomments&post=11857"}],"version-history":[{"count":1,"href":"https:\/\/fotorosta.cz\/index.php?rest_route=\/wp\/v2\/pages\/11857\/revisions"}],"predecessor-version":[{"id":11987,"href":"https:\/\/fotorosta.cz\/index.php?rest_route=\/wp\/v2\/pages\/11857\/revisions\/11987"}],"up":[{"embeddable":true,"href":"https:\/\/fotorosta.cz\/index.php?rest_route=\/wp\/v2\/pages\/10667"}],"wp:attachment":[{"href":"https:\/\/fotorosta.cz\/index.php?rest_route=%2Fwp%2Fv2%2Fmedia&parent=11857"}],"curies":[{"name":"wp","href":"https:\/\/api.w.org\/{rel}","templated":true}]}}