{"id":14028,"date":"2025-12-15T10:09:42","date_gmt":"2025-12-15T10:09:42","guid":{"rendered":"https:\/\/fotorosta.cz\/?page_id=14028"},"modified":"2025-12-15T10:19:33","modified_gmt":"2025-12-15T10:19:33","slug":"vanocni-koncert-detem","status":"publish","type":"page","link":"https:\/\/fotorosta.cz\/?page_id=14028","title":{"rendered":"V\u00e1no\u010dn\u00ed koncert d\u011btem"},"content":{"rendered":"\n<!-- default-view.php -->\n<div\n\tclass=\"ngg-galleryoverview default-view  ngg-ajax-pagination-none\"\n\tid=\"ngg-gallery-ea7117ab897c54827a3eb6c32248c1df-1\">\n\n\t\t<!-- Thumbnails -->\n\t\t\t\t<div id=\"ngg-image-0\" class=\"ngg-gallery-thumbnail-box \" >\n\t\t\t\t        <div class=\"ngg-gallery-thumbnail\">\n            <a href=\"https:\/\/fotorosta.cz\/wp-content\/gallery\/vanocni-koncert-detem-2025\/101korunka.JPG\"\n               title=\"\"\n               data-src=\"https:\/\/fotorosta.cz\/wp-content\/gallery\/vanocni-koncert-detem-2025\/101korunka.JPG\"\n               data-thumbnail=\"https:\/\/fotorosta.cz\/wp-content\/gallery\/vanocni-koncert-detem-2025\/thumbs\/thumbs_101korunka.JPG\"\n               data-image-id=\"57298\"\n               data-title=\"101korunka\"\n               data-description=\"\"\n               data-image-slug=\"101korunka-4\"\n               class=\"shutterset_ea7117ab897c54827a3eb6c32248c1df\">\n                <img\n                    title=\"101korunka\"\n                    alt=\"101korunka\"\n                    src=\"https:\/\/fotorosta.cz\/wp-content\/gallery\/vanocni-koncert-detem-2025\/thumbs\/thumbs_101korunka.JPG\"\n                    width=\"100\"\n                    height=\"75\"\n                    style=\"max-width:100%;\"\n                \/>\n            <\/a>\n        <\/div>\n\t\t\t\t\t\t\t<\/div> \n\t\t\t\n\t\t\t\t<div id=\"ngg-image-1\" class=\"ngg-gallery-thumbnail-box \" >\n\t\t\t\t        <div class=\"ngg-gallery-thumbnail\">\n            <a href=\"https:\/\/fotorosta.cz\/wp-content\/gallery\/vanocni-koncert-detem-2025\/103korunka.JPG\"\n               title=\"\"\n               data-src=\"https:\/\/fotorosta.cz\/wp-content\/gallery\/vanocni-koncert-detem-2025\/103korunka.JPG\"\n               data-thumbnail=\"https:\/\/fotorosta.cz\/wp-content\/gallery\/vanocni-koncert-detem-2025\/thumbs\/thumbs_103korunka.JPG\"\n               data-image-id=\"57296\"\n               data-title=\"103korunka\"\n               data-description=\"\"\n               data-image-slug=\"103korunka-4\"\n               class=\"shutterset_ea7117ab897c54827a3eb6c32248c1df\">\n                <img\n                    title=\"103korunka\"\n                    alt=\"103korunka\"\n                    src=\"https:\/\/fotorosta.cz\/wp-content\/gallery\/vanocni-koncert-detem-2025\/thumbs\/thumbs_103korunka.JPG\"\n                    width=\"100\"\n                    height=\"75\"\n                    style=\"max-width:100%;\"\n                \/>\n            <\/a>\n        <\/div>\n\t\t\t\t\t\t\t<\/div> \n\t\t\t\n\t\t\t\t<div id=\"ngg-image-2\" class=\"ngg-gallery-thumbnail-box \" >\n\t\t\t\t        <div class=\"ngg-gallery-thumbnail\">\n            <a href=\"https:\/\/fotorosta.cz\/wp-content\/gallery\/vanocni-koncert-detem-2025\/104korunka.JPG\"\n               title=\"\"\n               data-src=\"https:\/\/fotorosta.cz\/wp-content\/gallery\/vanocni-koncert-detem-2025\/104korunka.JPG\"\n               data-thumbnail=\"https:\/\/fotorosta.cz\/wp-content\/gallery\/vanocni-koncert-detem-2025\/thumbs\/thumbs_104korunka.JPG\"\n               data-image-id=\"57294\"\n               data-title=\"104korunka\"\n               data-description=\"\"\n               data-image-slug=\"104korunka-4\"\n               class=\"shutterset_ea7117ab897c54827a3eb6c32248c1df\">\n                <img\n                    title=\"104korunka\"\n                    alt=\"104korunka\"\n                    src=\"https:\/\/fotorosta.cz\/wp-content\/gallery\/vanocni-koncert-detem-2025\/thumbs\/thumbs_104korunka.JPG\"\n                    width=\"100\"\n                    height=\"75\"\n                    style=\"max-width:100%;\"\n                \/>\n            <\/a>\n        <\/div>\n\t\t\t\t\t\t\t<\/div> \n\t\t\t\n\t\t\t\t<div id=\"ngg-image-3\" class=\"ngg-gallery-thumbnail-box \" >\n\t\t\t\t        <div class=\"ngg-gallery-thumbnail\">\n            <a href=\"https:\/\/fotorosta.cz\/wp-content\/gallery\/vanocni-koncert-detem-2025\/105korunka.JPG\"\n               title=\"\"\n               data-src=\"https:\/\/fotorosta.cz\/wp-content\/gallery\/vanocni-koncert-detem-2025\/105korunka.JPG\"\n               data-thumbnail=\"https:\/\/fotorosta.cz\/wp-content\/gallery\/vanocni-koncert-detem-2025\/thumbs\/thumbs_105korunka.JPG\"\n               data-image-id=\"57293\"\n               data-title=\"105korunka\"\n               data-description=\"\"\n               data-image-slug=\"105korunka-4\"\n               class=\"shutterset_ea7117ab897c54827a3eb6c32248c1df\">\n                <img\n                    title=\"105korunka\"\n                    alt=\"105korunka\"\n                    src=\"https:\/\/fotorosta.cz\/wp-content\/gallery\/vanocni-koncert-detem-2025\/thumbs\/thumbs_105korunka.JPG\"\n                    width=\"100\"\n                    height=\"75\"\n                    style=\"max-width:100%;\"\n                \/>\n            <\/a>\n        <\/div>\n\t\t\t\t\t\t\t<\/div> \n\t\t\t\n\t\t\t\t<div id=\"ngg-image-4\" class=\"ngg-gallery-thumbnail-box \" >\n\t\t\t\t        <div class=\"ngg-gallery-thumbnail\">\n            <a href=\"https:\/\/fotorosta.cz\/wp-content\/gallery\/vanocni-koncert-detem-2025\/106korunka.JPG\"\n               title=\"\"\n               data-src=\"https:\/\/fotorosta.cz\/wp-content\/gallery\/vanocni-koncert-detem-2025\/106korunka.JPG\"\n               data-thumbnail=\"https:\/\/fotorosta.cz\/wp-content\/gallery\/vanocni-koncert-detem-2025\/thumbs\/thumbs_106korunka.JPG\"\n               data-image-id=\"57297\"\n               data-title=\"106korunka\"\n               data-description=\"\"\n               data-image-slug=\"106korunka-3\"\n               class=\"shutterset_ea7117ab897c54827a3eb6c32248c1df\">\n                <img\n                    title=\"106korunka\"\n                    alt=\"106korunka\"\n                    src=\"https:\/\/fotorosta.cz\/wp-content\/gallery\/vanocni-koncert-detem-2025\/thumbs\/thumbs_106korunka.JPG\"\n                    width=\"100\"\n                    height=\"75\"\n                    style=\"max-width:100%;\"\n                \/>\n            <\/a>\n        <\/div>\n\t\t\t\t\t\t\t<\/div> \n\t\t\t\n\t\t\t\t<div id=\"ngg-image-5\" class=\"ngg-gallery-thumbnail-box \" >\n\t\t\t\t        <div class=\"ngg-gallery-thumbnail\">\n            <a href=\"https:\/\/fotorosta.cz\/wp-content\/gallery\/vanocni-koncert-detem-2025\/107korunka.JPG\"\n               title=\"\"\n               data-src=\"https:\/\/fotorosta.cz\/wp-content\/gallery\/vanocni-koncert-detem-2025\/107korunka.JPG\"\n               data-thumbnail=\"https:\/\/fotorosta.cz\/wp-content\/gallery\/vanocni-koncert-detem-2025\/thumbs\/thumbs_107korunka.JPG\"\n               data-image-id=\"57295\"\n               data-title=\"107korunka\"\n               data-description=\"\"\n               data-image-slug=\"107korunka-3\"\n               class=\"shutterset_ea7117ab897c54827a3eb6c32248c1df\">\n                <img\n                    title=\"107korunka\"\n                    alt=\"107korunka\"\n                    src=\"https:\/\/fotorosta.cz\/wp-content\/gallery\/vanocni-koncert-detem-2025\/thumbs\/thumbs_107korunka.JPG\"\n                    width=\"100\"\n                    height=\"75\"\n                    style=\"max-width:100%;\"\n                \/>\n            <\/a>\n        <\/div>\n\t\t\t\t\t\t\t<\/div> \n\t\t\t\n\t\t\t\t<div id=\"ngg-image-6\" class=\"ngg-gallery-thumbnail-box \" >\n\t\t\t\t        <div class=\"ngg-gallery-thumbnail\">\n            <a href=\"https:\/\/fotorosta.cz\/wp-content\/gallery\/vanocni-koncert-detem-2025\/108korunka.JPG\"\n               title=\"\"\n               data-src=\"https:\/\/fotorosta.cz\/wp-content\/gallery\/vanocni-koncert-detem-2025\/108korunka.JPG\"\n               data-thumbnail=\"https:\/\/fotorosta.cz\/wp-content\/gallery\/vanocni-koncert-detem-2025\/thumbs\/thumbs_108korunka.JPG\"\n               data-image-id=\"57299\"\n               data-title=\"108korunka\"\n               data-description=\"\"\n               data-image-slug=\"108korunka-4\"\n               class=\"shutterset_ea7117ab897c54827a3eb6c32248c1df\">\n                <img\n                    title=\"108korunka\"\n                    alt=\"108korunka\"\n                    src=\"https:\/\/fotorosta.cz\/wp-content\/gallery\/vanocni-koncert-detem-2025\/thumbs\/thumbs_108korunka.JPG\"\n                    width=\"100\"\n                    height=\"75\"\n                    style=\"max-width:100%;\"\n                \/>\n            <\/a>\n        <\/div>\n\t\t\t\t\t\t\t<\/div> \n\t\t\t\n\t\t\t\t<div id=\"ngg-image-7\" class=\"ngg-gallery-thumbnail-box \" >\n\t\t\t\t        <div class=\"ngg-gallery-thumbnail\">\n            <a href=\"https:\/\/fotorosta.cz\/wp-content\/gallery\/vanocni-koncert-detem-2025\/110korunka.JPG\"\n               title=\"\"\n               data-src=\"https:\/\/fotorosta.cz\/wp-content\/gallery\/vanocni-koncert-detem-2025\/110korunka.JPG\"\n               data-thumbnail=\"https:\/\/fotorosta.cz\/wp-content\/gallery\/vanocni-koncert-detem-2025\/thumbs\/thumbs_110korunka.JPG\"\n               data-image-id=\"57300\"\n               data-title=\"110korunka\"\n               data-description=\"\"\n               data-image-slug=\"110korunka-5\"\n               class=\"shutterset_ea7117ab897c54827a3eb6c32248c1df\">\n                <img\n                    title=\"110korunka\"\n                    alt=\"110korunka\"\n                    src=\"https:\/\/fotorosta.cz\/wp-content\/gallery\/vanocni-koncert-detem-2025\/thumbs\/thumbs_110korunka.JPG\"\n                    width=\"100\"\n                    height=\"75\"\n                    style=\"max-width:100%;\"\n                \/>\n            <\/a>\n        <\/div>\n\t\t\t\t\t\t\t<\/div> \n\t\t\t\n\t\t\t\t<div id=\"ngg-image-8\" class=\"ngg-gallery-thumbnail-box \" >\n\t\t\t\t        <div class=\"ngg-gallery-thumbnail\">\n            <a href=\"https:\/\/fotorosta.cz\/wp-content\/gallery\/vanocni-koncert-detem-2025\/111korunka.JPG\"\n               title=\"\"\n               data-src=\"https:\/\/fotorosta.cz\/wp-content\/gallery\/vanocni-koncert-detem-2025\/111korunka.JPG\"\n               data-thumbnail=\"https:\/\/fotorosta.cz\/wp-content\/gallery\/vanocni-koncert-detem-2025\/thumbs\/thumbs_111korunka.JPG\"\n               data-image-id=\"57301\"\n               data-title=\"111korunka\"\n               data-description=\"\"\n               data-image-slug=\"111korunka-5\"\n               class=\"shutterset_ea7117ab897c54827a3eb6c32248c1df\">\n                <img\n                    title=\"111korunka\"\n                    alt=\"111korunka\"\n                    src=\"https:\/\/fotorosta.cz\/wp-content\/gallery\/vanocni-koncert-detem-2025\/thumbs\/thumbs_111korunka.JPG\"\n                    width=\"100\"\n                    height=\"75\"\n                    style=\"max-width:100%;\"\n                \/>\n            <\/a>\n        <\/div>\n\t\t\t\t\t\t\t<\/div> \n\t\t\t\n\t\t\t\t<div id=\"ngg-image-9\" class=\"ngg-gallery-thumbnail-box \" >\n\t\t\t\t        <div class=\"ngg-gallery-thumbnail\">\n            <a href=\"https:\/\/fotorosta.cz\/wp-content\/gallery\/vanocni-koncert-detem-2025\/112korunka.JPG\"\n               title=\"\"\n               data-src=\"https:\/\/fotorosta.cz\/wp-content\/gallery\/vanocni-koncert-detem-2025\/112korunka.JPG\"\n               data-thumbnail=\"https:\/\/fotorosta.cz\/wp-content\/gallery\/vanocni-koncert-detem-2025\/thumbs\/thumbs_112korunka.JPG\"\n               data-image-id=\"57302\"\n               data-title=\"112korunka\"\n               data-description=\"\"\n               data-image-slug=\"112korunka-5\"\n               class=\"shutterset_ea7117ab897c54827a3eb6c32248c1df\">\n                <img\n                    title=\"112korunka\"\n                    alt=\"112korunka\"\n                    src=\"https:\/\/fotorosta.cz\/wp-content\/gallery\/vanocni-koncert-detem-2025\/thumbs\/thumbs_112korunka.JPG\"\n                    width=\"100\"\n                    height=\"75\"\n                    style=\"max-width:100%;\"\n                \/>\n            <\/a>\n        <\/div>\n\t\t\t\t\t\t\t<\/div> \n\t\t\t\n\t\t\t\t<div id=\"ngg-image-10\" class=\"ngg-gallery-thumbnail-box \" >\n\t\t\t\t        <div class=\"ngg-gallery-thumbnail\">\n            <a href=\"https:\/\/fotorosta.cz\/wp-content\/gallery\/vanocni-koncert-detem-2025\/114korunka.JPG\"\n               title=\"\"\n               data-src=\"https:\/\/fotorosta.cz\/wp-content\/gallery\/vanocni-koncert-detem-2025\/114korunka.JPG\"\n               data-thumbnail=\"https:\/\/fotorosta.cz\/wp-content\/gallery\/vanocni-koncert-detem-2025\/thumbs\/thumbs_114korunka.JPG\"\n               data-image-id=\"57304\"\n               data-title=\"114korunka\"\n               data-description=\"\"\n               data-image-slug=\"114korunka-4\"\n               class=\"shutterset_ea7117ab897c54827a3eb6c32248c1df\">\n                <img\n                    title=\"114korunka\"\n                    alt=\"114korunka\"\n                    src=\"https:\/\/fotorosta.cz\/wp-content\/gallery\/vanocni-koncert-detem-2025\/thumbs\/thumbs_114korunka.JPG\"\n                    width=\"100\"\n                    height=\"75\"\n                    style=\"max-width:100%;\"\n                \/>\n            <\/a>\n        <\/div>\n\t\t\t\t\t\t\t<\/div> \n\t\t\t\n\t\t\t\t<div id=\"ngg-image-11\" class=\"ngg-gallery-thumbnail-box \" >\n\t\t\t\t        <div class=\"ngg-gallery-thumbnail\">\n            <a href=\"https:\/\/fotorosta.cz\/wp-content\/gallery\/vanocni-koncert-detem-2025\/116korunka.JPG\"\n               title=\"\"\n               data-src=\"https:\/\/fotorosta.cz\/wp-content\/gallery\/vanocni-koncert-detem-2025\/116korunka.JPG\"\n               data-thumbnail=\"https:\/\/fotorosta.cz\/wp-content\/gallery\/vanocni-koncert-detem-2025\/thumbs\/thumbs_116korunka.JPG\"\n               data-image-id=\"57303\"\n               data-title=\"116korunka\"\n               data-description=\"\"\n               data-image-slug=\"116korunka-5\"\n               class=\"shutterset_ea7117ab897c54827a3eb6c32248c1df\">\n                <img\n                    title=\"116korunka\"\n                    alt=\"116korunka\"\n                    src=\"https:\/\/fotorosta.cz\/wp-content\/gallery\/vanocni-koncert-detem-2025\/thumbs\/thumbs_116korunka.JPG\"\n                    width=\"100\"\n                    height=\"75\"\n                    style=\"max-width:100%;\"\n                \/>\n            <\/a>\n        <\/div>\n\t\t\t\t\t\t\t<\/div> \n\t\t\t\n\t\t\t\t<div id=\"ngg-image-12\" class=\"ngg-gallery-thumbnail-box \" >\n\t\t\t\t        <div class=\"ngg-gallery-thumbnail\">\n            <a href=\"https:\/\/fotorosta.cz\/wp-content\/gallery\/vanocni-koncert-detem-2025\/120korunka.JPG\"\n               title=\"\"\n               data-src=\"https:\/\/fotorosta.cz\/wp-content\/gallery\/vanocni-koncert-detem-2025\/120korunka.JPG\"\n               data-thumbnail=\"https:\/\/fotorosta.cz\/wp-content\/gallery\/vanocni-koncert-detem-2025\/thumbs\/thumbs_120korunka.JPG\"\n               data-image-id=\"57305\"\n               data-title=\"120korunka\"\n               data-description=\"\"\n               data-image-slug=\"120korunka-5\"\n               class=\"shutterset_ea7117ab897c54827a3eb6c32248c1df\">\n                <img\n                    title=\"120korunka\"\n                    alt=\"120korunka\"\n                    src=\"https:\/\/fotorosta.cz\/wp-content\/gallery\/vanocni-koncert-detem-2025\/thumbs\/thumbs_120korunka.JPG\"\n                    width=\"100\"\n                    height=\"75\"\n                    style=\"max-width:100%;\"\n                \/>\n            <\/a>\n        <\/div>\n\t\t\t\t\t\t\t<\/div> \n\t\t\t\n\t\t\t\t<div id=\"ngg-image-13\" class=\"ngg-gallery-thumbnail-box \" >\n\t\t\t\t        <div class=\"ngg-gallery-thumbnail\">\n            <a href=\"https:\/\/fotorosta.cz\/wp-content\/gallery\/vanocni-koncert-detem-2025\/122korunka.JPG\"\n               title=\"\"\n               data-src=\"https:\/\/fotorosta.cz\/wp-content\/gallery\/vanocni-koncert-detem-2025\/122korunka.JPG\"\n               data-thumbnail=\"https:\/\/fotorosta.cz\/wp-content\/gallery\/vanocni-koncert-detem-2025\/thumbs\/thumbs_122korunka.JPG\"\n               data-image-id=\"57306\"\n               data-title=\"122korunka\"\n               data-description=\"\"\n               data-image-slug=\"122korunka-4\"\n               class=\"shutterset_ea7117ab897c54827a3eb6c32248c1df\">\n                <img\n                    title=\"122korunka\"\n                    alt=\"122korunka\"\n                    src=\"https:\/\/fotorosta.cz\/wp-content\/gallery\/vanocni-koncert-detem-2025\/thumbs\/thumbs_122korunka.JPG\"\n                    width=\"100\"\n                    height=\"75\"\n                    style=\"max-width:100%;\"\n                \/>\n            <\/a>\n        <\/div>\n\t\t\t\t\t\t\t<\/div> \n\t\t\t\n\t\t\t\t<div id=\"ngg-image-14\" class=\"ngg-gallery-thumbnail-box \" >\n\t\t\t\t        <div class=\"ngg-gallery-thumbnail\">\n            <a href=\"https:\/\/fotorosta.cz\/wp-content\/gallery\/vanocni-koncert-detem-2025\/123korunka.JPG\"\n               title=\"\"\n               data-src=\"https:\/\/fotorosta.cz\/wp-content\/gallery\/vanocni-koncert-detem-2025\/123korunka.JPG\"\n               data-thumbnail=\"https:\/\/fotorosta.cz\/wp-content\/gallery\/vanocni-koncert-detem-2025\/thumbs\/thumbs_123korunka.JPG\"\n               data-image-id=\"57307\"\n               data-title=\"123korunka\"\n               data-description=\"\"\n               data-image-slug=\"123korunka-5\"\n               class=\"shutterset_ea7117ab897c54827a3eb6c32248c1df\">\n                <img\n                    title=\"123korunka\"\n                    alt=\"123korunka\"\n                    src=\"https:\/\/fotorosta.cz\/wp-content\/gallery\/vanocni-koncert-detem-2025\/thumbs\/thumbs_123korunka.JPG\"\n                    width=\"100\"\n                    height=\"75\"\n                    style=\"max-width:100%;\"\n                \/>\n            <\/a>\n        <\/div>\n\t\t\t\t\t\t\t<\/div> \n\t\t\t\n\t\t\t\t<div id=\"ngg-image-15\" class=\"ngg-gallery-thumbnail-box \" >\n\t\t\t\t        <div class=\"ngg-gallery-thumbnail\">\n            <a href=\"https:\/\/fotorosta.cz\/wp-content\/gallery\/vanocni-koncert-detem-2025\/124korunka.JPG\"\n               title=\"\"\n               data-src=\"https:\/\/fotorosta.cz\/wp-content\/gallery\/vanocni-koncert-detem-2025\/124korunka.JPG\"\n               data-thumbnail=\"https:\/\/fotorosta.cz\/wp-content\/gallery\/vanocni-koncert-detem-2025\/thumbs\/thumbs_124korunka.JPG\"\n               data-image-id=\"57308\"\n               data-title=\"124korunka\"\n               data-description=\"\"\n               data-image-slug=\"124korunka-4\"\n               class=\"shutterset_ea7117ab897c54827a3eb6c32248c1df\">\n                <img\n                    title=\"124korunka\"\n                    alt=\"124korunka\"\n                    src=\"https:\/\/fotorosta.cz\/wp-content\/gallery\/vanocni-koncert-detem-2025\/thumbs\/thumbs_124korunka.JPG\"\n                    width=\"100\"\n                    height=\"75\"\n                    style=\"max-width:100%;\"\n                \/>\n            <\/a>\n        <\/div>\n\t\t\t\t\t\t\t<\/div> \n\t\t\t\n\t\t\t\t<div id=\"ngg-image-16\" class=\"ngg-gallery-thumbnail-box \" >\n\t\t\t\t        <div class=\"ngg-gallery-thumbnail\">\n            <a href=\"https:\/\/fotorosta.cz\/wp-content\/gallery\/vanocni-koncert-detem-2025\/125korunka.JPG\"\n               title=\"\"\n               data-src=\"https:\/\/fotorosta.cz\/wp-content\/gallery\/vanocni-koncert-detem-2025\/125korunka.JPG\"\n               data-thumbnail=\"https:\/\/fotorosta.cz\/wp-content\/gallery\/vanocni-koncert-detem-2025\/thumbs\/thumbs_125korunka.JPG\"\n               data-image-id=\"57309\"\n               data-title=\"125korunka\"\n               data-description=\"\"\n               data-image-slug=\"125korunka-5\"\n               class=\"shutterset_ea7117ab897c54827a3eb6c32248c1df\">\n                <img\n                    title=\"125korunka\"\n                    alt=\"125korunka\"\n                    src=\"https:\/\/fotorosta.cz\/wp-content\/gallery\/vanocni-koncert-detem-2025\/thumbs\/thumbs_125korunka.JPG\"\n                    width=\"100\"\n                    height=\"75\"\n                    style=\"max-width:100%;\"\n                \/>\n            <\/a>\n        <\/div>\n\t\t\t\t\t\t\t<\/div> \n\t\t\t\n\t\t\t\t<div id=\"ngg-image-17\" class=\"ngg-gallery-thumbnail-box \" >\n\t\t\t\t        <div class=\"ngg-gallery-thumbnail\">\n            <a href=\"https:\/\/fotorosta.cz\/wp-content\/gallery\/vanocni-koncert-detem-2025\/127korunka.JPG\"\n               title=\"\"\n               data-src=\"https:\/\/fotorosta.cz\/wp-content\/gallery\/vanocni-koncert-detem-2025\/127korunka.JPG\"\n               data-thumbnail=\"https:\/\/fotorosta.cz\/wp-content\/gallery\/vanocni-koncert-detem-2025\/thumbs\/thumbs_127korunka.JPG\"\n               data-image-id=\"57310\"\n               data-title=\"127korunka\"\n               data-description=\"\"\n               data-image-slug=\"127korunka-5\"\n               class=\"shutterset_ea7117ab897c54827a3eb6c32248c1df\">\n                <img\n                    title=\"127korunka\"\n                    alt=\"127korunka\"\n                    src=\"https:\/\/fotorosta.cz\/wp-content\/gallery\/vanocni-koncert-detem-2025\/thumbs\/thumbs_127korunka.JPG\"\n                    width=\"100\"\n                    height=\"75\"\n                    style=\"max-width:100%;\"\n                \/>\n            <\/a>\n        <\/div>\n\t\t\t\t\t\t\t<\/div> \n\t\t\t\n\t\t\t\t<div id=\"ngg-image-18\" class=\"ngg-gallery-thumbnail-box \" >\n\t\t\t\t        <div class=\"ngg-gallery-thumbnail\">\n            <a href=\"https:\/\/fotorosta.cz\/wp-content\/gallery\/vanocni-koncert-detem-2025\/129korunka.JPG\"\n               title=\"\"\n               data-src=\"https:\/\/fotorosta.cz\/wp-content\/gallery\/vanocni-koncert-detem-2025\/129korunka.JPG\"\n               data-thumbnail=\"https:\/\/fotorosta.cz\/wp-content\/gallery\/vanocni-koncert-detem-2025\/thumbs\/thumbs_129korunka.JPG\"\n               data-image-id=\"57311\"\n               data-title=\"129korunka\"\n               data-description=\"\"\n               data-image-slug=\"129korunka-5\"\n               class=\"shutterset_ea7117ab897c54827a3eb6c32248c1df\">\n                <img\n                    title=\"129korunka\"\n                    alt=\"129korunka\"\n                    src=\"https:\/\/fotorosta.cz\/wp-content\/gallery\/vanocni-koncert-detem-2025\/thumbs\/thumbs_129korunka.JPG\"\n                    width=\"100\"\n                    height=\"75\"\n                    style=\"max-width:100%;\"\n                \/>\n            <\/a>\n        <\/div>\n\t\t\t\t\t\t\t<\/div> \n\t\t\t\n\t\t\t\t<div id=\"ngg-image-19\" class=\"ngg-gallery-thumbnail-box \" >\n\t\t\t\t        <div class=\"ngg-gallery-thumbnail\">\n            <a href=\"https:\/\/fotorosta.cz\/wp-content\/gallery\/vanocni-koncert-detem-2025\/133korunka.JPG\"\n               title=\"\"\n               data-src=\"https:\/\/fotorosta.cz\/wp-content\/gallery\/vanocni-koncert-detem-2025\/133korunka.JPG\"\n               data-thumbnail=\"https:\/\/fotorosta.cz\/wp-content\/gallery\/vanocni-koncert-detem-2025\/thumbs\/thumbs_133korunka.JPG\"\n               data-image-id=\"57312\"\n               data-title=\"133korunka\"\n               data-description=\"\"\n               data-image-slug=\"133korunka-5\"\n               class=\"shutterset_ea7117ab897c54827a3eb6c32248c1df\">\n                <img\n                    title=\"133korunka\"\n                    alt=\"133korunka\"\n                    src=\"https:\/\/fotorosta.cz\/wp-content\/gallery\/vanocni-koncert-detem-2025\/thumbs\/thumbs_133korunka.JPG\"\n                    width=\"100\"\n                    height=\"75\"\n                    style=\"max-width:100%;\"\n                \/>\n            <\/a>\n        <\/div>\n\t\t\t\t\t\t\t<\/div> \n\t\t\t\n\t\t\t\t<div id=\"ngg-image-20\" class=\"ngg-gallery-thumbnail-box \" >\n\t\t\t\t        <div class=\"ngg-gallery-thumbnail\">\n            <a href=\"https:\/\/fotorosta.cz\/wp-content\/gallery\/vanocni-koncert-detem-2025\/136korunka.JPG\"\n               title=\"\"\n               data-src=\"https:\/\/fotorosta.cz\/wp-content\/gallery\/vanocni-koncert-detem-2025\/136korunka.JPG\"\n               data-thumbnail=\"https:\/\/fotorosta.cz\/wp-content\/gallery\/vanocni-koncert-detem-2025\/thumbs\/thumbs_136korunka.JPG\"\n               data-image-id=\"57313\"\n               data-title=\"136korunka\"\n               data-description=\"\"\n               data-image-slug=\"136korunka-5\"\n               class=\"shutterset_ea7117ab897c54827a3eb6c32248c1df\">\n                <img\n                    title=\"136korunka\"\n                    alt=\"136korunka\"\n                    src=\"https:\/\/fotorosta.cz\/wp-content\/gallery\/vanocni-koncert-detem-2025\/thumbs\/thumbs_136korunka.JPG\"\n                    width=\"100\"\n                    height=\"75\"\n                    style=\"max-width:100%;\"\n                \/>\n            <\/a>\n        <\/div>\n\t\t\t\t\t\t\t<\/div> \n\t\t\t\n\t\t\t\t<div id=\"ngg-image-21\" class=\"ngg-gallery-thumbnail-box \" >\n\t\t\t\t        <div class=\"ngg-gallery-thumbnail\">\n            <a href=\"https:\/\/fotorosta.cz\/wp-content\/gallery\/vanocni-koncert-detem-2025\/138korunka.JPG\"\n               title=\"\"\n               data-src=\"https:\/\/fotorosta.cz\/wp-content\/gallery\/vanocni-koncert-detem-2025\/138korunka.JPG\"\n               data-thumbnail=\"https:\/\/fotorosta.cz\/wp-content\/gallery\/vanocni-koncert-detem-2025\/thumbs\/thumbs_138korunka.JPG\"\n               data-image-id=\"57314\"\n               data-title=\"138korunka\"\n               data-description=\"\"\n               data-image-slug=\"138korunka-4\"\n               class=\"shutterset_ea7117ab897c54827a3eb6c32248c1df\">\n                <img\n                    title=\"138korunka\"\n                    alt=\"138korunka\"\n                    src=\"https:\/\/fotorosta.cz\/wp-content\/gallery\/vanocni-koncert-detem-2025\/thumbs\/thumbs_138korunka.JPG\"\n                    width=\"100\"\n                    height=\"75\"\n                    style=\"max-width:100%;\"\n                \/>\n            <\/a>\n        <\/div>\n\t\t\t\t\t\t\t<\/div> \n\t\t\t\n\t\t\t\t<div id=\"ngg-image-22\" class=\"ngg-gallery-thumbnail-box \" >\n\t\t\t\t        <div class=\"ngg-gallery-thumbnail\">\n            <a href=\"https:\/\/fotorosta.cz\/wp-content\/gallery\/vanocni-koncert-detem-2025\/141korunka.JPG\"\n               title=\"\"\n               data-src=\"https:\/\/fotorosta.cz\/wp-content\/gallery\/vanocni-koncert-detem-2025\/141korunka.JPG\"\n               data-thumbnail=\"https:\/\/fotorosta.cz\/wp-content\/gallery\/vanocni-koncert-detem-2025\/thumbs\/thumbs_141korunka.JPG\"\n               data-image-id=\"57315\"\n               data-title=\"141korunka\"\n               data-description=\"\"\n               data-image-slug=\"141korunka-3\"\n               class=\"shutterset_ea7117ab897c54827a3eb6c32248c1df\">\n                <img\n                    title=\"141korunka\"\n                    alt=\"141korunka\"\n                    src=\"https:\/\/fotorosta.cz\/wp-content\/gallery\/vanocni-koncert-detem-2025\/thumbs\/thumbs_141korunka.JPG\"\n                    width=\"100\"\n                    height=\"75\"\n                    style=\"max-width:100%;\"\n                \/>\n            <\/a>\n        <\/div>\n\t\t\t\t\t\t\t<\/div> \n\t\t\t\n\t\t\t\t<div id=\"ngg-image-23\" class=\"ngg-gallery-thumbnail-box \" >\n\t\t\t\t        <div class=\"ngg-gallery-thumbnail\">\n            <a href=\"https:\/\/fotorosta.cz\/wp-content\/gallery\/vanocni-koncert-detem-2025\/142korunka.JPG\"\n               title=\"\"\n               data-src=\"https:\/\/fotorosta.cz\/wp-content\/gallery\/vanocni-koncert-detem-2025\/142korunka.JPG\"\n               data-thumbnail=\"https:\/\/fotorosta.cz\/wp-content\/gallery\/vanocni-koncert-detem-2025\/thumbs\/thumbs_142korunka.JPG\"\n               data-image-id=\"57316\"\n               data-title=\"142korunka\"\n               data-description=\"\"\n               data-image-slug=\"142korunka-2\"\n               class=\"shutterset_ea7117ab897c54827a3eb6c32248c1df\">\n                <img\n                    title=\"142korunka\"\n                    alt=\"142korunka\"\n                    src=\"https:\/\/fotorosta.cz\/wp-content\/gallery\/vanocni-koncert-detem-2025\/thumbs\/thumbs_142korunka.JPG\"\n                    width=\"100\"\n                    height=\"75\"\n                    style=\"max-width:100%;\"\n                \/>\n            <\/a>\n        <\/div>\n\t\t\t\t\t\t\t<\/div> \n\t\t\t\n\t\t\t\t<div id=\"ngg-image-24\" class=\"ngg-gallery-thumbnail-box \" >\n\t\t\t\t        <div class=\"ngg-gallery-thumbnail\">\n            <a href=\"https:\/\/fotorosta.cz\/wp-content\/gallery\/vanocni-koncert-detem-2025\/143korunka.JPG\"\n               title=\"\"\n               data-src=\"https:\/\/fotorosta.cz\/wp-content\/gallery\/vanocni-koncert-detem-2025\/143korunka.JPG\"\n               data-thumbnail=\"https:\/\/fotorosta.cz\/wp-content\/gallery\/vanocni-koncert-detem-2025\/thumbs\/thumbs_143korunka.JPG\"\n               data-image-id=\"57317\"\n               data-title=\"143korunka\"\n               data-description=\"\"\n               data-image-slug=\"143korunka-5\"\n               class=\"shutterset_ea7117ab897c54827a3eb6c32248c1df\">\n                <img\n                    title=\"143korunka\"\n                    alt=\"143korunka\"\n                    src=\"https:\/\/fotorosta.cz\/wp-content\/gallery\/vanocni-koncert-detem-2025\/thumbs\/thumbs_143korunka.JPG\"\n                    width=\"100\"\n                    height=\"75\"\n                    style=\"max-width:100%;\"\n                \/>\n            <\/a>\n        <\/div>\n\t\t\t\t\t\t\t<\/div> \n\t\t\t\n\t\t\t\t<div id=\"ngg-image-25\" class=\"ngg-gallery-thumbnail-box \" >\n\t\t\t\t        <div class=\"ngg-gallery-thumbnail\">\n            <a href=\"https:\/\/fotorosta.cz\/wp-content\/gallery\/vanocni-koncert-detem-2025\/144korunka.JPG\"\n               title=\"\"\n               data-src=\"https:\/\/fotorosta.cz\/wp-content\/gallery\/vanocni-koncert-detem-2025\/144korunka.JPG\"\n               data-thumbnail=\"https:\/\/fotorosta.cz\/wp-content\/gallery\/vanocni-koncert-detem-2025\/thumbs\/thumbs_144korunka.JPG\"\n               data-image-id=\"57318\"\n               data-title=\"144korunka\"\n               data-description=\"\"\n               data-image-slug=\"144korunka-1\"\n               class=\"shutterset_ea7117ab897c54827a3eb6c32248c1df\">\n                <img\n                    title=\"144korunka\"\n                    alt=\"144korunka\"\n                    src=\"https:\/\/fotorosta.cz\/wp-content\/gallery\/vanocni-koncert-detem-2025\/thumbs\/thumbs_144korunka.JPG\"\n                    width=\"100\"\n                    height=\"75\"\n                    style=\"max-width:100%;\"\n                \/>\n            <\/a>\n        <\/div>\n\t\t\t\t\t\t\t<\/div> \n\t\t\t\n\t\t\t\t<div id=\"ngg-image-26\" class=\"ngg-gallery-thumbnail-box \" >\n\t\t\t\t        <div class=\"ngg-gallery-thumbnail\">\n            <a href=\"https:\/\/fotorosta.cz\/wp-content\/gallery\/vanocni-koncert-detem-2025\/147korunka.JPG\"\n               title=\"\"\n               data-src=\"https:\/\/fotorosta.cz\/wp-content\/gallery\/vanocni-koncert-detem-2025\/147korunka.JPG\"\n               data-thumbnail=\"https:\/\/fotorosta.cz\/wp-content\/gallery\/vanocni-koncert-detem-2025\/thumbs\/thumbs_147korunka.JPG\"\n               data-image-id=\"57320\"\n               data-title=\"147korunka\"\n               data-description=\"\"\n               data-image-slug=\"147korunka-3\"\n               class=\"shutterset_ea7117ab897c54827a3eb6c32248c1df\">\n                <img\n                    title=\"147korunka\"\n                    alt=\"147korunka\"\n                    src=\"https:\/\/fotorosta.cz\/wp-content\/gallery\/vanocni-koncert-detem-2025\/thumbs\/thumbs_147korunka.JPG\"\n                    width=\"100\"\n                    height=\"75\"\n                    style=\"max-width:100%;\"\n                \/>\n            <\/a>\n        <\/div>\n\t\t\t\t\t\t\t<\/div> \n\t\t\t\n\t\t\t\t<div id=\"ngg-image-27\" class=\"ngg-gallery-thumbnail-box \" >\n\t\t\t\t        <div class=\"ngg-gallery-thumbnail\">\n            <a href=\"https:\/\/fotorosta.cz\/wp-content\/gallery\/vanocni-koncert-detem-2025\/149korunka.JPG\"\n               title=\"\"\n               data-src=\"https:\/\/fotorosta.cz\/wp-content\/gallery\/vanocni-koncert-detem-2025\/149korunka.JPG\"\n               data-thumbnail=\"https:\/\/fotorosta.cz\/wp-content\/gallery\/vanocni-koncert-detem-2025\/thumbs\/thumbs_149korunka.JPG\"\n               data-image-id=\"57321\"\n               data-title=\"149korunka\"\n               data-description=\"\"\n               data-image-slug=\"149korunka-3\"\n               class=\"shutterset_ea7117ab897c54827a3eb6c32248c1df\">\n                <img\n                    title=\"149korunka\"\n                    alt=\"149korunka\"\n                    src=\"https:\/\/fotorosta.cz\/wp-content\/gallery\/vanocni-koncert-detem-2025\/thumbs\/thumbs_149korunka.JPG\"\n                    width=\"100\"\n                    height=\"75\"\n                    style=\"max-width:100%;\"\n                \/>\n            <\/a>\n        <\/div>\n\t\t\t\t\t\t\t<\/div> \n\t\t\t\n\t\t\t\t<div id=\"ngg-image-28\" class=\"ngg-gallery-thumbnail-box \" >\n\t\t\t\t        <div class=\"ngg-gallery-thumbnail\">\n            <a href=\"https:\/\/fotorosta.cz\/wp-content\/gallery\/vanocni-koncert-detem-2025\/151korunka.JPG\"\n               title=\"\"\n               data-src=\"https:\/\/fotorosta.cz\/wp-content\/gallery\/vanocni-koncert-detem-2025\/151korunka.JPG\"\n               data-thumbnail=\"https:\/\/fotorosta.cz\/wp-content\/gallery\/vanocni-koncert-detem-2025\/thumbs\/thumbs_151korunka.JPG\"\n               data-image-id=\"57319\"\n               data-title=\"151korunka\"\n               data-description=\"\"\n               data-image-slug=\"151korunka-3\"\n               class=\"shutterset_ea7117ab897c54827a3eb6c32248c1df\">\n                <img\n                    title=\"151korunka\"\n                    alt=\"151korunka\"\n                    src=\"https:\/\/fotorosta.cz\/wp-content\/gallery\/vanocni-koncert-detem-2025\/thumbs\/thumbs_151korunka.JPG\"\n                    width=\"100\"\n                    height=\"75\"\n                    style=\"max-width:100%;\"\n                \/>\n            <\/a>\n        <\/div>\n\t\t\t\t\t\t\t<\/div> \n\t\t\t\n\t\t\t\t<div id=\"ngg-image-29\" class=\"ngg-gallery-thumbnail-box \" >\n\t\t\t\t        <div class=\"ngg-gallery-thumbnail\">\n            <a href=\"https:\/\/fotorosta.cz\/wp-content\/gallery\/vanocni-koncert-detem-2025\/152korunka.JPG\"\n               title=\"\"\n               data-src=\"https:\/\/fotorosta.cz\/wp-content\/gallery\/vanocni-koncert-detem-2025\/152korunka.JPG\"\n               data-thumbnail=\"https:\/\/fotorosta.cz\/wp-content\/gallery\/vanocni-koncert-detem-2025\/thumbs\/thumbs_152korunka.JPG\"\n               data-image-id=\"57322\"\n               data-title=\"152korunka\"\n               data-description=\"\"\n               data-image-slug=\"152korunka-4\"\n               class=\"shutterset_ea7117ab897c54827a3eb6c32248c1df\">\n                <img\n                    title=\"152korunka\"\n                    alt=\"152korunka\"\n                    src=\"https:\/\/fotorosta.cz\/wp-content\/gallery\/vanocni-koncert-detem-2025\/thumbs\/thumbs_152korunka.JPG\"\n                    width=\"100\"\n                    height=\"75\"\n                    style=\"max-width:100%;\"\n                \/>\n            <\/a>\n        <\/div>\n\t\t\t\t\t\t\t<\/div> \n\t\t\t\n\t\t\t\t<div id=\"ngg-image-30\" class=\"ngg-gallery-thumbnail-box \" >\n\t\t\t\t        <div class=\"ngg-gallery-thumbnail\">\n            <a href=\"https:\/\/fotorosta.cz\/wp-content\/gallery\/vanocni-koncert-detem-2025\/158korunka.JPG\"\n               title=\"\"\n               data-src=\"https:\/\/fotorosta.cz\/wp-content\/gallery\/vanocni-koncert-detem-2025\/158korunka.JPG\"\n               data-thumbnail=\"https:\/\/fotorosta.cz\/wp-content\/gallery\/vanocni-koncert-detem-2025\/thumbs\/thumbs_158korunka.JPG\"\n               data-image-id=\"57323\"\n               data-title=\"158korunka\"\n               data-description=\"\"\n               data-image-slug=\"158korunka-1\"\n               class=\"shutterset_ea7117ab897c54827a3eb6c32248c1df\">\n                <img\n                    title=\"158korunka\"\n                    alt=\"158korunka\"\n                    src=\"https:\/\/fotorosta.cz\/wp-content\/gallery\/vanocni-koncert-detem-2025\/thumbs\/thumbs_158korunka.JPG\"\n                    width=\"100\"\n                    height=\"75\"\n                    style=\"max-width:100%;\"\n                \/>\n            <\/a>\n        <\/div>\n\t\t\t\t\t\t\t<\/div> \n\t\t\t\n\t\t\t\t<div id=\"ngg-image-31\" class=\"ngg-gallery-thumbnail-box \" >\n\t\t\t\t        <div class=\"ngg-gallery-thumbnail\">\n            <a href=\"https:\/\/fotorosta.cz\/wp-content\/gallery\/vanocni-koncert-detem-2025\/159korunka.JPG\"\n               title=\"\"\n               data-src=\"https:\/\/fotorosta.cz\/wp-content\/gallery\/vanocni-koncert-detem-2025\/159korunka.JPG\"\n               data-thumbnail=\"https:\/\/fotorosta.cz\/wp-content\/gallery\/vanocni-koncert-detem-2025\/thumbs\/thumbs_159korunka.JPG\"\n               data-image-id=\"57324\"\n               data-title=\"159korunka\"\n               data-description=\"\"\n               data-image-slug=\"159korunka-4\"\n               class=\"shutterset_ea7117ab897c54827a3eb6c32248c1df\">\n                <img\n                    title=\"159korunka\"\n                    alt=\"159korunka\"\n                    src=\"https:\/\/fotorosta.cz\/wp-content\/gallery\/vanocni-koncert-detem-2025\/thumbs\/thumbs_159korunka.JPG\"\n                    width=\"100\"\n                    height=\"75\"\n                    style=\"max-width:100%;\"\n                \/>\n            <\/a>\n        <\/div>\n\t\t\t\t\t\t\t<\/div> \n\t\t\t\n\t\t\t\t<div id=\"ngg-image-32\" class=\"ngg-gallery-thumbnail-box \" >\n\t\t\t\t        <div class=\"ngg-gallery-thumbnail\">\n            <a href=\"https:\/\/fotorosta.cz\/wp-content\/gallery\/vanocni-koncert-detem-2025\/161korunka.JPG\"\n               title=\"\"\n               data-src=\"https:\/\/fotorosta.cz\/wp-content\/gallery\/vanocni-koncert-detem-2025\/161korunka.JPG\"\n               data-thumbnail=\"https:\/\/fotorosta.cz\/wp-content\/gallery\/vanocni-koncert-detem-2025\/thumbs\/thumbs_161korunka.JPG\"\n               data-image-id=\"57325\"\n               data-title=\"161korunka\"\n               data-description=\"\"\n               data-image-slug=\"161korunka-1\"\n               class=\"shutterset_ea7117ab897c54827a3eb6c32248c1df\">\n                <img\n                    title=\"161korunka\"\n                    alt=\"161korunka\"\n                    src=\"https:\/\/fotorosta.cz\/wp-content\/gallery\/vanocni-koncert-detem-2025\/thumbs\/thumbs_161korunka.JPG\"\n                    width=\"100\"\n                    height=\"75\"\n                    style=\"max-width:100%;\"\n                \/>\n            <\/a>\n        <\/div>\n\t\t\t\t\t\t\t<\/div> \n\t\t\t\n\t\t\t\t<div id=\"ngg-image-33\" class=\"ngg-gallery-thumbnail-box \" >\n\t\t\t\t        <div class=\"ngg-gallery-thumbnail\">\n            <a href=\"https:\/\/fotorosta.cz\/wp-content\/gallery\/vanocni-koncert-detem-2025\/162korunka.JPG\"\n               title=\"\"\n               data-src=\"https:\/\/fotorosta.cz\/wp-content\/gallery\/vanocni-koncert-detem-2025\/162korunka.JPG\"\n               data-thumbnail=\"https:\/\/fotorosta.cz\/wp-content\/gallery\/vanocni-koncert-detem-2025\/thumbs\/thumbs_162korunka.JPG\"\n               data-image-id=\"57327\"\n               data-title=\"162korunka\"\n               data-description=\"\"\n               data-image-slug=\"162korunka-3\"\n               class=\"shutterset_ea7117ab897c54827a3eb6c32248c1df\">\n                <img\n                    title=\"162korunka\"\n                    alt=\"162korunka\"\n                    src=\"https:\/\/fotorosta.cz\/wp-content\/gallery\/vanocni-koncert-detem-2025\/thumbs\/thumbs_162korunka.JPG\"\n                    width=\"100\"\n                    height=\"75\"\n                    style=\"max-width:100%;\"\n                \/>\n            <\/a>\n        <\/div>\n\t\t\t\t\t\t\t<\/div> \n\t\t\t\n\t\t\t\t<div id=\"ngg-image-34\" class=\"ngg-gallery-thumbnail-box \" >\n\t\t\t\t        <div class=\"ngg-gallery-thumbnail\">\n            <a href=\"https:\/\/fotorosta.cz\/wp-content\/gallery\/vanocni-koncert-detem-2025\/163korunka.JPG\"\n               title=\"\"\n               data-src=\"https:\/\/fotorosta.cz\/wp-content\/gallery\/vanocni-koncert-detem-2025\/163korunka.JPG\"\n               data-thumbnail=\"https:\/\/fotorosta.cz\/wp-content\/gallery\/vanocni-koncert-detem-2025\/thumbs\/thumbs_163korunka.JPG\"\n               data-image-id=\"57326\"\n               data-title=\"163korunka\"\n               data-description=\"\"\n               data-image-slug=\"163korunka-3\"\n               class=\"shutterset_ea7117ab897c54827a3eb6c32248c1df\">\n                <img\n                    title=\"163korunka\"\n                    alt=\"163korunka\"\n                    src=\"https:\/\/fotorosta.cz\/wp-content\/gallery\/vanocni-koncert-detem-2025\/thumbs\/thumbs_163korunka.JPG\"\n                    width=\"100\"\n                    height=\"75\"\n                    style=\"max-width:100%;\"\n                \/>\n            <\/a>\n        <\/div>\n\t\t\t\t\t\t\t<\/div> \n\t\t\t\n\t\t\t\t<div id=\"ngg-image-35\" class=\"ngg-gallery-thumbnail-box \" >\n\t\t\t\t        <div class=\"ngg-gallery-thumbnail\">\n            <a href=\"https:\/\/fotorosta.cz\/wp-content\/gallery\/vanocni-koncert-detem-2025\/165korunka.JPG\"\n               title=\"\"\n               data-src=\"https:\/\/fotorosta.cz\/wp-content\/gallery\/vanocni-koncert-detem-2025\/165korunka.JPG\"\n               data-thumbnail=\"https:\/\/fotorosta.cz\/wp-content\/gallery\/vanocni-koncert-detem-2025\/thumbs\/thumbs_165korunka.JPG\"\n               data-image-id=\"57328\"\n               data-title=\"165korunka\"\n               data-description=\"\"\n               data-image-slug=\"165korunka-2\"\n               class=\"shutterset_ea7117ab897c54827a3eb6c32248c1df\">\n                <img\n                    title=\"165korunka\"\n                    alt=\"165korunka\"\n                    src=\"https:\/\/fotorosta.cz\/wp-content\/gallery\/vanocni-koncert-detem-2025\/thumbs\/thumbs_165korunka.JPG\"\n                    width=\"100\"\n                    height=\"75\"\n                    style=\"max-width:100%;\"\n                \/>\n            <\/a>\n        <\/div>\n\t\t\t\t\t\t\t<\/div> \n\t\t\t\n\t\t\t\t<div id=\"ngg-image-36\" class=\"ngg-gallery-thumbnail-box \" >\n\t\t\t\t        <div class=\"ngg-gallery-thumbnail\">\n            <a href=\"https:\/\/fotorosta.cz\/wp-content\/gallery\/vanocni-koncert-detem-2025\/166korunka.JPG\"\n               title=\"\"\n               data-src=\"https:\/\/fotorosta.cz\/wp-content\/gallery\/vanocni-koncert-detem-2025\/166korunka.JPG\"\n               data-thumbnail=\"https:\/\/fotorosta.cz\/wp-content\/gallery\/vanocni-koncert-detem-2025\/thumbs\/thumbs_166korunka.JPG\"\n               data-image-id=\"57329\"\n               data-title=\"166korunka\"\n               data-description=\"\"\n               data-image-slug=\"166korunka-2\"\n               class=\"shutterset_ea7117ab897c54827a3eb6c32248c1df\">\n                <img\n                    title=\"166korunka\"\n                    alt=\"166korunka\"\n                    src=\"https:\/\/fotorosta.cz\/wp-content\/gallery\/vanocni-koncert-detem-2025\/thumbs\/thumbs_166korunka.JPG\"\n                    width=\"100\"\n                    height=\"75\"\n                    style=\"max-width:100%;\"\n                \/>\n            <\/a>\n        <\/div>\n\t\t\t\t\t\t\t<\/div> \n\t\t\t\n\t\t\t\t<div id=\"ngg-image-37\" class=\"ngg-gallery-thumbnail-box \" >\n\t\t\t\t        <div class=\"ngg-gallery-thumbnail\">\n            <a href=\"https:\/\/fotorosta.cz\/wp-content\/gallery\/vanocni-koncert-detem-2025\/168korunka.JPG\"\n               title=\"\"\n               data-src=\"https:\/\/fotorosta.cz\/wp-content\/gallery\/vanocni-koncert-detem-2025\/168korunka.JPG\"\n               data-thumbnail=\"https:\/\/fotorosta.cz\/wp-content\/gallery\/vanocni-koncert-detem-2025\/thumbs\/thumbs_168korunka.JPG\"\n               data-image-id=\"57330\"\n               data-title=\"168korunka\"\n               data-description=\"\"\n               data-image-slug=\"168korunka-2\"\n               class=\"shutterset_ea7117ab897c54827a3eb6c32248c1df\">\n                <img\n                    title=\"168korunka\"\n                    alt=\"168korunka\"\n                    src=\"https:\/\/fotorosta.cz\/wp-content\/gallery\/vanocni-koncert-detem-2025\/thumbs\/thumbs_168korunka.JPG\"\n                    width=\"100\"\n                    height=\"75\"\n                    style=\"max-width:100%;\"\n                \/>\n            <\/a>\n        <\/div>\n\t\t\t\t\t\t\t<\/div> \n\t\t\t\n\t\t\t\t<div id=\"ngg-image-38\" class=\"ngg-gallery-thumbnail-box \" >\n\t\t\t\t        <div class=\"ngg-gallery-thumbnail\">\n            <a href=\"https:\/\/fotorosta.cz\/wp-content\/gallery\/vanocni-koncert-detem-2025\/170korunka.JPG\"\n               title=\"\"\n               data-src=\"https:\/\/fotorosta.cz\/wp-content\/gallery\/vanocni-koncert-detem-2025\/170korunka.JPG\"\n               data-thumbnail=\"https:\/\/fotorosta.cz\/wp-content\/gallery\/vanocni-koncert-detem-2025\/thumbs\/thumbs_170korunka.JPG\"\n               data-image-id=\"57331\"\n               data-title=\"170korunka\"\n               data-description=\"\"\n               data-image-slug=\"170korunka-2\"\n               class=\"shutterset_ea7117ab897c54827a3eb6c32248c1df\">\n                <img\n                    title=\"170korunka\"\n                    alt=\"170korunka\"\n                    src=\"https:\/\/fotorosta.cz\/wp-content\/gallery\/vanocni-koncert-detem-2025\/thumbs\/thumbs_170korunka.JPG\"\n                    width=\"100\"\n                    height=\"75\"\n                    style=\"max-width:100%;\"\n                \/>\n            <\/a>\n        <\/div>\n\t\t\t\t\t\t\t<\/div> \n\t\t\t\n\t\t\t\t<div id=\"ngg-image-39\" class=\"ngg-gallery-thumbnail-box \" >\n\t\t\t\t        <div class=\"ngg-gallery-thumbnail\">\n            <a href=\"https:\/\/fotorosta.cz\/wp-content\/gallery\/vanocni-koncert-detem-2025\/177korunka.JPG\"\n               title=\"\"\n               data-src=\"https:\/\/fotorosta.cz\/wp-content\/gallery\/vanocni-koncert-detem-2025\/177korunka.JPG\"\n               data-thumbnail=\"https:\/\/fotorosta.cz\/wp-content\/gallery\/vanocni-koncert-detem-2025\/thumbs\/thumbs_177korunka.JPG\"\n               data-image-id=\"57332\"\n               data-title=\"177korunka\"\n               data-description=\"\"\n               data-image-slug=\"177korunka-1\"\n               class=\"shutterset_ea7117ab897c54827a3eb6c32248c1df\">\n                <img\n                    title=\"177korunka\"\n                    alt=\"177korunka\"\n                    src=\"https:\/\/fotorosta.cz\/wp-content\/gallery\/vanocni-koncert-detem-2025\/thumbs\/thumbs_177korunka.JPG\"\n                    width=\"100\"\n                    height=\"75\"\n                    style=\"max-width:100%;\"\n                \/>\n            <\/a>\n        <\/div>\n\t\t\t\t\t\t\t<\/div> \n\t\t\t\n\t\t\t\t<div id=\"ngg-image-40\" class=\"ngg-gallery-thumbnail-box \" >\n\t\t\t\t        <div class=\"ngg-gallery-thumbnail\">\n            <a href=\"https:\/\/fotorosta.cz\/wp-content\/gallery\/vanocni-koncert-detem-2025\/178korunka.JPG\"\n               title=\"\"\n               data-src=\"https:\/\/fotorosta.cz\/wp-content\/gallery\/vanocni-koncert-detem-2025\/178korunka.JPG\"\n               data-thumbnail=\"https:\/\/fotorosta.cz\/wp-content\/gallery\/vanocni-koncert-detem-2025\/thumbs\/thumbs_178korunka.JPG\"\n               data-image-id=\"57333\"\n               data-title=\"178korunka\"\n               data-description=\"\"\n               data-image-slug=\"178korunka-2\"\n               class=\"shutterset_ea7117ab897c54827a3eb6c32248c1df\">\n                <img\n                    title=\"178korunka\"\n                    alt=\"178korunka\"\n                    src=\"https:\/\/fotorosta.cz\/wp-content\/gallery\/vanocni-koncert-detem-2025\/thumbs\/thumbs_178korunka.JPG\"\n                    width=\"100\"\n                    height=\"75\"\n                    style=\"max-width:100%;\"\n                \/>\n            <\/a>\n        <\/div>\n\t\t\t\t\t\t\t<\/div> \n\t\t\t\n\t\t\t\t<div id=\"ngg-image-41\" class=\"ngg-gallery-thumbnail-box \" >\n\t\t\t\t        <div class=\"ngg-gallery-thumbnail\">\n            <a href=\"https:\/\/fotorosta.cz\/wp-content\/gallery\/vanocni-koncert-detem-2025\/181korunka.JPG\"\n               title=\"\"\n               data-src=\"https:\/\/fotorosta.cz\/wp-content\/gallery\/vanocni-koncert-detem-2025\/181korunka.JPG\"\n               data-thumbnail=\"https:\/\/fotorosta.cz\/wp-content\/gallery\/vanocni-koncert-detem-2025\/thumbs\/thumbs_181korunka.JPG\"\n               data-image-id=\"57335\"\n               data-title=\"181korunka\"\n               data-description=\"\"\n               data-image-slug=\"181korunka-1\"\n               class=\"shutterset_ea7117ab897c54827a3eb6c32248c1df\">\n                <img\n                    title=\"181korunka\"\n                    alt=\"181korunka\"\n                    src=\"https:\/\/fotorosta.cz\/wp-content\/gallery\/vanocni-koncert-detem-2025\/thumbs\/thumbs_181korunka.JPG\"\n                    width=\"100\"\n                    height=\"75\"\n                    style=\"max-width:100%;\"\n                \/>\n            <\/a>\n        <\/div>\n\t\t\t\t\t\t\t<\/div> \n\t\t\t\n\t\t\t\t<div id=\"ngg-image-42\" class=\"ngg-gallery-thumbnail-box \" >\n\t\t\t\t        <div class=\"ngg-gallery-thumbnail\">\n            <a href=\"https:\/\/fotorosta.cz\/wp-content\/gallery\/vanocni-koncert-detem-2025\/182korunka.JPG\"\n               title=\"\"\n               data-src=\"https:\/\/fotorosta.cz\/wp-content\/gallery\/vanocni-koncert-detem-2025\/182korunka.JPG\"\n               data-thumbnail=\"https:\/\/fotorosta.cz\/wp-content\/gallery\/vanocni-koncert-detem-2025\/thumbs\/thumbs_182korunka.JPG\"\n               data-image-id=\"57334\"\n               data-title=\"182korunka\"\n               data-description=\"\"\n               data-image-slug=\"182korunka-2\"\n               class=\"shutterset_ea7117ab897c54827a3eb6c32248c1df\">\n                <img\n                    title=\"182korunka\"\n                    alt=\"182korunka\"\n                    src=\"https:\/\/fotorosta.cz\/wp-content\/gallery\/vanocni-koncert-detem-2025\/thumbs\/thumbs_182korunka.JPG\"\n                    width=\"100\"\n                    height=\"75\"\n                    style=\"max-width:100%;\"\n                \/>\n            <\/a>\n        <\/div>\n\t\t\t\t\t\t\t<\/div> \n\t\t\t\n\t\t\t\t<div id=\"ngg-image-43\" class=\"ngg-gallery-thumbnail-box \" >\n\t\t\t\t        <div class=\"ngg-gallery-thumbnail\">\n            <a href=\"https:\/\/fotorosta.cz\/wp-content\/gallery\/vanocni-koncert-detem-2025\/183korunka.JPG\"\n               title=\"\"\n               data-src=\"https:\/\/fotorosta.cz\/wp-content\/gallery\/vanocni-koncert-detem-2025\/183korunka.JPG\"\n               data-thumbnail=\"https:\/\/fotorosta.cz\/wp-content\/gallery\/vanocni-koncert-detem-2025\/thumbs\/thumbs_183korunka.JPG\"\n               data-image-id=\"57336\"\n               data-title=\"183korunka\"\n               data-description=\"\"\n               data-image-slug=\"183korunka-2\"\n               class=\"shutterset_ea7117ab897c54827a3eb6c32248c1df\">\n                <img\n                    title=\"183korunka\"\n                    alt=\"183korunka\"\n                    src=\"https:\/\/fotorosta.cz\/wp-content\/gallery\/vanocni-koncert-detem-2025\/thumbs\/thumbs_183korunka.JPG\"\n                    width=\"100\"\n                    height=\"75\"\n                    style=\"max-width:100%;\"\n                \/>\n            <\/a>\n        <\/div>\n\t\t\t\t\t\t\t<\/div> \n\t\t\t\n\t\t\t\t<div id=\"ngg-image-44\" class=\"ngg-gallery-thumbnail-box \" >\n\t\t\t\t        <div class=\"ngg-gallery-thumbnail\">\n            <a href=\"https:\/\/fotorosta.cz\/wp-content\/gallery\/vanocni-koncert-detem-2025\/185korunka.JPG\"\n               title=\"\"\n               data-src=\"https:\/\/fotorosta.cz\/wp-content\/gallery\/vanocni-koncert-detem-2025\/185korunka.JPG\"\n               data-thumbnail=\"https:\/\/fotorosta.cz\/wp-content\/gallery\/vanocni-koncert-detem-2025\/thumbs\/thumbs_185korunka.JPG\"\n               data-image-id=\"57337\"\n               data-title=\"185korunka\"\n               data-description=\"\"\n               data-image-slug=\"185korunka-3\"\n               class=\"shutterset_ea7117ab897c54827a3eb6c32248c1df\">\n                <img\n                    title=\"185korunka\"\n                    alt=\"185korunka\"\n                    src=\"https:\/\/fotorosta.cz\/wp-content\/gallery\/vanocni-koncert-detem-2025\/thumbs\/thumbs_185korunka.JPG\"\n                    width=\"100\"\n                    height=\"75\"\n                    style=\"max-width:100%;\"\n                \/>\n            <\/a>\n        <\/div>\n\t\t\t\t\t\t\t<\/div> \n\t\t\t\n\t\t\t\t<div id=\"ngg-image-45\" class=\"ngg-gallery-thumbnail-box \" >\n\t\t\t\t        <div class=\"ngg-gallery-thumbnail\">\n            <a href=\"https:\/\/fotorosta.cz\/wp-content\/gallery\/vanocni-koncert-detem-2025\/186korunka.JPG\"\n               title=\"\"\n               data-src=\"https:\/\/fotorosta.cz\/wp-content\/gallery\/vanocni-koncert-detem-2025\/186korunka.JPG\"\n               data-thumbnail=\"https:\/\/fotorosta.cz\/wp-content\/gallery\/vanocni-koncert-detem-2025\/thumbs\/thumbs_186korunka.JPG\"\n               data-image-id=\"57339\"\n               data-title=\"186korunka\"\n               data-description=\"\"\n               data-image-slug=\"186korunka-2\"\n               class=\"shutterset_ea7117ab897c54827a3eb6c32248c1df\">\n                <img\n                    title=\"186korunka\"\n                    alt=\"186korunka\"\n                    src=\"https:\/\/fotorosta.cz\/wp-content\/gallery\/vanocni-koncert-detem-2025\/thumbs\/thumbs_186korunka.JPG\"\n                    width=\"100\"\n                    height=\"75\"\n                    style=\"max-width:100%;\"\n                \/>\n            <\/a>\n        <\/div>\n\t\t\t\t\t\t\t<\/div> \n\t\t\t\n\t\t\t\t<div id=\"ngg-image-46\" class=\"ngg-gallery-thumbnail-box \" >\n\t\t\t\t        <div class=\"ngg-gallery-thumbnail\">\n            <a href=\"https:\/\/fotorosta.cz\/wp-content\/gallery\/vanocni-koncert-detem-2025\/188korunka.JPG\"\n               title=\"\"\n               data-src=\"https:\/\/fotorosta.cz\/wp-content\/gallery\/vanocni-koncert-detem-2025\/188korunka.JPG\"\n               data-thumbnail=\"https:\/\/fotorosta.cz\/wp-content\/gallery\/vanocni-koncert-detem-2025\/thumbs\/thumbs_188korunka.JPG\"\n               data-image-id=\"57338\"\n               data-title=\"188korunka\"\n               data-description=\"\"\n               data-image-slug=\"188korunka-3\"\n               class=\"shutterset_ea7117ab897c54827a3eb6c32248c1df\">\n                <img\n                    title=\"188korunka\"\n                    alt=\"188korunka\"\n                    src=\"https:\/\/fotorosta.cz\/wp-content\/gallery\/vanocni-koncert-detem-2025\/thumbs\/thumbs_188korunka.JPG\"\n                    width=\"100\"\n                    height=\"75\"\n                    style=\"max-width:100%;\"\n                \/>\n            <\/a>\n        <\/div>\n\t\t\t\t\t\t\t<\/div> \n\t\t\t\n\t\t\t\t<div id=\"ngg-image-47\" class=\"ngg-gallery-thumbnail-box \" >\n\t\t\t\t        <div class=\"ngg-gallery-thumbnail\">\n            <a href=\"https:\/\/fotorosta.cz\/wp-content\/gallery\/vanocni-koncert-detem-2025\/191korunka.JPG\"\n               title=\"\"\n               data-src=\"https:\/\/fotorosta.cz\/wp-content\/gallery\/vanocni-koncert-detem-2025\/191korunka.JPG\"\n               data-thumbnail=\"https:\/\/fotorosta.cz\/wp-content\/gallery\/vanocni-koncert-detem-2025\/thumbs\/thumbs_191korunka.JPG\"\n               data-image-id=\"57340\"\n               data-title=\"191korunka\"\n               data-description=\"\"\n               data-image-slug=\"191korunka\"\n               class=\"shutterset_ea7117ab897c54827a3eb6c32248c1df\">\n                <img\n                    title=\"191korunka\"\n                    alt=\"191korunka\"\n                    src=\"https:\/\/fotorosta.cz\/wp-content\/gallery\/vanocni-koncert-detem-2025\/thumbs\/thumbs_191korunka.JPG\"\n                    width=\"100\"\n                    height=\"75\"\n                    style=\"max-width:100%;\"\n                \/>\n            <\/a>\n        <\/div>\n\t\t\t\t\t\t\t<\/div> \n\t\t\t\n\t\t\t\t<div id=\"ngg-image-48\" class=\"ngg-gallery-thumbnail-box \" >\n\t\t\t\t        <div class=\"ngg-gallery-thumbnail\">\n            <a href=\"https:\/\/fotorosta.cz\/wp-content\/gallery\/vanocni-koncert-detem-2025\/198korunka.JPG\"\n               title=\"\"\n               data-src=\"https:\/\/fotorosta.cz\/wp-content\/gallery\/vanocni-koncert-detem-2025\/198korunka.JPG\"\n               data-thumbnail=\"https:\/\/fotorosta.cz\/wp-content\/gallery\/vanocni-koncert-detem-2025\/thumbs\/thumbs_198korunka.JPG\"\n               data-image-id=\"57341\"\n               data-title=\"198korunka\"\n               data-description=\"\"\n               data-image-slug=\"198korunka-1\"\n               class=\"shutterset_ea7117ab897c54827a3eb6c32248c1df\">\n                <img\n                    title=\"198korunka\"\n                    alt=\"198korunka\"\n                    src=\"https:\/\/fotorosta.cz\/wp-content\/gallery\/vanocni-koncert-detem-2025\/thumbs\/thumbs_198korunka.JPG\"\n                    width=\"100\"\n                    height=\"75\"\n                    style=\"max-width:100%;\"\n                \/>\n            <\/a>\n        <\/div>\n\t\t\t\t\t\t\t<\/div> \n\t\t\t\n\t\n\t<br style=\"clear: both\" \/>\n\n\t\t<div class=\"slideshowlink\">\n        <a href='https:\/\/fotorosta.cz\/index.php\/nggallery\/slideshow?page_id=14028'>[Show as slideshow]<\/a>\n\t\t\n\t<\/div>\n\t\n\t\t<div class=\"ngg-clear\"><\/div>\n\t<\/div>\n\n","protected":false},"excerpt":{"rendered":"","protected":false},"author":1,"featured_media":0,"parent":10667,"menu_order":67,"comment_status":"closed","ping_status":"closed","template":"","meta":{"ngg_post_thumbnail":0},"_links":{"self":[{"href":"https:\/\/fotorosta.cz\/index.php?rest_route=\/wp\/v2\/pages\/14028"}],"collection":[{"href":"https:\/\/fotorosta.cz\/index.php?rest_route=\/wp\/v2\/pages"}],"about":[{"href":"https:\/\/fotorosta.cz\/index.php?rest_route=\/wp\/v2\/types\/page"}],"author":[{"embeddable":true,"href":"https:\/\/fotorosta.cz\/index.php?rest_route=\/wp\/v2\/users\/1"}],"replies":[{"embeddable":true,"href":"https:\/\/fotorosta.cz\/index.php?rest_route=%2Fwp%2Fv2%2Fcomments&post=14028"}],"version-history":[{"count":2,"href":"https:\/\/fotorosta.cz\/index.php?rest_route=\/wp\/v2\/pages\/14028\/revisions"}],"predecessor-version":[{"id":14054,"href":"https:\/\/fotorosta.cz\/index.php?rest_route=\/wp\/v2\/pages\/14028\/revisions\/14054"}],"up":[{"embeddable":true,"href":"https:\/\/fotorosta.cz\/index.php?rest_route=\/wp\/v2\/pages\/10667"}],"wp:attachment":[{"href":"https:\/\/fotorosta.cz\/index.php?rest_route=%2Fwp%2Fv2%2Fmedia&parent=14028"}],"curies":[{"name":"wp","href":"https:\/\/api.w.org\/{rel}","templated":true}]}}