{"id":148,"date":"2013-06-24T18:12:10","date_gmt":"2013-06-24T18:12:10","guid":{"rendered":"http:\/\/fotorosta.cz\/?page_id=148"},"modified":"2021-03-15T16:57:22","modified_gmt":"2021-03-15T16:57:22","slug":"vystavy","status":"publish","type":"page","link":"https:\/\/fotorosta.cz\/?page_id=148","title":{"rendered":"V\u00fdstavy"},"content":{"rendered":"<h2>\n\t<a href=\"http:\/\/ohlednuti.uh.cz\/\">Ohl&eacute;dnut&iacute; 2013 | bilan\u010dn&iacute; v&yacute;stava fotografi&iacute;<\/a><br \/>\n<\/h2>\n<!-- default-view.php -->\n<div\n\tclass=\"ngg-galleryoverview default-view  ngg-ajax-pagination-none\"\n\tid=\"ngg-gallery-5650beda116d78cd090f834332fc8358-1\">\n\n\t\t<!-- Thumbnails -->\n\t\t\t\t<div id=\"ngg-image-0\" class=\"ngg-gallery-thumbnail-box \" >\n\t\t\t\t        <div class=\"ngg-gallery-thumbnail\">\n            <a href=\"https:\/\/fotorosta.cz\/wp-content\/gallery\/ohlednuti2013\/dsc_0001.jpg\"\n               title=\"\"\n               data-src=\"https:\/\/fotorosta.cz\/wp-content\/gallery\/ohlednuti2013\/dsc_0001.jpg\"\n               data-thumbnail=\"https:\/\/fotorosta.cz\/wp-content\/gallery\/ohlednuti2013\/thumbs\/thumbs_dsc_0001.jpg\"\n               data-image-id=\"2045\"\n               data-title=\"dsc_0001\"\n               data-description=\"\"\n               data-image-slug=\"dsc_0001-2\"\n               class=\"shutterset_5650beda116d78cd090f834332fc8358\">\n                <img\n                    title=\"dsc_0001\"\n                    alt=\"dsc_0001\"\n                    src=\"https:\/\/fotorosta.cz\/wp-content\/gallery\/ohlednuti2013\/thumbs\/thumbs_dsc_0001.jpg\"\n                    width=\"100\"\n                    height=\"75\"\n                    style=\"max-width:100%;\"\n                \/>\n            <\/a>\n        <\/div>\n\t\t\t\t\t\t\t<\/div> \n\t\t\t\n\t\t\t\t<div id=\"ngg-image-1\" class=\"ngg-gallery-thumbnail-box \" >\n\t\t\t\t        <div class=\"ngg-gallery-thumbnail\">\n            <a href=\"https:\/\/fotorosta.cz\/wp-content\/gallery\/ohlednuti2013\/dsc_0002.jpg\"\n               title=\"\"\n               data-src=\"https:\/\/fotorosta.cz\/wp-content\/gallery\/ohlednuti2013\/dsc_0002.jpg\"\n               data-thumbnail=\"https:\/\/fotorosta.cz\/wp-content\/gallery\/ohlednuti2013\/thumbs\/thumbs_dsc_0002.jpg\"\n               data-image-id=\"2046\"\n               data-title=\"dsc_0002\"\n               data-description=\"\"\n               data-image-slug=\"dsc_0002-2\"\n               class=\"shutterset_5650beda116d78cd090f834332fc8358\">\n                <img\n                    title=\"dsc_0002\"\n                    alt=\"dsc_0002\"\n                    src=\"https:\/\/fotorosta.cz\/wp-content\/gallery\/ohlednuti2013\/thumbs\/thumbs_dsc_0002.jpg\"\n                    width=\"100\"\n                    height=\"75\"\n                    style=\"max-width:100%;\"\n                \/>\n            <\/a>\n        <\/div>\n\t\t\t\t\t\t\t<\/div> \n\t\t\t\n\t\t\t\t<div id=\"ngg-image-2\" class=\"ngg-gallery-thumbnail-box \" >\n\t\t\t\t        <div class=\"ngg-gallery-thumbnail\">\n            <a href=\"https:\/\/fotorosta.cz\/wp-content\/gallery\/ohlednuti2013\/dsc_0004.jpg\"\n               title=\"\"\n               data-src=\"https:\/\/fotorosta.cz\/wp-content\/gallery\/ohlednuti2013\/dsc_0004.jpg\"\n               data-thumbnail=\"https:\/\/fotorosta.cz\/wp-content\/gallery\/ohlednuti2013\/thumbs\/thumbs_dsc_0004.jpg\"\n               data-image-id=\"2047\"\n               data-title=\"dsc_0004\"\n               data-description=\"\"\n               data-image-slug=\"dsc_0004\"\n               class=\"shutterset_5650beda116d78cd090f834332fc8358\">\n                <img\n                    title=\"dsc_0004\"\n                    alt=\"dsc_0004\"\n                    src=\"https:\/\/fotorosta.cz\/wp-content\/gallery\/ohlednuti2013\/thumbs\/thumbs_dsc_0004.jpg\"\n                    width=\"100\"\n                    height=\"75\"\n                    style=\"max-width:100%;\"\n                \/>\n            <\/a>\n        <\/div>\n\t\t\t\t\t\t\t<\/div> \n\t\t\t\n\t\t\t\t<div id=\"ngg-image-3\" class=\"ngg-gallery-thumbnail-box \" >\n\t\t\t\t        <div class=\"ngg-gallery-thumbnail\">\n            <a href=\"https:\/\/fotorosta.cz\/wp-content\/gallery\/ohlednuti2013\/dsc_0006.jpg\"\n               title=\"\"\n               data-src=\"https:\/\/fotorosta.cz\/wp-content\/gallery\/ohlednuti2013\/dsc_0006.jpg\"\n               data-thumbnail=\"https:\/\/fotorosta.cz\/wp-content\/gallery\/ohlednuti2013\/thumbs\/thumbs_dsc_0006.jpg\"\n               data-image-id=\"2048\"\n               data-title=\"dsc_0006\"\n               data-description=\"\"\n               data-image-slug=\"dsc_0006-2\"\n               class=\"shutterset_5650beda116d78cd090f834332fc8358\">\n                <img\n                    title=\"dsc_0006\"\n                    alt=\"dsc_0006\"\n                    src=\"https:\/\/fotorosta.cz\/wp-content\/gallery\/ohlednuti2013\/thumbs\/thumbs_dsc_0006.jpg\"\n                    width=\"100\"\n                    height=\"75\"\n                    style=\"max-width:100%;\"\n                \/>\n            <\/a>\n        <\/div>\n\t\t\t\t\t\t\t<\/div> \n\t\t\t\n\t\t\t\t<div id=\"ngg-image-4\" class=\"ngg-gallery-thumbnail-box \" >\n\t\t\t\t        <div class=\"ngg-gallery-thumbnail\">\n            <a href=\"https:\/\/fotorosta.cz\/wp-content\/gallery\/ohlednuti2013\/dsc_0009.jpg\"\n               title=\"\"\n               data-src=\"https:\/\/fotorosta.cz\/wp-content\/gallery\/ohlednuti2013\/dsc_0009.jpg\"\n               data-thumbnail=\"https:\/\/fotorosta.cz\/wp-content\/gallery\/ohlednuti2013\/thumbs\/thumbs_dsc_0009.jpg\"\n               data-image-id=\"2049\"\n               data-title=\"dsc_0009\"\n               data-description=\"\"\n               data-image-slug=\"dsc_0009-3\"\n               class=\"shutterset_5650beda116d78cd090f834332fc8358\">\n                <img\n                    title=\"dsc_0009\"\n                    alt=\"dsc_0009\"\n                    src=\"https:\/\/fotorosta.cz\/wp-content\/gallery\/ohlednuti2013\/thumbs\/thumbs_dsc_0009.jpg\"\n                    width=\"100\"\n                    height=\"75\"\n                    style=\"max-width:100%;\"\n                \/>\n            <\/a>\n        <\/div>\n\t\t\t\t\t\t\t<\/div> \n\t\t\t\n\t\t\t\t<div id=\"ngg-image-5\" class=\"ngg-gallery-thumbnail-box \" >\n\t\t\t\t        <div class=\"ngg-gallery-thumbnail\">\n            <a href=\"https:\/\/fotorosta.cz\/wp-content\/gallery\/ohlednuti2013\/dsc_0014.jpg\"\n               title=\"\"\n               data-src=\"https:\/\/fotorosta.cz\/wp-content\/gallery\/ohlednuti2013\/dsc_0014.jpg\"\n               data-thumbnail=\"https:\/\/fotorosta.cz\/wp-content\/gallery\/ohlednuti2013\/thumbs\/thumbs_dsc_0014.jpg\"\n               data-image-id=\"2050\"\n               data-title=\"dsc_0014\"\n               data-description=\"\"\n               data-image-slug=\"dsc_0014-2\"\n               class=\"shutterset_5650beda116d78cd090f834332fc8358\">\n                <img\n                    title=\"dsc_0014\"\n                    alt=\"dsc_0014\"\n                    src=\"https:\/\/fotorosta.cz\/wp-content\/gallery\/ohlednuti2013\/thumbs\/thumbs_dsc_0014.jpg\"\n                    width=\"100\"\n                    height=\"75\"\n                    style=\"max-width:100%;\"\n                \/>\n            <\/a>\n        <\/div>\n\t\t\t\t\t\t\t<\/div> \n\t\t\t\n\t\t\t\t<div id=\"ngg-image-6\" class=\"ngg-gallery-thumbnail-box \" >\n\t\t\t\t        <div class=\"ngg-gallery-thumbnail\">\n            <a href=\"https:\/\/fotorosta.cz\/wp-content\/gallery\/ohlednuti2013\/dsc_0017.jpg\"\n               title=\"\"\n               data-src=\"https:\/\/fotorosta.cz\/wp-content\/gallery\/ohlednuti2013\/dsc_0017.jpg\"\n               data-thumbnail=\"https:\/\/fotorosta.cz\/wp-content\/gallery\/ohlednuti2013\/thumbs\/thumbs_dsc_0017.jpg\"\n               data-image-id=\"2051\"\n               data-title=\"dsc_0017\"\n               data-description=\"\"\n               data-image-slug=\"dsc_0017-2\"\n               class=\"shutterset_5650beda116d78cd090f834332fc8358\">\n                <img\n                    title=\"dsc_0017\"\n                    alt=\"dsc_0017\"\n                    src=\"https:\/\/fotorosta.cz\/wp-content\/gallery\/ohlednuti2013\/thumbs\/thumbs_dsc_0017.jpg\"\n                    width=\"100\"\n                    height=\"75\"\n                    style=\"max-width:100%;\"\n                \/>\n            <\/a>\n        <\/div>\n\t\t\t\t\t\t\t<\/div> \n\t\t\t\n\t\t\t\t<div id=\"ngg-image-7\" class=\"ngg-gallery-thumbnail-box \" >\n\t\t\t\t        <div class=\"ngg-gallery-thumbnail\">\n            <a href=\"https:\/\/fotorosta.cz\/wp-content\/gallery\/ohlednuti2013\/dsc_0018.jpg\"\n               title=\"\"\n               data-src=\"https:\/\/fotorosta.cz\/wp-content\/gallery\/ohlednuti2013\/dsc_0018.jpg\"\n               data-thumbnail=\"https:\/\/fotorosta.cz\/wp-content\/gallery\/ohlednuti2013\/thumbs\/thumbs_dsc_0018.jpg\"\n               data-image-id=\"2052\"\n               data-title=\"dsc_0018\"\n               data-description=\"\"\n               data-image-slug=\"dsc_0018\"\n               class=\"shutterset_5650beda116d78cd090f834332fc8358\">\n                <img\n                    title=\"dsc_0018\"\n                    alt=\"dsc_0018\"\n                    src=\"https:\/\/fotorosta.cz\/wp-content\/gallery\/ohlednuti2013\/thumbs\/thumbs_dsc_0018.jpg\"\n                    width=\"100\"\n                    height=\"75\"\n                    style=\"max-width:100%;\"\n                \/>\n            <\/a>\n        <\/div>\n\t\t\t\t\t\t\t<\/div> \n\t\t\t\n\t\n\t<br style=\"clear: both\" \/>\n\n\t\t<div class=\"slideshowlink\">\n        <a href='https:\/\/fotorosta.cz\/index.php\/nggallery\/slideshow?page_id=148'>[Show as slideshow]<\/a>\n\t\t\n\t<\/div>\n\t\n\t\t<div class=\"ngg-clear\"><\/div>\n\t<\/div>\n\n<h2>\n\t&nbsp;Ru\u017eomberok&nbsp; 2013<br \/>\n<\/h2>\n<h2>\n\t&nbsp;            \n\t\t<div class=\"ngg-gallery-singlepic-image \" style=\"max-width: 320px\">\n\t\t\t    \t<a href=\"https:\/\/fotorosta.cz\/wp-content\/gallery\/vystava-slovensko-2013\/vystava.jpg\"\n\t\t     title=\"\"\n             data-src=\"https:\/\/fotorosta.cz\/wp-content\/gallery\/vystava-slovensko-2013\/vystava.jpg\"\n             data-thumbnail=\"https:\/\/fotorosta.cz\/wp-content\/gallery\/vystava-slovensko-2013\/thumbs\/thumbs_vystava.jpg\"\n             data-image-id=\"1325\"\n             data-title=\"vystava\"\n             data-description=\"\"\n             target='_self'\n             class=\"shutterset_c869ff6ddf9ef3069077db9e6796f139\">\n            <img class=\"ngg-singlepic\"\n             src=\"https:\/\/fotorosta.cz\/wp-content\/gallery\/vystava-slovensko-2013\/cache\/vystava.jpg-nggid041325-ngg0dyn-320x240x100-00f0w010c010r110f110r010t010.jpg\"\n             alt=\"vystava\"\n             title=\"vystava\"\n              width=\"320\"               \/>\n    \t<\/a>\n\t\t      <\/div>\n        <br \/>\n<\/h2>\n<!-- default-view.php -->\n<div\n\tclass=\"ngg-galleryoverview default-view  ngg-ajax-pagination-none\"\n\tid=\"ngg-gallery-3e6eef83bcdacdfcb789b637bd70cef2-1\">\n\n\t\t<!-- Thumbnails -->\n\t\t\t\t<div id=\"ngg-image-0\" class=\"ngg-gallery-thumbnail-box \" >\n\t\t\t\t        <div class=\"ngg-gallery-thumbnail\">\n            <a href=\"https:\/\/fotorosta.cz\/wp-content\/gallery\/vystava-slovensko-2013_1\/img_0381.jpg\"\n               title=\"\"\n               data-src=\"https:\/\/fotorosta.cz\/wp-content\/gallery\/vystava-slovensko-2013_1\/img_0381.jpg\"\n               data-thumbnail=\"https:\/\/fotorosta.cz\/wp-content\/gallery\/vystava-slovensko-2013_1\/thumbs\/thumbs_img_0381.jpg\"\n               data-image-id=\"1998\"\n               data-title=\"img_0381\"\n               data-description=\"\"\n               data-image-slug=\"img_0381\"\n               class=\"shutterset_3e6eef83bcdacdfcb789b637bd70cef2\">\n                <img\n                    title=\"img_0381\"\n                    alt=\"img_0381\"\n                    src=\"https:\/\/fotorosta.cz\/wp-content\/gallery\/vystava-slovensko-2013_1\/thumbs\/thumbs_img_0381.jpg\"\n                    width=\"100\"\n                    height=\"75\"\n                    style=\"max-width:100%;\"\n                \/>\n            <\/a>\n        <\/div>\n\t\t\t\t\t\t\t<\/div> \n\t\t\t\n\t\t\t\t<div id=\"ngg-image-1\" class=\"ngg-gallery-thumbnail-box \" >\n\t\t\t\t        <div class=\"ngg-gallery-thumbnail\">\n            <a href=\"https:\/\/fotorosta.cz\/wp-content\/gallery\/vystava-slovensko-2013_1\/izo_2692.jpg\"\n               title=\"\"\n               data-src=\"https:\/\/fotorosta.cz\/wp-content\/gallery\/vystava-slovensko-2013_1\/izo_2692.jpg\"\n               data-thumbnail=\"https:\/\/fotorosta.cz\/wp-content\/gallery\/vystava-slovensko-2013_1\/thumbs\/thumbs_izo_2692.jpg\"\n               data-image-id=\"1999\"\n               data-title=\"izo_2692\"\n               data-description=\"\"\n               data-image-slug=\"izo_2692\"\n               class=\"shutterset_3e6eef83bcdacdfcb789b637bd70cef2\">\n                <img\n                    title=\"izo_2692\"\n                    alt=\"izo_2692\"\n                    src=\"https:\/\/fotorosta.cz\/wp-content\/gallery\/vystava-slovensko-2013_1\/thumbs\/thumbs_izo_2692.jpg\"\n                    width=\"100\"\n                    height=\"75\"\n                    style=\"max-width:100%;\"\n                \/>\n            <\/a>\n        <\/div>\n\t\t\t\t\t\t\t<\/div> \n\t\t\t\n\t\t\t\t<div id=\"ngg-image-2\" class=\"ngg-gallery-thumbnail-box \" >\n\t\t\t\t        <div class=\"ngg-gallery-thumbnail\">\n            <a href=\"https:\/\/fotorosta.cz\/wp-content\/gallery\/vystava-slovensko-2013_1\/izo_2693.jpg\"\n               title=\"\"\n               data-src=\"https:\/\/fotorosta.cz\/wp-content\/gallery\/vystava-slovensko-2013_1\/izo_2693.jpg\"\n               data-thumbnail=\"https:\/\/fotorosta.cz\/wp-content\/gallery\/vystava-slovensko-2013_1\/thumbs\/thumbs_izo_2693.jpg\"\n               data-image-id=\"2000\"\n               data-title=\"izo_2693\"\n               data-description=\"\"\n               data-image-slug=\"izo_2693\"\n               class=\"shutterset_3e6eef83bcdacdfcb789b637bd70cef2\">\n                <img\n                    title=\"izo_2693\"\n                    alt=\"izo_2693\"\n                    src=\"https:\/\/fotorosta.cz\/wp-content\/gallery\/vystava-slovensko-2013_1\/thumbs\/thumbs_izo_2693.jpg\"\n                    width=\"100\"\n                    height=\"75\"\n                    style=\"max-width:100%;\"\n                \/>\n            <\/a>\n        <\/div>\n\t\t\t\t\t\t\t<\/div> \n\t\t\t\n\t\t\t\t<div id=\"ngg-image-3\" class=\"ngg-gallery-thumbnail-box \" >\n\t\t\t\t        <div class=\"ngg-gallery-thumbnail\">\n            <a href=\"https:\/\/fotorosta.cz\/wp-content\/gallery\/vystava-slovensko-2013_1\/izo_2694.jpg\"\n               title=\"\"\n               data-src=\"https:\/\/fotorosta.cz\/wp-content\/gallery\/vystava-slovensko-2013_1\/izo_2694.jpg\"\n               data-thumbnail=\"https:\/\/fotorosta.cz\/wp-content\/gallery\/vystava-slovensko-2013_1\/thumbs\/thumbs_izo_2694.jpg\"\n               data-image-id=\"2001\"\n               data-title=\"izo_2694\"\n               data-description=\"\"\n               data-image-slug=\"izo_2694\"\n               class=\"shutterset_3e6eef83bcdacdfcb789b637bd70cef2\">\n                <img\n                    title=\"izo_2694\"\n                    alt=\"izo_2694\"\n                    src=\"https:\/\/fotorosta.cz\/wp-content\/gallery\/vystava-slovensko-2013_1\/thumbs\/thumbs_izo_2694.jpg\"\n                    width=\"100\"\n                    height=\"75\"\n                    style=\"max-width:100%;\"\n                \/>\n            <\/a>\n        <\/div>\n\t\t\t\t\t\t\t<\/div> \n\t\t\t\n\t\t\t\t<div id=\"ngg-image-4\" class=\"ngg-gallery-thumbnail-box \" >\n\t\t\t\t        <div class=\"ngg-gallery-thumbnail\">\n            <a href=\"https:\/\/fotorosta.cz\/wp-content\/gallery\/vystava-slovensko-2013_1\/spolocnik.jpg\"\n               title=\"\"\n               data-src=\"https:\/\/fotorosta.cz\/wp-content\/gallery\/vystava-slovensko-2013_1\/spolocnik.jpg\"\n               data-thumbnail=\"https:\/\/fotorosta.cz\/wp-content\/gallery\/vystava-slovensko-2013_1\/thumbs\/thumbs_spolocnik.jpg\"\n               data-image-id=\"2004\"\n               data-title=\"spolocnik\"\n               data-description=\"\"\n               data-image-slug=\"spolocnik\"\n               class=\"shutterset_3e6eef83bcdacdfcb789b637bd70cef2\">\n                <img\n                    title=\"spolocnik\"\n                    alt=\"spolocnik\"\n                    src=\"https:\/\/fotorosta.cz\/wp-content\/gallery\/vystava-slovensko-2013_1\/thumbs\/thumbs_spolocnik.jpg\"\n                    width=\"100\"\n                    height=\"75\"\n                    style=\"max-width:100%;\"\n                \/>\n            <\/a>\n        <\/div>\n\t\t\t\t\t\t\t<\/div> \n\t\t\t\n\t\n\t<br style=\"clear: both\" \/>\n\n\t\t<div class=\"slideshowlink\">\n        <a href='https:\/\/fotorosta.cz\/index.php\/nggallery\/slideshow?page_id=148'>[Show as slideshow]<\/a>\n\t\t\n\t<\/div>\n\t\n\t\t<div class=\"ngg-clear\"><\/div>\n\t<\/div>\n\n<h2>\n\t&#8212;&#8212;&#8212;&#8212;&#8212;&#8212;&#8212;&#8212;&#8212;&#8212;&#8212;&#8212;&#8212;&#8212;&#8212;&#8212;&#8212;&#8212;&#8212;&#8212;&#8212;&#8212;&#8212;&#8212;&#8212;&#8212;&#8212;&#8212;&#8212;&#8212;&#8212;<br \/>\n<\/h2>\n<p>\n\t<strong class=\"western\"><font size=\"4\">U n&aacute;s ve Vl\u010dnov\u011b 2013<\/font><\/strong><br \/>\n\t<strong class=\"western\"><font size=\"4\"><span style=\"font-weight: normal;\">v&yacute;stava velkoform&aacute;tov&yacute;ch fotografi&iacute; s tradi\u010dn&iacute; t&eacute;matikou. <\/span><\/font><\/strong>\n<\/p>\n<p style=\"text-align: center;\">\n\t<!-- default-view.php -->\n<div\n\tclass=\"ngg-galleryoverview default-view  ngg-ajax-pagination-none\"\n\tid=\"ngg-gallery-f4fba976e8bb080afa67bde9bc6980fb-1\">\n\n\t\t<!-- Thumbnails -->\n\t\t\t\t<div id=\"ngg-image-0\" class=\"ngg-gallery-thumbnail-box \" >\n\t\t\t\t        <div class=\"ngg-gallery-thumbnail\">\n            <a href=\"https:\/\/fotorosta.cz\/wp-content\/gallery\/vystava-kveten-2013\/dsc_0005.jpg\"\n               title=\"\"\n               data-src=\"https:\/\/fotorosta.cz\/wp-content\/gallery\/vystava-kveten-2013\/dsc_0005.jpg\"\n               data-thumbnail=\"https:\/\/fotorosta.cz\/wp-content\/gallery\/vystava-kveten-2013\/thumbs\/thumbs_dsc_0005.jpg\"\n               data-image-id=\"409\"\n               data-title=\"dsc_0005\"\n               data-description=\"\"\n               data-image-slug=\"dsc_0005\"\n               class=\"shutterset_f4fba976e8bb080afa67bde9bc6980fb\">\n                <img\n                    title=\"dsc_0005\"\n                    alt=\"dsc_0005\"\n                    src=\"https:\/\/fotorosta.cz\/wp-content\/gallery\/vystava-kveten-2013\/thumbs\/thumbs_dsc_0005.jpg\"\n                    width=\"100\"\n                    height=\"75\"\n                    style=\"max-width:100%;\"\n                \/>\n            <\/a>\n        <\/div>\n\t\t\t\t\t\t\t<\/div> \n\t\t\t\n\t\t\t\t<div id=\"ngg-image-1\" class=\"ngg-gallery-thumbnail-box \" >\n\t\t\t\t        <div class=\"ngg-gallery-thumbnail\">\n            <a href=\"https:\/\/fotorosta.cz\/wp-content\/gallery\/vystava-kveten-2013\/dsc_0006.jpg\"\n               title=\"\"\n               data-src=\"https:\/\/fotorosta.cz\/wp-content\/gallery\/vystava-kveten-2013\/dsc_0006.jpg\"\n               data-thumbnail=\"https:\/\/fotorosta.cz\/wp-content\/gallery\/vystava-kveten-2013\/thumbs\/thumbs_dsc_0006.jpg\"\n               data-image-id=\"410\"\n               data-title=\"dsc_0006\"\n               data-description=\"\"\n               data-image-slug=\"dsc_0006\"\n               class=\"shutterset_f4fba976e8bb080afa67bde9bc6980fb\">\n                <img\n                    title=\"dsc_0006\"\n                    alt=\"dsc_0006\"\n                    src=\"https:\/\/fotorosta.cz\/wp-content\/gallery\/vystava-kveten-2013\/thumbs\/thumbs_dsc_0006.jpg\"\n                    width=\"100\"\n                    height=\"75\"\n                    style=\"max-width:100%;\"\n                \/>\n            <\/a>\n        <\/div>\n\t\t\t\t\t\t\t<\/div> \n\t\t\t\n\t\t\t\t<div id=\"ngg-image-2\" class=\"ngg-gallery-thumbnail-box \" >\n\t\t\t\t        <div class=\"ngg-gallery-thumbnail\">\n            <a href=\"https:\/\/fotorosta.cz\/wp-content\/gallery\/vystava-kveten-2013\/dsc_0007.jpg\"\n               title=\"\"\n               data-src=\"https:\/\/fotorosta.cz\/wp-content\/gallery\/vystava-kveten-2013\/dsc_0007.jpg\"\n               data-thumbnail=\"https:\/\/fotorosta.cz\/wp-content\/gallery\/vystava-kveten-2013\/thumbs\/thumbs_dsc_0007.jpg\"\n               data-image-id=\"411\"\n               data-title=\"dsc_0007\"\n               data-description=\"\"\n               data-image-slug=\"dsc_0007-3\"\n               class=\"shutterset_f4fba976e8bb080afa67bde9bc6980fb\">\n                <img\n                    title=\"dsc_0007\"\n                    alt=\"dsc_0007\"\n                    src=\"https:\/\/fotorosta.cz\/wp-content\/gallery\/vystava-kveten-2013\/thumbs\/thumbs_dsc_0007.jpg\"\n                    width=\"100\"\n                    height=\"75\"\n                    style=\"max-width:100%;\"\n                \/>\n            <\/a>\n        <\/div>\n\t\t\t\t\t\t\t<\/div> \n\t\t\t\n\t\t\t\t<div id=\"ngg-image-3\" class=\"ngg-gallery-thumbnail-box \" >\n\t\t\t\t        <div class=\"ngg-gallery-thumbnail\">\n            <a href=\"https:\/\/fotorosta.cz\/wp-content\/gallery\/vystava-kveten-2013\/dsc_4904.jpg\"\n               title=\"\"\n               data-src=\"https:\/\/fotorosta.cz\/wp-content\/gallery\/vystava-kveten-2013\/dsc_4904.jpg\"\n               data-thumbnail=\"https:\/\/fotorosta.cz\/wp-content\/gallery\/vystava-kveten-2013\/thumbs\/thumbs_dsc_4904.jpg\"\n               data-image-id=\"412\"\n               data-title=\"dsc_4904\"\n               data-description=\"\"\n               data-image-slug=\"dsc_4904\"\n               class=\"shutterset_f4fba976e8bb080afa67bde9bc6980fb\">\n                <img\n                    title=\"dsc_4904\"\n                    alt=\"dsc_4904\"\n                    src=\"https:\/\/fotorosta.cz\/wp-content\/gallery\/vystava-kveten-2013\/thumbs\/thumbs_dsc_4904.jpg\"\n                    width=\"100\"\n                    height=\"75\"\n                    style=\"max-width:100%;\"\n                \/>\n            <\/a>\n        <\/div>\n\t\t\t\t\t\t\t<\/div> \n\t\t\t\n\t\n\t<br style=\"clear: both\" \/>\n\n\t\t<div class=\"slideshowlink\">\n        <a href='https:\/\/fotorosta.cz\/index.php\/nggallery\/slideshow?page_id=148'>[Show as slideshow]<\/a>\n\t\t\n\t<\/div>\n\t\n\t\t<div class=\"ngg-clear\"><\/div>\n\t<\/div>\n\n<\/p>\n<h2>\n\tKde sme boli my, boli ste i vy &#8211; Vl\u010dnov, Doln&yacute; Kub&iacute;n<br \/>\n<\/h2>\n<!-- default-view.php -->\n<div\n\tclass=\"ngg-galleryoverview default-view  ngg-ajax-pagination-none\"\n\tid=\"ngg-gallery-0b85a6e670ac976097635f548566e02b-1\">\n\n\t\t<!-- Thumbnails -->\n\t\t\t\t<div id=\"ngg-image-0\" class=\"ngg-gallery-thumbnail-box \" >\n\t\t\t\t        <div class=\"ngg-gallery-thumbnail\">\n            <a href=\"https:\/\/fotorosta.cz\/wp-content\/gallery\/vystava-dolny-kubin-2013\/dsc_0016.jpg\"\n               title=\"\"\n               data-src=\"https:\/\/fotorosta.cz\/wp-content\/gallery\/vystava-dolny-kubin-2013\/dsc_0016.jpg\"\n               data-thumbnail=\"https:\/\/fotorosta.cz\/wp-content\/gallery\/vystava-dolny-kubin-2013\/thumbs\/thumbs_dsc_0016.jpg\"\n               data-image-id=\"1378\"\n               data-title=\"dsc_0016\"\n               data-description=\"\"\n               data-image-slug=\"dsc_0016\"\n               class=\"shutterset_0b85a6e670ac976097635f548566e02b\">\n                <img\n                    title=\"dsc_0016\"\n                    alt=\"dsc_0016\"\n                    src=\"https:\/\/fotorosta.cz\/wp-content\/gallery\/vystava-dolny-kubin-2013\/thumbs\/thumbs_dsc_0016.jpg\"\n                    width=\"100\"\n                    height=\"75\"\n                    style=\"max-width:100%;\"\n                \/>\n            <\/a>\n        <\/div>\n\t\t\t\t\t\t\t<\/div> \n\t\t\t\n\t\t\t\t<div id=\"ngg-image-1\" class=\"ngg-gallery-thumbnail-box \" >\n\t\t\t\t        <div class=\"ngg-gallery-thumbnail\">\n            <a href=\"https:\/\/fotorosta.cz\/wp-content\/gallery\/vystava-dolny-kubin-2013\/dsc_0020.jpg\"\n               title=\"\"\n               data-src=\"https:\/\/fotorosta.cz\/wp-content\/gallery\/vystava-dolny-kubin-2013\/dsc_0020.jpg\"\n               data-thumbnail=\"https:\/\/fotorosta.cz\/wp-content\/gallery\/vystava-dolny-kubin-2013\/thumbs\/thumbs_dsc_0020.jpg\"\n               data-image-id=\"1379\"\n               data-title=\"dsc_0020\"\n               data-description=\"\"\n               data-image-slug=\"dsc_0020\"\n               class=\"shutterset_0b85a6e670ac976097635f548566e02b\">\n                <img\n                    title=\"dsc_0020\"\n                    alt=\"dsc_0020\"\n                    src=\"https:\/\/fotorosta.cz\/wp-content\/gallery\/vystava-dolny-kubin-2013\/thumbs\/thumbs_dsc_0020.jpg\"\n                    width=\"100\"\n                    height=\"75\"\n                    style=\"max-width:100%;\"\n                \/>\n            <\/a>\n        <\/div>\n\t\t\t\t\t\t\t<\/div> \n\t\t\t\n\t\t\t\t<div id=\"ngg-image-2\" class=\"ngg-gallery-thumbnail-box \" >\n\t\t\t\t        <div class=\"ngg-gallery-thumbnail\">\n            <a href=\"https:\/\/fotorosta.cz\/wp-content\/gallery\/vystava-dolny-kubin-2013\/dsc_0066.jpg\"\n               title=\"\"\n               data-src=\"https:\/\/fotorosta.cz\/wp-content\/gallery\/vystava-dolny-kubin-2013\/dsc_0066.jpg\"\n               data-thumbnail=\"https:\/\/fotorosta.cz\/wp-content\/gallery\/vystava-dolny-kubin-2013\/thumbs\/thumbs_dsc_0066.jpg\"\n               data-image-id=\"1380\"\n               data-title=\"dsc_0066\"\n               data-description=\"\"\n               data-image-slug=\"dsc_0066-2\"\n               class=\"shutterset_0b85a6e670ac976097635f548566e02b\">\n                <img\n                    title=\"dsc_0066\"\n                    alt=\"dsc_0066\"\n                    src=\"https:\/\/fotorosta.cz\/wp-content\/gallery\/vystava-dolny-kubin-2013\/thumbs\/thumbs_dsc_0066.jpg\"\n                    width=\"100\"\n                    height=\"75\"\n                    style=\"max-width:100%;\"\n                \/>\n            <\/a>\n        <\/div>\n\t\t\t\t\t\t\t<\/div> \n\t\t\t\n\t\t\t\t<div id=\"ngg-image-3\" class=\"ngg-gallery-thumbnail-box \" >\n\t\t\t\t        <div class=\"ngg-gallery-thumbnail\">\n            <a href=\"https:\/\/fotorosta.cz\/wp-content\/gallery\/vystava-dolny-kubin-2013\/dsc_0185.jpg\"\n               title=\"\"\n               data-src=\"https:\/\/fotorosta.cz\/wp-content\/gallery\/vystava-dolny-kubin-2013\/dsc_0185.jpg\"\n               data-thumbnail=\"https:\/\/fotorosta.cz\/wp-content\/gallery\/vystava-dolny-kubin-2013\/thumbs\/thumbs_dsc_0185.jpg\"\n               data-image-id=\"1381\"\n               data-title=\"dsc_0185\"\n               data-description=\"\"\n               data-image-slug=\"dsc_0185-2\"\n               class=\"shutterset_0b85a6e670ac976097635f548566e02b\">\n                <img\n                    title=\"dsc_0185\"\n                    alt=\"dsc_0185\"\n                    src=\"https:\/\/fotorosta.cz\/wp-content\/gallery\/vystava-dolny-kubin-2013\/thumbs\/thumbs_dsc_0185.jpg\"\n                    width=\"100\"\n                    height=\"75\"\n                    style=\"max-width:100%;\"\n                \/>\n            <\/a>\n        <\/div>\n\t\t\t\t\t\t\t<\/div> \n\t\t\t\n\t\t\t\t<div id=\"ngg-image-4\" class=\"ngg-gallery-thumbnail-box \" >\n\t\t\t\t        <div class=\"ngg-gallery-thumbnail\">\n            <a href=\"https:\/\/fotorosta.cz\/wp-content\/gallery\/vystava-dolny-kubin-2013\/dsc_0219.jpg\"\n               title=\"\"\n               data-src=\"https:\/\/fotorosta.cz\/wp-content\/gallery\/vystava-dolny-kubin-2013\/dsc_0219.jpg\"\n               data-thumbnail=\"https:\/\/fotorosta.cz\/wp-content\/gallery\/vystava-dolny-kubin-2013\/thumbs\/thumbs_dsc_0219.jpg\"\n               data-image-id=\"1382\"\n               data-title=\"dsc_0219\"\n               data-description=\"\"\n               data-image-slug=\"dsc_0219-2\"\n               class=\"shutterset_0b85a6e670ac976097635f548566e02b\">\n                <img\n                    title=\"dsc_0219\"\n                    alt=\"dsc_0219\"\n                    src=\"https:\/\/fotorosta.cz\/wp-content\/gallery\/vystava-dolny-kubin-2013\/thumbs\/thumbs_dsc_0219.jpg\"\n                    width=\"100\"\n                    height=\"75\"\n                    style=\"max-width:100%;\"\n                \/>\n            <\/a>\n        <\/div>\n\t\t\t\t\t\t\t<\/div> \n\t\t\t\n\t\t\t\t<div id=\"ngg-image-5\" class=\"ngg-gallery-thumbnail-box \" >\n\t\t\t\t        <div class=\"ngg-gallery-thumbnail\">\n            <a href=\"https:\/\/fotorosta.cz\/wp-content\/gallery\/vystava-dolny-kubin-2013\/dsc_0221.jpg\"\n               title=\"\"\n               data-src=\"https:\/\/fotorosta.cz\/wp-content\/gallery\/vystava-dolny-kubin-2013\/dsc_0221.jpg\"\n               data-thumbnail=\"https:\/\/fotorosta.cz\/wp-content\/gallery\/vystava-dolny-kubin-2013\/thumbs\/thumbs_dsc_0221.jpg\"\n               data-image-id=\"1383\"\n               data-title=\"dsc_0221\"\n               data-description=\"\"\n               data-image-slug=\"dsc_0221-2\"\n               class=\"shutterset_0b85a6e670ac976097635f548566e02b\">\n                <img\n                    title=\"dsc_0221\"\n                    alt=\"dsc_0221\"\n                    src=\"https:\/\/fotorosta.cz\/wp-content\/gallery\/vystava-dolny-kubin-2013\/thumbs\/thumbs_dsc_0221.jpg\"\n                    width=\"100\"\n                    height=\"75\"\n                    style=\"max-width:100%;\"\n                \/>\n            <\/a>\n        <\/div>\n\t\t\t\t\t\t\t<\/div> \n\t\t\t\n\t\n\t<br style=\"clear: both\" \/>\n\n\t\t<div class=\"slideshowlink\">\n        <a href='https:\/\/fotorosta.cz\/index.php\/nggallery\/slideshow?page_id=148'>[Show as slideshow]<\/a>\n\t\t\n\t<\/div>\n\t\n\t\t<div class=\"ngg-clear\"><\/div>\n\t<\/div>\n\n","protected":false},"excerpt":{"rendered":"<p>Ohl&eacute;dnut&iacute; 2013 | bilan\u010dn&iacute; v&yacute;stava fotografi&iacute; &nbsp;Ru\u017eomberok&nbsp; 2013 &nbsp; &#8212;&#8212;&#8212;&#8212;&#8212;&#8212;&#8212;&#8212;&#8212;&#8212;&#8212;&#8212;&#8212;&#8212;&#8212;&#8212;&#8212;&#8212;&#8212;&#8212;&#8212;&#8212;&#8212;&#8212;&#8212;&#8212;&#8212;&#8212;&#8212;&#8212;&#8212; U n&aacute;s ve Vl\u010dnov\u011b 2013 v&yacute;stava velkoform&aacute;tov&yacute;ch fotografi&iacute; s tradi\u010dn&iacute; t&eacute;matikou. Kde sme boli my, boli ste i vy &#8211; Vl\u010dnov, Doln&yacute; Kub&iacute;n<\/p>\n","protected":false},"author":1,"featured_media":0,"parent":0,"menu_order":8,"comment_status":"open","ping_status":"open","template":"","meta":{"ngg_post_thumbnail":0},"_links":{"self":[{"href":"https:\/\/fotorosta.cz\/index.php?rest_route=\/wp\/v2\/pages\/148"}],"collection":[{"href":"https:\/\/fotorosta.cz\/index.php?rest_route=\/wp\/v2\/pages"}],"about":[{"href":"https:\/\/fotorosta.cz\/index.php?rest_route=\/wp\/v2\/types\/page"}],"author":[{"embeddable":true,"href":"https:\/\/fotorosta.cz\/index.php?rest_route=\/wp\/v2\/users\/1"}],"replies":[{"embeddable":true,"href":"https:\/\/fotorosta.cz\/index.php?rest_route=%2Fwp%2Fv2%2Fcomments&post=148"}],"version-history":[{"count":14,"href":"https:\/\/fotorosta.cz\/index.php?rest_route=\/wp\/v2\/pages\/148\/revisions"}],"predecessor-version":[{"id":3976,"href":"https:\/\/fotorosta.cz\/index.php?rest_route=\/wp\/v2\/pages\/148\/revisions\/3976"}],"wp:attachment":[{"href":"https:\/\/fotorosta.cz\/index.php?rest_route=%2Fwp%2Fv2%2Fmedia&parent=148"}],"curies":[{"name":"wp","href":"https:\/\/api.w.org\/{rel}","templated":true}]}}